{"id":7889,"date":"2025-03-27T09:08:09","date_gmt":"2025-03-27T08:08:09","guid":{"rendered":"https:\/\/harmoniemontreux.ch\/?page_id=7889"},"modified":"2026-03-04T18:48:06","modified_gmt":"2026-03-04T17:48:06","slug":"a-propos-cmmc","status":"publish","type":"page","link":"https:\/\/harmoniemontreux.ch\/index.php\/a-propos-cmmc\/","title":{"rendered":"A propos"},"content":{"rendered":"\t\t<div data-elementor-type=\"wp-page\" data-elementor-id=\"7889\" class=\"elementor elementor-7889\">\n\t\t\t\t<div class=\"elementor-element elementor-element-8d72fb3 e-con-full e-flex e-con e-parent\" data-id=\"8d72fb3\" data-element_type=\"container\" data-e-type=\"container\" data-settings=\"{&quot;background_background&quot;:&quot;slideshow&quot;,&quot;background_slideshow_gallery&quot;:[{&quot;id&quot;:6312,&quot;url&quot;:&quot;https:\\\/\\\/www.harmoniemontreux.ch\\\/wp-content\\\/uploads\\\/2022\\\/10\\\/homepage-copy.jpg&quot;}],&quot;shape_divider_bottom&quot;:&quot;mountains&quot;,&quot;background_slideshow_loop&quot;:&quot;yes&quot;,&quot;background_slideshow_slide_duration&quot;:5000,&quot;background_slideshow_slide_transition&quot;:&quot;fade&quot;,&quot;background_slideshow_transition_duration&quot;:500}\">\n\t\t\t\t<div class=\"elementor-shape elementor-shape-bottom\" aria-hidden=\"true\" data-negative=\"false\">\n\t\t\t<svg xmlns=\"http:\/\/www.w3.org\/2000\/svg\" viewBox=\"0 0 1000 100\" preserveAspectRatio=\"none\">\n\t<path class=\"elementor-shape-fill\" opacity=\"0.33\" d=\"M473,67.3c-203.9,88.3-263.1-34-320.3,0C66,119.1,0,59.7,0,59.7V0h1000v59.7 c0,0-62.1,26.1-94.9,29.3c-32.8,3.3-62.8-12.3-75.8-22.1C806,49.6,745.3,8.7,694.9,4.7S492.4,59,473,67.3z\"\/>\n\t<path class=\"elementor-shape-fill\" opacity=\"0.66\" d=\"M734,67.3c-45.5,0-77.2-23.2-129.1-39.1c-28.6-8.7-150.3-10.1-254,39.1 s-91.7-34.4-149.2,0C115.7,118.3,0,39.8,0,39.8V0h1000v36.5c0,0-28.2-18.5-92.1-18.5C810.2,18.1,775.7,67.3,734,67.3z\"\/>\n\t<path class=\"elementor-shape-fill\" d=\"M766.1,28.9c-200-57.5-266,65.5-395.1,19.5C242,1.8,242,5.4,184.8,20.6C128,35.8,132.3,44.9,89.9,52.5C28.6,63.7,0,0,0,0 h1000c0,0-9.9,40.9-83.6,48.1S829.6,47,766.1,28.9z\"\/>\n<\/svg>\t\t<\/div>\n\t\t\t\t<div class=\"elementor-element elementor-element-d43a2c4 elementor-invisible elementor-widget elementor-widget-heading\" data-id=\"d43a2c4\" data-element_type=\"widget\" data-e-type=\"widget\" data-settings=\"{&quot;_animation&quot;:&quot;fadeInDown&quot;}\" data-widget_type=\"heading.default\">\n\t\t\t\t<div class=\"elementor-widget-container\">\n\t\t\t\t\t<h1 class=\"elementor-heading-title elementor-size-default\">A PROPOS<\/h1>\t\t\t\t<\/div>\n\t\t\t\t<\/div>\n\t\t\t\t<div class=\"elementor-element elementor-element-5f3c5c0 elementor-invisible elementor-widget elementor-widget-heading\" data-id=\"5f3c5c0\" data-element_type=\"widget\" data-e-type=\"widget\" data-settings=\"{&quot;_animation&quot;:&quot;fadeInUp&quot;}\" data-widget_type=\"heading.default\">\n\t\t\t\t<div class=\"elementor-widget-container\">\n\t\t\t\t\t<h2 class=\"elementor-heading-title elementor-size-default\">HARMONIE MUNICIPALE<\/h2>\t\t\t\t<\/div>\n\t\t\t\t<\/div>\n\t\t\t\t<div class=\"elementor-element elementor-element-72a99ff animated-slow elementor-invisible elementor-widget elementor-widget-image\" data-id=\"72a99ff\" data-element_type=\"widget\" data-e-type=\"widget\" data-settings=\"{&quot;_animation&quot;:&quot;fadeIn&quot;}\" data-widget_type=\"image.default\">\n\t\t\t\t<div class=\"elementor-widget-container\">\n\t\t\t\t\t\t\t\t\t\t\t\t\t\t\t<img decoding=\"async\" width=\"60\" height=\"75\" src=\"https:\/\/harmoniemontreux.ch\/wp-content\/uploads\/2025\/03\/logo_ecusson_commune_montreux_cmmc.png\" class=\"attachment-thumbnail size-thumbnail wp-image-7565\" alt=\"\" \/>\t\t\t\t\t\t\t\t\t\t\t\t\t\t\t<\/div>\n\t\t\t\t<\/div>\n\t\t\t\t<\/div>\n\t\t<div class=\"elementor-element elementor-element-6b1c808 e-flex e-con-boxed e-con e-parent\" data-id=\"6b1c808\" data-element_type=\"container\" data-e-type=\"container\" data-settings=\"{&quot;background_background&quot;:&quot;classic&quot;}\">\n\t\t\t\t\t<div class=\"e-con-inner\">\n\t\t\t\t<div class=\"elementor-element elementor-element-e6610be elementor-invisible elementor-widget elementor-widget-heading\" data-id=\"e6610be\" data-element_type=\"widget\" data-e-type=\"widget\" data-settings=\"{&quot;_animation&quot;:&quot;fadeInUp&quot;}\" data-widget_type=\"heading.default\">\n\t\t\t\t<div class=\"elementor-widget-container\">\n\t\t\t\t\t<h2 class=\"elementor-heading-title elementor-size-default\">QUI sommes-nous?<\/h2>\t\t\t\t<\/div>\n\t\t\t\t<\/div>\n\t\t\t\t\t<\/div>\n\t\t\t\t<\/div>\n\t\t<div class=\"elementor-element elementor-element-c8e1306 e-flex e-con-boxed e-con e-parent\" data-id=\"c8e1306\" data-element_type=\"container\" data-e-type=\"container\" data-settings=\"{&quot;background_background&quot;:&quot;classic&quot;}\">\n\t\t\t\t\t<div class=\"e-con-inner\">\n\t\t\t\t<div class=\"elementor-element elementor-element-a2084d0 elementor-invisible elementor-widget elementor-widget-text-editor\" data-id=\"a2084d0\" data-element_type=\"widget\" data-e-type=\"widget\" data-settings=\"{&quot;_animation&quot;:&quot;fadeInUp&quot;}\" data-widget_type=\"text-editor.default\">\n\t\t\t\t<div class=\"elementor-widget-container\">\n\t\t\t\t\t\t\t\t\t<p>Le Corps de Musique est n\u00e9 de la fusion le 31 mars 2000 entre la Fanfare de l\u2019Avenir (cr\u00e9\u00e9e en 1912) et la Lyre de Montreux (cr\u00e9\u00e9e en 1878).<\/p><p>Le CMMC est une harmonie compos\u00e9e de 24 musiciens qui a pour but de favoriser le d\u00e9veloppement de la pratique musicale dans notre r\u00e9gion.<\/p>\t\t\t\t\t\t\t\t<\/div>\n\t\t\t\t<\/div>\n\t\t\t\t\t<\/div>\n\t\t\t\t<\/div>\n\t\t<div class=\"elementor-element elementor-element-7acbc33 e-flex e-con-boxed e-con e-parent\" data-id=\"7acbc33\" data-element_type=\"container\" data-e-type=\"container\" data-settings=\"{&quot;background_background&quot;:&quot;classic&quot;,&quot;shape_divider_bottom&quot;:&quot;mountains&quot;}\">\n\t\t\t\t\t<div class=\"e-con-inner\">\n\t\t\t\t<div class=\"elementor-shape elementor-shape-bottom\" aria-hidden=\"true\" data-negative=\"false\">\n\t\t\t<svg xmlns=\"http:\/\/www.w3.org\/2000\/svg\" viewBox=\"0 0 1000 100\" preserveAspectRatio=\"none\">\n\t<path class=\"elementor-shape-fill\" opacity=\"0.33\" d=\"M473,67.3c-203.9,88.3-263.1-34-320.3,0C66,119.1,0,59.7,0,59.7V0h1000v59.7 c0,0-62.1,26.1-94.9,29.3c-32.8,3.3-62.8-12.3-75.8-22.1C806,49.6,745.3,8.7,694.9,4.7S492.4,59,473,67.3z\"\/>\n\t<path class=\"elementor-shape-fill\" opacity=\"0.66\" d=\"M734,67.3c-45.5,0-77.2-23.2-129.1-39.1c-28.6-8.7-150.3-10.1-254,39.1 s-91.7-34.4-149.2,0C115.7,118.3,0,39.8,0,39.8V0h1000v36.5c0,0-28.2-18.5-92.1-18.5C810.2,18.1,775.7,67.3,734,67.3z\"\/>\n\t<path class=\"elementor-shape-fill\" d=\"M766.1,28.9c-200-57.5-266,65.5-395.1,19.5C242,1.8,242,5.4,184.8,20.6C128,35.8,132.3,44.9,89.9,52.5C28.6,63.7,0,0,0,0 h1000c0,0-9.9,40.9-83.6,48.1S829.6,47,766.1,28.9z\"\/>\n<\/svg>\t\t<\/div>\n\t\t\t\t\t<\/div>\n\t\t\t\t<\/div>\n\t\t<div class=\"elementor-element elementor-element-ae2c08a e-flex e-con-boxed e-con e-parent\" data-id=\"ae2c08a\" data-element_type=\"container\" data-e-type=\"container\">\n\t\t\t\t\t<div class=\"e-con-inner\">\n\t\t\t\t<div class=\"elementor-element elementor-element-efdce15 elementor-widget elementor-widget-image\" data-id=\"efdce15\" data-element_type=\"widget\" data-e-type=\"widget\" data-widget_type=\"image.default\">\n\t\t\t\t<div class=\"elementor-widget-container\">\n\t\t\t\t\t\t\t\t\t\t\t\t\t\t\t<img decoding=\"async\" width=\"242\" height=\"153\" src=\"https:\/\/harmoniemontreux.ch\/wp-content\/uploads\/2025\/03\/image-ronde.png\" class=\"attachment-large size-large wp-image-7891\" alt=\"\" \/>\t\t\t\t\t\t\t\t\t\t\t\t\t\t\t<\/div>\n\t\t\t\t<\/div>\n\t\t\t\t<div class=\"elementor-element elementor-element-6fda35c elementor-widget elementor-widget-heading\" data-id=\"6fda35c\" data-element_type=\"widget\" data-e-type=\"widget\" data-widget_type=\"heading.default\">\n\t\t\t\t<div class=\"elementor-widget-container\">\n\t\t\t\t\t<h2 class=\"elementor-heading-title elementor-size-default\">les d\u00e9buts<\/h2>\t\t\t\t<\/div>\n\t\t\t\t<\/div>\n\t\t\t\t<div class=\"elementor-element elementor-element-5ca6bc4 elementor-widget elementor-widget-text-editor\" data-id=\"5ca6bc4\" data-element_type=\"widget\" data-e-type=\"widget\" data-widget_type=\"text-editor.default\">\n\t\t\t\t<div class=\"elementor-widget-container\">\n\t\t\t\t\t\t\t\t\t<p>En d\u00e9cembre 2000, lors de notre concert annuel au centre des congr\u00e8s, nous avons inaugur\u00e9 notre nouvelle banni\u00e8re.<\/p><p>En mai 2002, nous avons eu le plaisir sous un soleil radieux avec un cort\u00e8ge menant de Clarens \u00e0 Montreux, d\u2019inaugurer nos nouveaux uniformes.<\/p><p>Pour f\u00eater notre 5\u00e8me anniversaire, nous avons organis\u00e9 le giron des musiques du district d\u2019Aigle.<\/p>\t\t\t\t\t\t\t\t<\/div>\n\t\t\t\t<\/div>\n\t\t\t\t\t<\/div>\n\t\t\t\t<\/div>\n\t\t<div class=\"elementor-element elementor-element-0fd13a4 e-con-full e-flex e-con e-parent\" data-id=\"0fd13a4\" data-element_type=\"container\" data-e-type=\"container\" data-settings=\"{&quot;background_background&quot;:&quot;classic&quot;,&quot;shape_divider_bottom&quot;:&quot;mountains&quot;,&quot;shape_divider_top&quot;:&quot;mountains&quot;}\">\n\t\t\t\t<div class=\"elementor-shape elementor-shape-top\" aria-hidden=\"true\" data-negative=\"false\">\n\t\t\t<svg xmlns=\"http:\/\/www.w3.org\/2000\/svg\" viewBox=\"0 0 1000 100\" preserveAspectRatio=\"none\">\n\t<path class=\"elementor-shape-fill\" opacity=\"0.33\" d=\"M473,67.3c-203.9,88.3-263.1-34-320.3,0C66,119.1,0,59.7,0,59.7V0h1000v59.7 c0,0-62.1,26.1-94.9,29.3c-32.8,3.3-62.8-12.3-75.8-22.1C806,49.6,745.3,8.7,694.9,4.7S492.4,59,473,67.3z\"\/>\n\t<path class=\"elementor-shape-fill\" opacity=\"0.66\" d=\"M734,67.3c-45.5,0-77.2-23.2-129.1-39.1c-28.6-8.7-150.3-10.1-254,39.1 s-91.7-34.4-149.2,0C115.7,118.3,0,39.8,0,39.8V0h1000v36.5c0,0-28.2-18.5-92.1-18.5C810.2,18.1,775.7,67.3,734,67.3z\"\/>\n\t<path class=\"elementor-shape-fill\" d=\"M766.1,28.9c-200-57.5-266,65.5-395.1,19.5C242,1.8,242,5.4,184.8,20.6C128,35.8,132.3,44.9,89.9,52.5C28.6,63.7,0,0,0,0 h1000c0,0-9.9,40.9-83.6,48.1S829.6,47,766.1,28.9z\"\/>\n<\/svg>\t\t<\/div>\n\t\t\t\t<div class=\"elementor-shape elementor-shape-bottom\" aria-hidden=\"true\" data-negative=\"false\">\n\t\t\t<svg xmlns=\"http:\/\/www.w3.org\/2000\/svg\" viewBox=\"0 0 1000 100\" preserveAspectRatio=\"none\">\n\t<path class=\"elementor-shape-fill\" opacity=\"0.33\" d=\"M473,67.3c-203.9,88.3-263.1-34-320.3,0C66,119.1,0,59.7,0,59.7V0h1000v59.7 c0,0-62.1,26.1-94.9,29.3c-32.8,3.3-62.8-12.3-75.8-22.1C806,49.6,745.3,8.7,694.9,4.7S492.4,59,473,67.3z\"\/>\n\t<path class=\"elementor-shape-fill\" opacity=\"0.66\" d=\"M734,67.3c-45.5,0-77.2-23.2-129.1-39.1c-28.6-8.7-150.3-10.1-254,39.1 s-91.7-34.4-149.2,0C115.7,118.3,0,39.8,0,39.8V0h1000v36.5c0,0-28.2-18.5-92.1-18.5C810.2,18.1,775.7,67.3,734,67.3z\"\/>\n\t<path class=\"elementor-shape-fill\" d=\"M766.1,28.9c-200-57.5-266,65.5-395.1,19.5C242,1.8,242,5.4,184.8,20.6C128,35.8,132.3,44.9,89.9,52.5C28.6,63.7,0,0,0,0 h1000c0,0-9.9,40.9-83.6,48.1S829.6,47,766.1,28.9z\"\/>\n<\/svg>\t\t<\/div>\n\t\t\t\t<\/div>\n\t\t<div class=\"elementor-element elementor-element-61cd0af e-flex e-con-boxed e-con e-parent\" data-id=\"61cd0af\" data-element_type=\"container\" data-e-type=\"container\" data-settings=\"{&quot;background_background&quot;:&quot;classic&quot;}\">\n\t\t\t\t\t<div class=\"e-con-inner\">\n\t\t\t\t<div class=\"elementor-element elementor-element-7e05060 elementor-widget elementor-widget-image\" data-id=\"7e05060\" data-element_type=\"widget\" data-e-type=\"widget\" data-widget_type=\"image.default\">\n\t\t\t\t<div class=\"elementor-widget-container\">\n\t\t\t\t\t\t\t\t\t\t\t\t\t\t\t<img fetchpriority=\"high\" decoding=\"async\" width=\"300\" height=\"201\" src=\"https:\/\/harmoniemontreux.ch\/wp-content\/uploads\/2025\/03\/img_1248118182_967_lg-300x201-1.jpg\" class=\"attachment-large size-large wp-image-7895\" alt=\"\" \/>\t\t\t\t\t\t\t\t\t\t\t\t\t\t\t<\/div>\n\t\t\t\t<\/div>\n\t\t\t\t<div class=\"elementor-element elementor-element-950c1fc elementor-widget elementor-widget-heading\" data-id=\"950c1fc\" data-element_type=\"widget\" data-e-type=\"widget\" data-widget_type=\"heading.default\">\n\t\t\t\t<div class=\"elementor-widget-container\">\n\t\t\t\t\t<h2 class=\"elementor-heading-title elementor-size-default\">Ensuite<\/h2>\t\t\t\t<\/div>\n\t\t\t\t<\/div>\n\t\t\t\t\t<\/div>\n\t\t\t\t<\/div>\n\t\t<div class=\"elementor-element elementor-element-403a178 e-flex e-con-boxed e-con e-parent\" data-id=\"403a178\" data-element_type=\"container\" data-e-type=\"container\" data-settings=\"{&quot;background_background&quot;:&quot;classic&quot;}\">\n\t\t\t\t\t<div class=\"e-con-inner\">\n\t\t\t\t<div class=\"elementor-element elementor-element-ff51515 elementor-widget elementor-widget-text-editor\" data-id=\"ff51515\" data-element_type=\"widget\" data-e-type=\"widget\" data-widget_type=\"text-editor.default\">\n\t\t\t\t<div class=\"elementor-widget-container\">\n\t\t\t\t\t\t\t\t\t<p>En mai 2008 nous avons organis\u00e9 avec succ\u00e8s la 26\u00e8me F\u00eate cantonale des Musiques Vaudoises.<\/p><p>Chaque ann\u00e9e \u00e0 la fin janvier\/d\u00e9but f\u00e9vrier, nous organisons notre concert annuel. Nos autres activit\u00e9s sont des concerts dans diverses f\u00eates et manifestations organis\u00e9es \u00e0 Montreux et dans les environs, ainsi que notre participation au Giron du District d\u2019Aigle.<\/p><p>En juin 2016, en collaboration avec la Lyre de Vevey, la fanfare de Chardonne-Jongny, la Soci\u00e9t\u00e9 de Musique de St. L\u00e9gier, l\u2019Amicale Fanfare de l\u2019Automne de Blonay et l\u2019Echo des Alpes de Glion, nous avons organis\u00e9 la 34\u00e8me F\u00eate f\u00e9d\u00e9rale de la musique.<\/p>\t\t\t\t\t\t\t\t<\/div>\n\t\t\t\t<\/div>\n\t\t\t\t\t<\/div>\n\t\t\t\t<\/div>\n\t\t\t\t<\/div>\n\t\t","protected":false},"excerpt":{"rendered":"<p>A PROPOS HARMONIE MUNICIPALE QUI sommes-nous? Le Corps de Musique est n\u00e9 de la fusion le 31 mars 2000 entre la Fanfare de l\u2019Avenir (cr\u00e9\u00e9e en 1912) et la Lyre de Montreux (cr\u00e9\u00e9e en 1878). Le CMMC est une harmonie compos\u00e9e de 24 musiciens qui a pour but de favoriser le d\u00e9veloppement de la pratique [&hellip;]<\/p>\n","protected":false},"author":51,"featured_media":0,"parent":0,"menu_order":0,"comment_status":"closed","ping_status":"closed","template":"elementor_header_footer","meta":{"footnotes":""},"class_list":["post-7889","page","type-page","status-publish","hentry"],"yoast_head":"<!-- This site is optimized with the Yoast SEO plugin v28.4 - https:\/\/yoast.com\/product\/yoast-seo-wordpress\/ -->\n<title>A propos - CMMC Harmonie Montreux<\/title>\n<meta name=\"robots\" content=\"index, follow, max-snippet:-1, max-image-preview:large, max-video-preview:-1\" \/>\n<link rel=\"canonical\" href=\"https:\/\/harmoniemontreux.ch\/index.php\/a-propos-cmmc\/\" \/>\n<meta property=\"og:locale\" content=\"fr_FR\" \/>\n<meta property=\"og:type\" content=\"article\" \/>\n<meta property=\"og:title\" content=\"A propos - CMMC Harmonie Montreux\" \/>\n<meta property=\"og:description\" content=\"A PROPOS HARMONIE MUNICIPALE QUI sommes-nous? Le Corps de Musique est n\u00e9 de la fusion le 31 mars 2000 entre la Fanfare de l\u2019Avenir (cr\u00e9\u00e9e en 1912) et la Lyre de Montreux (cr\u00e9\u00e9e en 1878). Le CMMC est une harmonie compos\u00e9e de 24 musiciens qui a pour but de favoriser le d\u00e9veloppement de la pratique [&hellip;]\" \/>\n<meta property=\"og:url\" content=\"https:\/\/harmoniemontreux.ch\/index.php\/a-propos-cmmc\/\" \/>\n<meta property=\"og:site_name\" content=\"CMMC Harmonie Montreux\" \/>\n<meta property=\"article:publisher\" content=\"https:\/\/www.facebook.com\/groups\/1606446626347473\" \/>\n<meta property=\"article:modified_time\" content=\"2026-03-04T17:48:06+00:00\" \/>\n<meta property=\"og:image\" content=\"https:\/\/harmoniemontreux.ch\/wp-content\/uploads\/2025\/03\/logo_ecusson_commune_montreux_cmmc.png\" \/>\n\t<meta property=\"og:image:width\" content=\"60\" \/>\n\t<meta property=\"og:image:height\" content=\"75\" \/>\n\t<meta property=\"og:image:type\" content=\"image\/png\" \/>\n<meta name=\"twitter:card\" content=\"summary_large_image\" \/>\n<meta name=\"twitter:label1\" content=\"Dur\u00e9e de lecture estim\u00e9e\" \/>\n\t<meta name=\"twitter:data1\" content=\"2 minutes\" \/>\n<script type=\"application\/ld+json\" class=\"yoast-schema-graph\">{\"@context\":\"https:\\\/\\\/schema.org\",\"@graph\":[{\"@type\":\"WebPage\",\"@id\":\"https:\\\/\\\/harmoniemontreux.ch\\\/index.php\\\/a-propos-cmmc\\\/\",\"url\":\"https:\\\/\\\/harmoniemontreux.ch\\\/index.php\\\/a-propos-cmmc\\\/\",\"name\":\"A propos - CMMC Harmonie Montreux\",\"isPartOf\":{\"@id\":\"https:\\\/\\\/harmoniemontreux.ch\\\/#website\"},\"primaryImageOfPage\":{\"@id\":\"https:\\\/\\\/harmoniemontreux.ch\\\/index.php\\\/a-propos-cmmc\\\/#primaryimage\"},\"image\":{\"@id\":\"https:\\\/\\\/harmoniemontreux.ch\\\/index.php\\\/a-propos-cmmc\\\/#primaryimage\"},\"thumbnailUrl\":\"https:\\\/\\\/harmoniemontreux.ch\\\/wp-content\\\/uploads\\\/2025\\\/03\\\/logo_ecusson_commune_montreux_cmmc.png\",\"datePublished\":\"2025-03-27T08:08:09+00:00\",\"dateModified\":\"2026-03-04T17:48:06+00:00\",\"breadcrumb\":{\"@id\":\"https:\\\/\\\/harmoniemontreux.ch\\\/index.php\\\/a-propos-cmmc\\\/#breadcrumb\"},\"inLanguage\":\"fr-FR\",\"potentialAction\":[{\"@type\":\"ReadAction\",\"target\":[\"https:\\\/\\\/harmoniemontreux.ch\\\/index.php\\\/a-propos-cmmc\\\/\"]}]},{\"@type\":\"ImageObject\",\"inLanguage\":\"fr-FR\",\"@id\":\"https:\\\/\\\/harmoniemontreux.ch\\\/index.php\\\/a-propos-cmmc\\\/#primaryimage\",\"url\":\"https:\\\/\\\/harmoniemontreux.ch\\\/wp-content\\\/uploads\\\/2025\\\/03\\\/logo_ecusson_commune_montreux_cmmc.png\",\"contentUrl\":\"https:\\\/\\\/harmoniemontreux.ch\\\/wp-content\\\/uploads\\\/2025\\\/03\\\/logo_ecusson_commune_montreux_cmmc.png\",\"width\":60,\"height\":75},{\"@type\":\"BreadcrumbList\",\"@id\":\"https:\\\/\\\/harmoniemontreux.ch\\\/index.php\\\/a-propos-cmmc\\\/#breadcrumb\",\"itemListElement\":[{\"@type\":\"ListItem\",\"position\":1,\"name\":\"Accueil\",\"item\":\"https:\\\/\\\/harmoniemontreux.ch\\\/\"},{\"@type\":\"ListItem\",\"position\":2,\"name\":\"A propos\"}]},{\"@type\":\"WebSite\",\"@id\":\"https:\\\/\\\/harmoniemontreux.ch\\\/#website\",\"url\":\"https:\\\/\\\/harmoniemontreux.ch\\\/\",\"name\":\"CMMC Harmonie Montreux\",\"description\":\"Corps de Musique de Montreux-Clarens\",\"publisher\":{\"@id\":\"https:\\\/\\\/harmoniemontreux.ch\\\/#organization\"},\"potentialAction\":[{\"@type\":\"SearchAction\",\"target\":{\"@type\":\"EntryPoint\",\"urlTemplate\":\"https:\\\/\\\/harmoniemontreux.ch\\\/?s={search_term_string}\"},\"query-input\":{\"@type\":\"PropertyValueSpecification\",\"valueRequired\":true,\"valueName\":\"search_term_string\"}}],\"inLanguage\":\"fr-FR\"},{\"@type\":\"Organization\",\"@id\":\"https:\\\/\\\/harmoniemontreux.ch\\\/#organization\",\"name\":\"CMMC Harmonie Montreux\",\"url\":\"https:\\\/\\\/harmoniemontreux.ch\\\/\",\"logo\":{\"@type\":\"ImageObject\",\"inLanguage\":\"fr-FR\",\"@id\":\"https:\\\/\\\/harmoniemontreux.ch\\\/#\\\/schema\\\/logo\\\/image\\\/\",\"url\":\"https:\\\/\\\/harmoniemontreux.ch\\\/wp-content\\\/uploads\\\/2025\\\/08\\\/logo_harmonie_montreux_cmmc_web-mini.png\",\"contentUrl\":\"https:\\\/\\\/harmoniemontreux.ch\\\/wp-content\\\/uploads\\\/2025\\\/08\\\/logo_harmonie_montreux_cmmc_web-mini.png\",\"width\":167,\"height\":167,\"caption\":\"CMMC Harmonie Montreux\"},\"image\":{\"@id\":\"https:\\\/\\\/harmoniemontreux.ch\\\/#\\\/schema\\\/logo\\\/image\\\/\"},\"sameAs\":[\"https:\\\/\\\/www.facebook.com\\\/groups\\\/1606446626347473\",\"https:\\\/\\\/www.instagram.com\\\/cmmc_harmoniemontreux\\\/\"]}]}<\/script>\n<!-- \/ Yoast SEO plugin. -->","yoast_head_json":{"title":"A propos - CMMC Harmonie Montreux","robots":{"index":"index","follow":"follow","max-snippet":"max-snippet:-1","max-image-preview":"max-image-preview:large","max-video-preview":"max-video-preview:-1"},"canonical":"https:\/\/harmoniemontreux.ch\/index.php\/a-propos-cmmc\/","og_locale":"fr_FR","og_type":"article","og_title":"A propos - CMMC Harmonie Montreux","og_description":"A PROPOS HARMONIE MUNICIPALE QUI sommes-nous? Le Corps de Musique est n\u00e9 de la fusion le 31 mars 2000 entre la Fanfare de l\u2019Avenir (cr\u00e9\u00e9e en 1912) et la Lyre de Montreux (cr\u00e9\u00e9e en 1878). Le CMMC est une harmonie compos\u00e9e de 24 musiciens qui a pour but de favoriser le d\u00e9veloppement de la pratique [&hellip;]","og_url":"https:\/\/harmoniemontreux.ch\/index.php\/a-propos-cmmc\/","og_site_name":"CMMC Harmonie Montreux","article_publisher":"https:\/\/www.facebook.com\/groups\/1606446626347473","article_modified_time":"2026-03-04T17:48:06+00:00","og_image":[{"width":60,"height":75,"url":"https:\/\/harmoniemontreux.ch\/wp-content\/uploads\/2025\/03\/logo_ecusson_commune_montreux_cmmc.png","type":"image\/png"}],"twitter_card":"summary_large_image","twitter_misc":{"Dur\u00e9e de lecture estim\u00e9e":"2 minutes"},"schema":{"@context":"https:\/\/schema.org","@graph":[{"@type":"WebPage","@id":"https:\/\/harmoniemontreux.ch\/index.php\/a-propos-cmmc\/","url":"https:\/\/harmoniemontreux.ch\/index.php\/a-propos-cmmc\/","name":"A propos - CMMC Harmonie Montreux","isPartOf":{"@id":"https:\/\/harmoniemontreux.ch\/#website"},"primaryImageOfPage":{"@id":"https:\/\/harmoniemontreux.ch\/index.php\/a-propos-cmmc\/#primaryimage"},"image":{"@id":"https:\/\/harmoniemontreux.ch\/index.php\/a-propos-cmmc\/#primaryimage"},"thumbnailUrl":"https:\/\/harmoniemontreux.ch\/wp-content\/uploads\/2025\/03\/logo_ecusson_commune_montreux_cmmc.png","datePublished":"2025-03-27T08:08:09+00:00","dateModified":"2026-03-04T17:48:06+00:00","breadcrumb":{"@id":"https:\/\/harmoniemontreux.ch\/index.php\/a-propos-cmmc\/#breadcrumb"},"inLanguage":"fr-FR","potentialAction":[{"@type":"ReadAction","target":["https:\/\/harmoniemontreux.ch\/index.php\/a-propos-cmmc\/"]}]},{"@type":"ImageObject","inLanguage":"fr-FR","@id":"https:\/\/harmoniemontreux.ch\/index.php\/a-propos-cmmc\/#primaryimage","url":"https:\/\/harmoniemontreux.ch\/wp-content\/uploads\/2025\/03\/logo_ecusson_commune_montreux_cmmc.png","contentUrl":"https:\/\/harmoniemontreux.ch\/wp-content\/uploads\/2025\/03\/logo_ecusson_commune_montreux_cmmc.png","width":60,"height":75},{"@type":"BreadcrumbList","@id":"https:\/\/harmoniemontreux.ch\/index.php\/a-propos-cmmc\/#breadcrumb","itemListElement":[{"@type":"ListItem","position":1,"name":"Accueil","item":"https:\/\/harmoniemontreux.ch\/"},{"@type":"ListItem","position":2,"name":"A propos"}]},{"@type":"WebSite","@id":"https:\/\/harmoniemontreux.ch\/#website","url":"https:\/\/harmoniemontreux.ch\/","name":"CMMC Harmonie Montreux","description":"Corps de Musique de Montreux-Clarens","publisher":{"@id":"https:\/\/harmoniemontreux.ch\/#organization"},"potentialAction":[{"@type":"SearchAction","target":{"@type":"EntryPoint","urlTemplate":"https:\/\/harmoniemontreux.ch\/?s={search_term_string}"},"query-input":{"@type":"PropertyValueSpecification","valueRequired":true,"valueName":"search_term_string"}}],"inLanguage":"fr-FR"},{"@type":"Organization","@id":"https:\/\/harmoniemontreux.ch\/#organization","name":"CMMC Harmonie Montreux","url":"https:\/\/harmoniemontreux.ch\/","logo":{"@type":"ImageObject","inLanguage":"fr-FR","@id":"https:\/\/harmoniemontreux.ch\/#\/schema\/logo\/image\/","url":"https:\/\/harmoniemontreux.ch\/wp-content\/uploads\/2025\/08\/logo_harmonie_montreux_cmmc_web-mini.png","contentUrl":"https:\/\/harmoniemontreux.ch\/wp-content\/uploads\/2025\/08\/logo_harmonie_montreux_cmmc_web-mini.png","width":167,"height":167,"caption":"CMMC Harmonie Montreux"},"image":{"@id":"https:\/\/harmoniemontreux.ch\/#\/schema\/logo\/image\/"},"sameAs":["https:\/\/www.facebook.com\/groups\/1606446626347473","https:\/\/www.instagram.com\/cmmc_harmoniemontreux\/"]}]}},"_links":{"self":[{"href":"https:\/\/harmoniemontreux.ch\/index.php\/wp-json\/wp\/v2\/pages\/7889","targetHints":{"allow":["GET"]}}],"collection":[{"href":"https:\/\/harmoniemontreux.ch\/index.php\/wp-json\/wp\/v2\/pages"}],"about":[{"href":"https:\/\/harmoniemontreux.ch\/index.php\/wp-json\/wp\/v2\/types\/page"}],"author":[{"embeddable":true,"href":"https:\/\/harmoniemontreux.ch\/index.php\/wp-json\/wp\/v2\/users\/51"}],"replies":[{"embeddable":true,"href":"https:\/\/harmoniemontreux.ch\/index.php\/wp-json\/wp\/v2\/comments?post=7889"}],"version-history":[{"count":22,"href":"https:\/\/harmoniemontreux.ch\/index.php\/wp-json\/wp\/v2\/pages\/7889\/revisions"}],"predecessor-version":[{"id":8385,"href":"https:\/\/harmoniemontreux.ch\/index.php\/wp-json\/wp\/v2\/pages\/7889\/revisions\/8385"}],"wp:attachment":[{"href":"https:\/\/harmoniemontreux.ch\/index.php\/wp-json\/wp\/v2\/media?parent=7889"}],"curies":[{"name":"wp","href":"https:\/\/api.w.org\/{rel}","templated":true}]}}