{"id":7697,"date":"2025-03-19T18:53:03","date_gmt":"2025-03-19T17:53:03","guid":{"rendered":"https:\/\/harmoniemontreux.ch\/?page_id=7697"},"modified":"2025-08-28T09:35:12","modified_gmt":"2025-08-28T08:35:12","slug":"comite-2","status":"publish","type":"page","link":"https:\/\/harmoniemontreux.ch\/index.php\/comite-2\/","title":{"rendered":"Comit\u00e9"},"content":{"rendered":"\t\t<div data-elementor-type=\"wp-page\" data-elementor-id=\"7697\" class=\"elementor elementor-7697\">\n\t\t\t\t<div class=\"elementor-element elementor-element-18882db e-con-full e-flex elementor-invisible e-con e-parent\" data-id=\"18882db\" data-element_type=\"container\" data-e-type=\"container\" data-settings=\"{&quot;background_background&quot;:&quot;slideshow&quot;,&quot;background_slideshow_gallery&quot;:[{&quot;id&quot;:6312,&quot;url&quot;:&quot;https:\\\/\\\/www.harmoniemontreux.ch\\\/wp-content\\\/uploads\\\/2022\\\/10\\\/homepage-copy.jpg&quot;}],&quot;shape_divider_bottom&quot;:&quot;mountains&quot;,&quot;animation&quot;:&quot;fadeIn&quot;,&quot;background_slideshow_loop&quot;:&quot;yes&quot;,&quot;background_slideshow_slide_duration&quot;:5000,&quot;background_slideshow_slide_transition&quot;:&quot;fade&quot;,&quot;background_slideshow_transition_duration&quot;:500}\">\n\t\t\t\t<div class=\"elementor-shape elementor-shape-bottom\" aria-hidden=\"true\" data-negative=\"false\">\n\t\t\t<svg xmlns=\"http:\/\/www.w3.org\/2000\/svg\" viewBox=\"0 0 1000 100\" preserveAspectRatio=\"none\">\n\t<path class=\"elementor-shape-fill\" opacity=\"0.33\" d=\"M473,67.3c-203.9,88.3-263.1-34-320.3,0C66,119.1,0,59.7,0,59.7V0h1000v59.7 c0,0-62.1,26.1-94.9,29.3c-32.8,3.3-62.8-12.3-75.8-22.1C806,49.6,745.3,8.7,694.9,4.7S492.4,59,473,67.3z\"\/>\n\t<path class=\"elementor-shape-fill\" opacity=\"0.66\" d=\"M734,67.3c-45.5,0-77.2-23.2-129.1-39.1c-28.6-8.7-150.3-10.1-254,39.1 s-91.7-34.4-149.2,0C115.7,118.3,0,39.8,0,39.8V0h1000v36.5c0,0-28.2-18.5-92.1-18.5C810.2,18.1,775.7,67.3,734,67.3z\"\/>\n\t<path class=\"elementor-shape-fill\" d=\"M766.1,28.9c-200-57.5-266,65.5-395.1,19.5C242,1.8,242,5.4,184.8,20.6C128,35.8,132.3,44.9,89.9,52.5C28.6,63.7,0,0,0,0 h1000c0,0-9.9,40.9-83.6,48.1S829.6,47,766.1,28.9z\"\/>\n<\/svg>\t\t<\/div>\n\t\t\t\t<div class=\"elementor-element elementor-element-eec22bc elementor-invisible elementor-widget elementor-widget-heading\" data-id=\"eec22bc\" data-element_type=\"widget\" data-e-type=\"widget\" data-settings=\"{&quot;_animation&quot;:&quot;fadeInDown&quot;}\" data-widget_type=\"heading.default\">\n\t\t\t\t<div class=\"elementor-widget-container\">\n\t\t\t\t\t<h1 class=\"elementor-heading-title elementor-size-default\">LE COMIT\u00c9<\/h1>\t\t\t\t<\/div>\n\t\t\t\t<\/div>\n\t\t\t\t<div class=\"elementor-element elementor-element-7fab82e elementor-invisible elementor-widget elementor-widget-heading\" data-id=\"7fab82e\" data-element_type=\"widget\" data-e-type=\"widget\" data-settings=\"{&quot;_animation&quot;:&quot;fadeInUp&quot;}\" data-widget_type=\"heading.default\">\n\t\t\t\t<div class=\"elementor-widget-container\">\n\t\t\t\t\t<h2 class=\"elementor-heading-title elementor-size-default\">HARMONIE MUNICIPALE<\/h2>\t\t\t\t<\/div>\n\t\t\t\t<\/div>\n\t\t\t\t<div class=\"elementor-element elementor-element-be9ffae animated-slow elementor-invisible elementor-widget elementor-widget-image\" data-id=\"be9ffae\" data-element_type=\"widget\" data-e-type=\"widget\" data-settings=\"{&quot;_animation&quot;:&quot;fadeIn&quot;}\" data-widget_type=\"image.default\">\n\t\t\t\t<div class=\"elementor-widget-container\">\n\t\t\t\t\t\t\t\t\t\t\t\t\t\t\t<img decoding=\"async\" width=\"60\" height=\"75\" src=\"https:\/\/harmoniemontreux.ch\/wp-content\/uploads\/2025\/03\/logo_ecusson_commune_montreux_cmmc.png\" class=\"attachment-large size-large wp-image-7565\" alt=\"\" \/>\t\t\t\t\t\t\t\t\t\t\t\t\t\t\t<\/div>\n\t\t\t\t<\/div>\n\t\t\t\t<\/div>\n\t\t<div class=\"elementor-element elementor-element-aa3260f e-grid e-con-boxed e-con e-parent\" data-id=\"aa3260f\" data-element_type=\"container\" data-e-type=\"container\" data-settings=\"{&quot;background_background&quot;:&quot;classic&quot;}\">\n\t\t\t\t\t<div class=\"e-con-inner\">\n\t\t\t\t<div class=\"elementor-element elementor-element-5b6d30f elementor-position-top elementor-widget elementor-widget-image-box\" data-id=\"5b6d30f\" data-element_type=\"widget\" data-e-type=\"widget\" data-widget_type=\"image-box.default\">\n\t\t\t\t<div class=\"elementor-widget-container\">\n\t\t\t\t\t<div class=\"elementor-image-box-wrapper\"><figure class=\"elementor-image-box-img\"><img fetchpriority=\"high\" decoding=\"async\" width=\"302\" height=\"507\" src=\"https:\/\/harmoniemontreux.ch\/wp-content\/uploads\/2025\/04\/20250330_132756.jpg\" class=\"attachment-full size-full wp-image-7960\" alt=\"\" srcset=\"https:\/\/harmoniemontreux.ch\/wp-content\/uploads\/2025\/04\/20250330_132756.jpg 302w, https:\/\/harmoniemontreux.ch\/wp-content\/uploads\/2025\/04\/20250330_132756-179x300.jpg 179w\" sizes=\"(max-width: 302px) 100vw, 302px\" \/><\/figure><div class=\"elementor-image-box-content\"><h3 class=\"elementor-image-box-title\">Pr\u00e9sident \u2013 Franco Ciampi<\/h3><\/div><\/div>\t\t\t\t<\/div>\n\t\t\t\t<\/div>\n\t\t\t\t<div class=\"elementor-element elementor-element-76e73aa elementor-position-top elementor-widget elementor-widget-image-box\" data-id=\"76e73aa\" data-element_type=\"widget\" data-e-type=\"widget\" data-widget_type=\"image-box.default\">\n\t\t\t\t<div class=\"elementor-widget-container\">\n\t\t\t\t\t<div class=\"elementor-image-box-wrapper\"><figure class=\"elementor-image-box-img\"><img decoding=\"async\" width=\"225\" height=\"300\" src=\"https:\/\/harmoniemontreux.ch\/wp-content\/uploads\/2025\/03\/IMG-20210506-WA0003-225x300-copy.png\" class=\"attachment-full size-full wp-image-7707\" alt=\"\" \/><\/figure><div class=\"elementor-image-box-content\"><h3 class=\"elementor-image-box-title\">Vice-Pr\u00e9sidente \u2013 Christiane Vuadens<\/h3><\/div><\/div>\t\t\t\t<\/div>\n\t\t\t\t<\/div>\n\t\t\t\t<div class=\"elementor-element elementor-element-c8906a2 elementor-position-top elementor-widget elementor-widget-image-box\" data-id=\"c8906a2\" data-element_type=\"widget\" data-e-type=\"widget\" data-widget_type=\"image-box.default\">\n\t\t\t\t<div class=\"elementor-widget-container\">\n\t\t\t\t\t<div class=\"elementor-image-box-wrapper\"><figure class=\"elementor-image-box-img\"><img loading=\"lazy\" decoding=\"async\" width=\"225\" height=\"300\" src=\"https:\/\/harmoniemontreux.ch\/wp-content\/uploads\/2025\/03\/IMG-20210506-WA0003-225x3001-copy.png\" class=\"attachment-full size-full wp-image-7708\" alt=\"\" \/><\/figure><div class=\"elementor-image-box-content\"><h3 class=\"elementor-image-box-title\">Secr\u00e9taire \u2013 Claudine Borloz<\/h3><\/div><\/div>\t\t\t\t<\/div>\n\t\t\t\t<\/div>\n\t\t\t\t<div class=\"elementor-element elementor-element-d2a30db elementor-position-top elementor-widget elementor-widget-image-box\" data-id=\"d2a30db\" data-element_type=\"widget\" data-e-type=\"widget\" data-widget_type=\"image-box.default\">\n\t\t\t\t<div class=\"elementor-widget-container\">\n\t\t\t\t\t<div class=\"elementor-image-box-wrapper\"><figure class=\"elementor-image-box-img\"><img loading=\"lazy\" decoding=\"async\" width=\"225\" height=\"300\" src=\"https:\/\/harmoniemontreux.ch\/wp-content\/uploads\/2025\/03\/chantal.png\" class=\"attachment-full size-full wp-image-7709\" alt=\"\" \/><\/figure><div class=\"elementor-image-box-content\"><h3 class=\"elementor-image-box-title\">Caissi\u00e8re \u2013 Chantal Delacombaz<\/h3><\/div><\/div>\t\t\t\t<\/div>\n\t\t\t\t<\/div>\n\t\t\t\t<div class=\"elementor-element elementor-element-dfd704c elementor-position-top elementor-widget elementor-widget-image-box\" data-id=\"dfd704c\" data-element_type=\"widget\" data-e-type=\"widget\" data-widget_type=\"image-box.default\">\n\t\t\t\t<div class=\"elementor-widget-container\">\n\t\t\t\t\t<div class=\"elementor-image-box-wrapper\"><figure class=\"elementor-image-box-img\"><img loading=\"lazy\" decoding=\"async\" width=\"1536\" height=\"2048\" src=\"https:\/\/harmoniemontreux.ch\/wp-content\/uploads\/2025\/07\/WhatsApp-Image-2025-07-01-at-21.24.52_5558b88c.jpg\" class=\"attachment-full size-full wp-image-8070\" alt=\"\" srcset=\"https:\/\/harmoniemontreux.ch\/wp-content\/uploads\/2025\/07\/WhatsApp-Image-2025-07-01-at-21.24.52_5558b88c.jpg 1536w, https:\/\/harmoniemontreux.ch\/wp-content\/uploads\/2025\/07\/WhatsApp-Image-2025-07-01-at-21.24.52_5558b88c-225x300.jpg 225w, https:\/\/harmoniemontreux.ch\/wp-content\/uploads\/2025\/07\/WhatsApp-Image-2025-07-01-at-21.24.52_5558b88c-773x1030.jpg 773w, https:\/\/harmoniemontreux.ch\/wp-content\/uploads\/2025\/07\/WhatsApp-Image-2025-07-01-at-21.24.52_5558b88c-768x1024.jpg 768w, https:\/\/harmoniemontreux.ch\/wp-content\/uploads\/2025\/07\/WhatsApp-Image-2025-07-01-at-21.24.52_5558b88c-1152x1536.jpg 1152w, https:\/\/harmoniemontreux.ch\/wp-content\/uploads\/2025\/07\/WhatsApp-Image-2025-07-01-at-21.24.52_5558b88c-1125x1500.jpg 1125w, https:\/\/harmoniemontreux.ch\/wp-content\/uploads\/2025\/07\/WhatsApp-Image-2025-07-01-at-21.24.52_5558b88c-529x705.jpg 529w\" sizes=\"(max-width: 1536px) 100vw, 1536px\" \/><\/figure><div class=\"elementor-image-box-content\"><h3 class=\"elementor-image-box-title\">Membre \u2013 Laurence Doriot<\/h3><\/div><\/div>\t\t\t\t<\/div>\n\t\t\t\t<\/div>\n\t\t\t\t<div class=\"elementor-element elementor-element-62dd62a elementor-position-top elementor-widget elementor-widget-image-box\" data-id=\"62dd62a\" data-element_type=\"widget\" data-e-type=\"widget\" data-widget_type=\"image-box.default\">\n\t\t\t\t<div class=\"elementor-widget-container\">\n\t\t\t\t\t<div class=\"elementor-image-box-wrapper\"><figure class=\"elementor-image-box-img\"><img loading=\"lazy\" decoding=\"async\" width=\"225\" height=\"300\" src=\"https:\/\/harmoniemontreux.ch\/wp-content\/uploads\/2025\/03\/sylviane.png\" class=\"attachment-full size-full wp-image-7712\" alt=\"\" \/><\/figure><div class=\"elementor-image-box-content\"><h3 class=\"elementor-image-box-title\">Secr\u00e9taire PV \u2013 Sylviane Cardinaux<\/h3><\/div><\/div>\t\t\t\t<\/div>\n\t\t\t\t<\/div>\n\t\t\t\t<div class=\"elementor-element elementor-element-198b7d1 elementor-position-top elementor-widget elementor-widget-image-box\" data-id=\"198b7d1\" data-element_type=\"widget\" data-e-type=\"widget\" data-widget_type=\"image-box.default\">\n\t\t\t\t<div class=\"elementor-widget-container\">\n\t\t\t\t\t<div class=\"elementor-image-box-wrapper\"><figure class=\"elementor-image-box-img\"><img loading=\"lazy\" decoding=\"async\" width=\"225\" height=\"300\" src=\"https:\/\/harmoniemontreux.ch\/wp-content\/uploads\/2025\/03\/dany-copy.png\" class=\"attachment-full size-full wp-image-7713\" alt=\"\" \/><\/figure><div class=\"elementor-image-box-content\"><h3 class=\"elementor-image-box-title\">Sp\u00e9cialiste instruments - Dany Vuadens<\/h3><\/div><\/div>\t\t\t\t<\/div>\n\t\t\t\t<\/div>\n\t\t\t\t<div class=\"elementor-element elementor-element-23affcd elementor-position-top elementor-widget elementor-widget-image-box\" data-id=\"23affcd\" data-element_type=\"widget\" data-e-type=\"widget\" data-widget_type=\"image-box.default\">\n\t\t\t\t<div class=\"elementor-widget-container\">\n\t\t\t\t\t<div class=\"elementor-image-box-wrapper\"><figure class=\"elementor-image-box-img\"><img loading=\"lazy\" decoding=\"async\" width=\"177\" height=\"225\" src=\"https:\/\/harmoniemontreux.ch\/wp-content\/uploads\/2025\/07\/Screenshot-2025-07-01-213449.png\" class=\"attachment-full size-full wp-image-8076\" alt=\"\" \/><\/figure><div class=\"elementor-image-box-content\"><h3 class=\"elementor-image-box-title\">Archiviste \u2013 Luc Choque<\/h3><\/div><\/div>\t\t\t\t<\/div>\n\t\t\t\t<\/div>\n\t\t\t\t\t<\/div>\n\t\t\t\t<\/div>\n\t\t\t\t<\/div>\n\t\t","protected":false},"excerpt":{"rendered":"<p>LE COMIT\u00c9 HARMONIE MUNICIPALE Pr\u00e9sident \u2013 Franco Ciampi Vice-Pr\u00e9sidente \u2013 Christiane Vuadens Secr\u00e9taire \u2013 Claudine Borloz Caissi\u00e8re \u2013 Chantal Delacombaz Membre \u2013 Laurence Doriot Secr\u00e9taire PV \u2013 Sylviane Cardinaux Sp\u00e9cialiste instruments &#8211; Dany Vuadens Archiviste \u2013 Luc Choque<\/p>\n","protected":false},"author":51,"featured_media":0,"parent":0,"menu_order":0,"comment_status":"closed","ping_status":"closed","template":"elementor_header_footer","meta":{"footnotes":""},"class_list":["post-7697","page","type-page","status-publish","hentry"],"yoast_head":"<!-- This site is optimized with the Yoast SEO plugin v28.4 - https:\/\/yoast.com\/product\/yoast-seo-wordpress\/ -->\n<title>Comit\u00e9 - CMMC Harmonie Montreux<\/title>\n<meta name=\"robots\" content=\"index, follow, max-snippet:-1, max-image-preview:large, max-video-preview:-1\" \/>\n<link rel=\"canonical\" href=\"https:\/\/harmoniemontreux.ch\/index.php\/comite-2\/\" \/>\n<meta property=\"og:locale\" content=\"fr_FR\" \/>\n<meta property=\"og:type\" content=\"article\" \/>\n<meta property=\"og:title\" content=\"Comit\u00e9 - CMMC Harmonie Montreux\" \/>\n<meta property=\"og:description\" content=\"LE COMIT\u00c9 HARMONIE MUNICIPALE Pr\u00e9sident \u2013 Franco Ciampi Vice-Pr\u00e9sidente \u2013 Christiane Vuadens Secr\u00e9taire \u2013 Claudine Borloz Caissi\u00e8re \u2013 Chantal Delacombaz Membre \u2013 Laurence Doriot Secr\u00e9taire PV \u2013 Sylviane Cardinaux Sp\u00e9cialiste instruments &#8211; Dany Vuadens Archiviste \u2013 Luc Choque\" \/>\n<meta property=\"og:url\" content=\"https:\/\/harmoniemontreux.ch\/index.php\/comite-2\/\" \/>\n<meta property=\"og:site_name\" content=\"CMMC Harmonie Montreux\" \/>\n<meta property=\"article:publisher\" content=\"https:\/\/www.facebook.com\/groups\/1606446626347473\" \/>\n<meta property=\"article:modified_time\" content=\"2025-08-28T08:35:12+00:00\" \/>\n<meta property=\"og:image\" content=\"https:\/\/harmoniemontreux.ch\/wp-content\/uploads\/2025\/03\/logo_ecusson_commune_montreux_cmmc.png\" \/>\n\t<meta property=\"og:image:width\" content=\"60\" \/>\n\t<meta property=\"og:image:height\" content=\"75\" \/>\n\t<meta property=\"og:image:type\" content=\"image\/png\" \/>\n<meta name=\"twitter:card\" content=\"summary_large_image\" \/>\n<meta name=\"twitter:label1\" content=\"Dur\u00e9e de lecture estim\u00e9e\" \/>\n\t<meta name=\"twitter:data1\" content=\"2 minutes\" \/>\n<script type=\"application\/ld+json\" class=\"yoast-schema-graph\">{\"@context\":\"https:\\\/\\\/schema.org\",\"@graph\":[{\"@type\":\"WebPage\",\"@id\":\"https:\\\/\\\/harmoniemontreux.ch\\\/index.php\\\/comite-2\\\/\",\"url\":\"https:\\\/\\\/harmoniemontreux.ch\\\/index.php\\\/comite-2\\\/\",\"name\":\"Comit\u00e9 - CMMC Harmonie Montreux\",\"isPartOf\":{\"@id\":\"https:\\\/\\\/harmoniemontreux.ch\\\/#website\"},\"primaryImageOfPage\":{\"@id\":\"https:\\\/\\\/harmoniemontreux.ch\\\/index.php\\\/comite-2\\\/#primaryimage\"},\"image\":{\"@id\":\"https:\\\/\\\/harmoniemontreux.ch\\\/index.php\\\/comite-2\\\/#primaryimage\"},\"thumbnailUrl\":\"https:\\\/\\\/harmoniemontreux.ch\\\/wp-content\\\/uploads\\\/2025\\\/03\\\/logo_ecusson_commune_montreux_cmmc.png\",\"datePublished\":\"2025-03-19T17:53:03+00:00\",\"dateModified\":\"2025-08-28T08:35:12+00:00\",\"breadcrumb\":{\"@id\":\"https:\\\/\\\/harmoniemontreux.ch\\\/index.php\\\/comite-2\\\/#breadcrumb\"},\"inLanguage\":\"fr-FR\",\"potentialAction\":[{\"@type\":\"ReadAction\",\"target\":[\"https:\\\/\\\/harmoniemontreux.ch\\\/index.php\\\/comite-2\\\/\"]}]},{\"@type\":\"ImageObject\",\"inLanguage\":\"fr-FR\",\"@id\":\"https:\\\/\\\/harmoniemontreux.ch\\\/index.php\\\/comite-2\\\/#primaryimage\",\"url\":\"https:\\\/\\\/harmoniemontreux.ch\\\/wp-content\\\/uploads\\\/2025\\\/03\\\/logo_ecusson_commune_montreux_cmmc.png\",\"contentUrl\":\"https:\\\/\\\/harmoniemontreux.ch\\\/wp-content\\\/uploads\\\/2025\\\/03\\\/logo_ecusson_commune_montreux_cmmc.png\",\"width\":60,\"height\":75},{\"@type\":\"BreadcrumbList\",\"@id\":\"https:\\\/\\\/harmoniemontreux.ch\\\/index.php\\\/comite-2\\\/#breadcrumb\",\"itemListElement\":[{\"@type\":\"ListItem\",\"position\":1,\"name\":\"Accueil\",\"item\":\"https:\\\/\\\/harmoniemontreux.ch\\\/\"},{\"@type\":\"ListItem\",\"position\":2,\"name\":\"Comit\u00e9\"}]},{\"@type\":\"WebSite\",\"@id\":\"https:\\\/\\\/harmoniemontreux.ch\\\/#website\",\"url\":\"https:\\\/\\\/harmoniemontreux.ch\\\/\",\"name\":\"CMMC Harmonie Montreux\",\"description\":\"Corps de Musique de Montreux-Clarens\",\"publisher\":{\"@id\":\"https:\\\/\\\/harmoniemontreux.ch\\\/#organization\"},\"potentialAction\":[{\"@type\":\"SearchAction\",\"target\":{\"@type\":\"EntryPoint\",\"urlTemplate\":\"https:\\\/\\\/harmoniemontreux.ch\\\/?s={search_term_string}\"},\"query-input\":{\"@type\":\"PropertyValueSpecification\",\"valueRequired\":true,\"valueName\":\"search_term_string\"}}],\"inLanguage\":\"fr-FR\"},{\"@type\":\"Organization\",\"@id\":\"https:\\\/\\\/harmoniemontreux.ch\\\/#organization\",\"name\":\"CMMC Harmonie Montreux\",\"url\":\"https:\\\/\\\/harmoniemontreux.ch\\\/\",\"logo\":{\"@type\":\"ImageObject\",\"inLanguage\":\"fr-FR\",\"@id\":\"https:\\\/\\\/harmoniemontreux.ch\\\/#\\\/schema\\\/logo\\\/image\\\/\",\"url\":\"https:\\\/\\\/harmoniemontreux.ch\\\/wp-content\\\/uploads\\\/2025\\\/08\\\/logo_harmonie_montreux_cmmc_web-mini.png\",\"contentUrl\":\"https:\\\/\\\/harmoniemontreux.ch\\\/wp-content\\\/uploads\\\/2025\\\/08\\\/logo_harmonie_montreux_cmmc_web-mini.png\",\"width\":167,\"height\":167,\"caption\":\"CMMC Harmonie Montreux\"},\"image\":{\"@id\":\"https:\\\/\\\/harmoniemontreux.ch\\\/#\\\/schema\\\/logo\\\/image\\\/\"},\"sameAs\":[\"https:\\\/\\\/www.facebook.com\\\/groups\\\/1606446626347473\",\"https:\\\/\\\/www.instagram.com\\\/cmmc_harmoniemontreux\\\/\"]}]}<\/script>\n<!-- \/ Yoast SEO plugin. -->","yoast_head_json":{"title":"Comit\u00e9 - CMMC Harmonie Montreux","robots":{"index":"index","follow":"follow","max-snippet":"max-snippet:-1","max-image-preview":"max-image-preview:large","max-video-preview":"max-video-preview:-1"},"canonical":"https:\/\/harmoniemontreux.ch\/index.php\/comite-2\/","og_locale":"fr_FR","og_type":"article","og_title":"Comit\u00e9 - CMMC Harmonie Montreux","og_description":"LE COMIT\u00c9 HARMONIE MUNICIPALE Pr\u00e9sident \u2013 Franco Ciampi Vice-Pr\u00e9sidente \u2013 Christiane Vuadens Secr\u00e9taire \u2013 Claudine Borloz Caissi\u00e8re \u2013 Chantal Delacombaz Membre \u2013 Laurence Doriot Secr\u00e9taire PV \u2013 Sylviane Cardinaux Sp\u00e9cialiste instruments &#8211; Dany Vuadens Archiviste \u2013 Luc Choque","og_url":"https:\/\/harmoniemontreux.ch\/index.php\/comite-2\/","og_site_name":"CMMC Harmonie Montreux","article_publisher":"https:\/\/www.facebook.com\/groups\/1606446626347473","article_modified_time":"2025-08-28T08:35:12+00:00","og_image":[{"width":60,"height":75,"url":"https:\/\/harmoniemontreux.ch\/wp-content\/uploads\/2025\/03\/logo_ecusson_commune_montreux_cmmc.png","type":"image\/png"}],"twitter_card":"summary_large_image","twitter_misc":{"Dur\u00e9e de lecture estim\u00e9e":"2 minutes"},"schema":{"@context":"https:\/\/schema.org","@graph":[{"@type":"WebPage","@id":"https:\/\/harmoniemontreux.ch\/index.php\/comite-2\/","url":"https:\/\/harmoniemontreux.ch\/index.php\/comite-2\/","name":"Comit\u00e9 - CMMC Harmonie Montreux","isPartOf":{"@id":"https:\/\/harmoniemontreux.ch\/#website"},"primaryImageOfPage":{"@id":"https:\/\/harmoniemontreux.ch\/index.php\/comite-2\/#primaryimage"},"image":{"@id":"https:\/\/harmoniemontreux.ch\/index.php\/comite-2\/#primaryimage"},"thumbnailUrl":"https:\/\/harmoniemontreux.ch\/wp-content\/uploads\/2025\/03\/logo_ecusson_commune_montreux_cmmc.png","datePublished":"2025-03-19T17:53:03+00:00","dateModified":"2025-08-28T08:35:12+00:00","breadcrumb":{"@id":"https:\/\/harmoniemontreux.ch\/index.php\/comite-2\/#breadcrumb"},"inLanguage":"fr-FR","potentialAction":[{"@type":"ReadAction","target":["https:\/\/harmoniemontreux.ch\/index.php\/comite-2\/"]}]},{"@type":"ImageObject","inLanguage":"fr-FR","@id":"https:\/\/harmoniemontreux.ch\/index.php\/comite-2\/#primaryimage","url":"https:\/\/harmoniemontreux.ch\/wp-content\/uploads\/2025\/03\/logo_ecusson_commune_montreux_cmmc.png","contentUrl":"https:\/\/harmoniemontreux.ch\/wp-content\/uploads\/2025\/03\/logo_ecusson_commune_montreux_cmmc.png","width":60,"height":75},{"@type":"BreadcrumbList","@id":"https:\/\/harmoniemontreux.ch\/index.php\/comite-2\/#breadcrumb","itemListElement":[{"@type":"ListItem","position":1,"name":"Accueil","item":"https:\/\/harmoniemontreux.ch\/"},{"@type":"ListItem","position":2,"name":"Comit\u00e9"}]},{"@type":"WebSite","@id":"https:\/\/harmoniemontreux.ch\/#website","url":"https:\/\/harmoniemontreux.ch\/","name":"CMMC Harmonie Montreux","description":"Corps de Musique de Montreux-Clarens","publisher":{"@id":"https:\/\/harmoniemontreux.ch\/#organization"},"potentialAction":[{"@type":"SearchAction","target":{"@type":"EntryPoint","urlTemplate":"https:\/\/harmoniemontreux.ch\/?s={search_term_string}"},"query-input":{"@type":"PropertyValueSpecification","valueRequired":true,"valueName":"search_term_string"}}],"inLanguage":"fr-FR"},{"@type":"Organization","@id":"https:\/\/harmoniemontreux.ch\/#organization","name":"CMMC Harmonie Montreux","url":"https:\/\/harmoniemontreux.ch\/","logo":{"@type":"ImageObject","inLanguage":"fr-FR","@id":"https:\/\/harmoniemontreux.ch\/#\/schema\/logo\/image\/","url":"https:\/\/harmoniemontreux.ch\/wp-content\/uploads\/2025\/08\/logo_harmonie_montreux_cmmc_web-mini.png","contentUrl":"https:\/\/harmoniemontreux.ch\/wp-content\/uploads\/2025\/08\/logo_harmonie_montreux_cmmc_web-mini.png","width":167,"height":167,"caption":"CMMC Harmonie Montreux"},"image":{"@id":"https:\/\/harmoniemontreux.ch\/#\/schema\/logo\/image\/"},"sameAs":["https:\/\/www.facebook.com\/groups\/1606446626347473","https:\/\/www.instagram.com\/cmmc_harmoniemontreux\/"]}]}},"_links":{"self":[{"href":"https:\/\/harmoniemontreux.ch\/index.php\/wp-json\/wp\/v2\/pages\/7697","targetHints":{"allow":["GET"]}}],"collection":[{"href":"https:\/\/harmoniemontreux.ch\/index.php\/wp-json\/wp\/v2\/pages"}],"about":[{"href":"https:\/\/harmoniemontreux.ch\/index.php\/wp-json\/wp\/v2\/types\/page"}],"author":[{"embeddable":true,"href":"https:\/\/harmoniemontreux.ch\/index.php\/wp-json\/wp\/v2\/users\/51"}],"replies":[{"embeddable":true,"href":"https:\/\/harmoniemontreux.ch\/index.php\/wp-json\/wp\/v2\/comments?post=7697"}],"version-history":[{"count":55,"href":"https:\/\/harmoniemontreux.ch\/index.php\/wp-json\/wp\/v2\/pages\/7697\/revisions"}],"predecessor-version":[{"id":8141,"href":"https:\/\/harmoniemontreux.ch\/index.php\/wp-json\/wp\/v2\/pages\/7697\/revisions\/8141"}],"wp:attachment":[{"href":"https:\/\/harmoniemontreux.ch\/index.php\/wp-json\/wp\/v2\/media?parent=7697"}],"curies":[{"name":"wp","href":"https:\/\/api.w.org\/{rel}","templated":true}]}}