{"id":7577,"date":"2025-03-17T18:17:59","date_gmt":"2025-03-17T17:17:59","guid":{"rendered":"https:\/\/www.harmoniemontreux.ch\/?page_id=7577"},"modified":"2026-08-06T10:09:15","modified_gmt":"2026-08-06T09:09:15","slug":"harmonie-montreux","status":"publish","type":"page","link":"https:\/\/harmoniemontreux.ch\/","title":{"rendered":"Harmonie Montreux"},"content":{"rendered":"\t\t<div data-elementor-type=\"wp-page\" data-elementor-id=\"7577\" class=\"elementor elementor-7577\">\n\t\t\t\t<div class=\"elementor-element elementor-element-18882db e-con-full e-flex elementor-invisible e-con e-parent\" data-id=\"18882db\" data-element_type=\"container\" data-e-type=\"container\" data-settings=\"{&quot;background_background&quot;:&quot;slideshow&quot;,&quot;background_slideshow_gallery&quot;:[{&quot;id&quot;:6312,&quot;url&quot;:&quot;https:\\\/\\\/harmoniemontreux.ch\\\/wp-content\\\/uploads\\\/2022\\\/10\\\/homepage-copy.jpg&quot;},{&quot;id&quot;:8558,&quot;url&quot;:&quot;https:\\\/\\\/harmoniemontreux.ch\\\/wp-content\\\/uploads\\\/2026\\\/08\\\/harmonie-montreux-cmmc-banner.webp&quot;}],&quot;shape_divider_bottom&quot;:&quot;mountains&quot;,&quot;animation&quot;:&quot;fadeIn&quot;,&quot;background_slideshow_slide_duration&quot;:3000,&quot;background_slideshow_transition_duration&quot;:1900,&quot;background_slideshow_loop&quot;:&quot;yes&quot;,&quot;background_slideshow_slide_transition&quot;:&quot;fade&quot;}\">\n\t\t\t\t<div class=\"elementor-shape elementor-shape-bottom\" aria-hidden=\"true\" data-negative=\"false\">\n\t\t\t<svg xmlns=\"http:\/\/www.w3.org\/2000\/svg\" viewBox=\"0 0 1000 100\" preserveAspectRatio=\"none\">\n\t<path class=\"elementor-shape-fill\" opacity=\"0.33\" d=\"M473,67.3c-203.9,88.3-263.1-34-320.3,0C66,119.1,0,59.7,0,59.7V0h1000v59.7 c0,0-62.1,26.1-94.9,29.3c-32.8,3.3-62.8-12.3-75.8-22.1C806,49.6,745.3,8.7,694.9,4.7S492.4,59,473,67.3z\"\/>\n\t<path class=\"elementor-shape-fill\" opacity=\"0.66\" d=\"M734,67.3c-45.5,0-77.2-23.2-129.1-39.1c-28.6-8.7-150.3-10.1-254,39.1 s-91.7-34.4-149.2,0C115.7,118.3,0,39.8,0,39.8V0h1000v36.5c0,0-28.2-18.5-92.1-18.5C810.2,18.1,775.7,67.3,734,67.3z\"\/>\n\t<path class=\"elementor-shape-fill\" d=\"M766.1,28.9c-200-57.5-266,65.5-395.1,19.5C242,1.8,242,5.4,184.8,20.6C128,35.8,132.3,44.9,89.9,52.5C28.6,63.7,0,0,0,0 h1000c0,0-9.9,40.9-83.6,48.1S829.6,47,766.1,28.9z\"\/>\n<\/svg>\t\t<\/div>\n\t\t\t\t<div class=\"elementor-element elementor-element-eec22bc elementor-invisible elementor-widget elementor-widget-heading\" data-id=\"eec22bc\" data-element_type=\"widget\" data-e-type=\"widget\" data-settings=\"{&quot;_animation&quot;:&quot;fadeInDown&quot;}\" data-widget_type=\"heading.default\">\n\t\t\t\t<div class=\"elementor-widget-container\">\n\t\t\t\t\t<h1 class=\"elementor-heading-title elementor-size-default\">Corps de musique de Montreux-Clarens<\/h1>\t\t\t\t<\/div>\n\t\t\t\t<\/div>\n\t\t\t\t<div class=\"elementor-element elementor-element-24bd3ba elementor-invisible elementor-widget elementor-widget-heading\" data-id=\"24bd3ba\" data-element_type=\"widget\" data-e-type=\"widget\" data-settings=\"{&quot;_animation&quot;:&quot;fadeInUp&quot;}\" data-widget_type=\"heading.default\">\n\t\t\t\t<div class=\"elementor-widget-container\">\n\t\t\t\t\t<h2 class=\"elementor-heading-title elementor-size-default\">HARMONIE MUNICIPALE<\/h2>\t\t\t\t<\/div>\n\t\t\t\t<\/div>\n\t\t\t\t<div class=\"elementor-element elementor-element-be9ffae animated-slow elementor-invisible elementor-widget elementor-widget-image\" data-id=\"be9ffae\" data-element_type=\"widget\" data-e-type=\"widget\" data-settings=\"{&quot;_animation&quot;:&quot;fadeInUp&quot;}\" data-widget_type=\"image.default\">\n\t\t\t\t<div class=\"elementor-widget-container\">\n\t\t\t\t\t\t\t\t\t\t\t\t\t\t\t<img decoding=\"async\" width=\"60\" height=\"75\" src=\"https:\/\/harmoniemontreux.ch\/wp-content\/uploads\/2025\/03\/logo_ecusson_commune_montreux_cmmc.png\" class=\"attachment-large size-large wp-image-7565\" alt=\"\" \/>\t\t\t\t\t\t\t\t\t\t\t\t\t\t\t<\/div>\n\t\t\t\t<\/div>\n\t\t\t\t<\/div>\n\t\t<div class=\"elementor-element elementor-element-0766607 e-flex e-con-boxed e-con e-parent\" data-id=\"0766607\" data-element_type=\"container\" data-e-type=\"container\" data-settings=\"{&quot;background_background&quot;:&quot;classic&quot;}\">\n\t\t\t\t\t<div class=\"e-con-inner\">\n\t\t\t\t<div class=\"elementor-element elementor-element-33f50b0 elementor-shape-circle elementor-grid-0 e-grid-align-center elementor-invisible elementor-widget elementor-widget-social-icons\" data-id=\"33f50b0\" data-element_type=\"widget\" data-e-type=\"widget\" data-settings=\"{&quot;_animation&quot;:&quot;fadeIn&quot;}\" data-widget_type=\"social-icons.default\">\n\t\t\t\t<div class=\"elementor-widget-container\">\n\t\t\t\t\t\t\t<div class=\"elementor-social-icons-wrapper elementor-grid\" role=\"list\">\n\t\t\t\t\t\t\t<span class=\"elementor-grid-item\" role=\"listitem\">\n\t\t\t\t\t<a class=\"elementor-icon elementor-social-icon elementor-social-icon-instagram elementor-repeater-item-820a5f6\" href=\"https:\/\/www.instagram.com\/cmmc_harmoniemontreux\/\" target=\"_blank\">\n\t\t\t\t\t\t<span class=\"elementor-screen-only\">Instagram<\/span>\n\t\t\t\t\t\t<svg aria-hidden=\"true\" class=\"e-font-icon-svg e-fab-instagram\" viewBox=\"0 0 448 512\" xmlns=\"http:\/\/www.w3.org\/2000\/svg\"><path d=\"M224.1 141c-63.6 0-114.9 51.3-114.9 114.9s51.3 114.9 114.9 114.9S339 319.5 339 255.9 287.7 141 224.1 141zm0 189.6c-41.1 0-74.7-33.5-74.7-74.7s33.5-74.7 74.7-74.7 74.7 33.5 74.7 74.7-33.6 74.7-74.7 74.7zm146.4-194.3c0 14.9-12 26.8-26.8 26.8-14.9 0-26.8-12-26.8-26.8s12-26.8 26.8-26.8 26.8 12 26.8 26.8zm76.1 27.2c-1.7-35.9-9.9-67.7-36.2-93.9-26.2-26.2-58-34.4-93.9-36.2-37-2.1-147.9-2.1-184.9 0-35.8 1.7-67.6 9.9-93.9 36.1s-34.4 58-36.2 93.9c-2.1 37-2.1 147.9 0 184.9 1.7 35.9 9.9 67.7 36.2 93.9s58 34.4 93.9 36.2c37 2.1 147.9 2.1 184.9 0 35.9-1.7 67.7-9.9 93.9-36.2 26.2-26.2 34.4-58 36.2-93.9 2.1-37 2.1-147.8 0-184.8zM398.8 388c-7.8 19.6-22.9 34.7-42.6 42.6-29.5 11.7-99.5 9-132.1 9s-102.7 2.6-132.1-9c-19.6-7.8-34.7-22.9-42.6-42.6-11.7-29.5-9-99.5-9-132.1s-2.6-102.7 9-132.1c7.8-19.6 22.9-34.7 42.6-42.6 29.5-11.7 99.5-9 132.1-9s102.7-2.6 132.1 9c19.6 7.8 34.7 22.9 42.6 42.6 11.7 29.5 9 99.5 9 132.1s2.7 102.7-9 132.1z\"><\/path><\/svg>\t\t\t\t\t<\/a>\n\t\t\t\t<\/span>\n\t\t\t\t\t\t\t<span class=\"elementor-grid-item\" role=\"listitem\">\n\t\t\t\t\t<a class=\"elementor-icon elementor-social-icon elementor-social-icon-facebook elementor-repeater-item-960e34b\" href=\"https:\/\/www.facebook.com\/groups\/1606446626347473\" target=\"_blank\">\n\t\t\t\t\t\t<span class=\"elementor-screen-only\">Facebook<\/span>\n\t\t\t\t\t\t<svg aria-hidden=\"true\" class=\"e-font-icon-svg e-fab-facebook\" viewBox=\"0 0 512 512\" xmlns=\"http:\/\/www.w3.org\/2000\/svg\"><path d=\"M504 256C504 119 393 8 256 8S8 119 8 256c0 123.78 90.69 226.38 209.25 245V327.69h-63V256h63v-54.64c0-62.15 37-96.48 93.67-96.48 27.14 0 55.52 4.84 55.52 4.84v61h-31.28c-30.8 0-40.41 19.12-40.41 38.73V256h68.78l-11 71.69h-57.78V501C413.31 482.38 504 379.78 504 256z\"><\/path><\/svg>\t\t\t\t\t<\/a>\n\t\t\t\t<\/span>\n\t\t\t\t\t<\/div>\n\t\t\t\t\t\t<\/div>\n\t\t\t\t<\/div>\n\t\t\t\t<div class=\"elementor-element elementor-element-3eb2ce2 elementor-widget elementor-widget-heading\" data-id=\"3eb2ce2\" data-element_type=\"widget\" data-e-type=\"widget\" data-widget_type=\"heading.default\">\n\t\t\t\t<div class=\"elementor-widget-container\">\n\t\t\t\t\t<h2 class=\"elementor-heading-title elementor-size-default\">Notre prochain concert: <\/h2>\t\t\t\t<\/div>\n\t\t\t\t<\/div>\n\t\t\t\t<div class=\"elementor-element elementor-element-f92b3b6 elementor-widget elementor-widget-heading\" data-id=\"f92b3b6\" data-element_type=\"widget\" data-e-type=\"widget\" data-widget_type=\"heading.default\">\n\t\t\t\t<div class=\"elementor-widget-container\">\n\t\t\t\t\t<h2 class=\"elementor-heading-title elementor-size-default\">12 septembre\u00a0: 125e anniversaire du MOB \u00e0 Chernex<\/h2>\t\t\t\t<\/div>\n\t\t\t\t<\/div>\n\t\t\t\t<div class=\"elementor-element elementor-element-d1794a2 elementor-invisible elementor-widget elementor-widget-heading\" data-id=\"d1794a2\" data-element_type=\"widget\" data-e-type=\"widget\" data-settings=\"{&quot;_animation&quot;:&quot;fadeInUp&quot;}\" data-widget_type=\"heading.default\">\n\t\t\t\t<div class=\"elementor-widget-container\">\n\t\t\t\t\t<h2 class=\"elementor-heading-title elementor-size-default\"><a href=\"https:\/\/harmoniemontreux.ch\/index.php\/agenda\/\">\ud83d\uddd3\ufe0f CONSULTEZ NOS PROCHAINS \u00c9V\u00c9NEMENTS<\/a><\/h2>\t\t\t\t<\/div>\n\t\t\t\t<\/div>\n\t\t\t\t\t<\/div>\n\t\t\t\t<\/div>\n\t\t<div class=\"elementor-element elementor-element-6b1c808 e-flex e-con-boxed e-con e-parent\" data-id=\"6b1c808\" data-element_type=\"container\" data-e-type=\"container\" data-settings=\"{&quot;background_background&quot;:&quot;classic&quot;,&quot;shape_divider_bottom&quot;:&quot;mountains&quot;}\">\n\t\t\t\t\t<div class=\"e-con-inner\">\n\t\t\t\t<div class=\"elementor-shape elementor-shape-bottom\" aria-hidden=\"true\" data-negative=\"false\">\n\t\t\t<svg xmlns=\"http:\/\/www.w3.org\/2000\/svg\" viewBox=\"0 0 1000 100\" preserveAspectRatio=\"none\">\n\t<path class=\"elementor-shape-fill\" opacity=\"0.33\" d=\"M473,67.3c-203.9,88.3-263.1-34-320.3,0C66,119.1,0,59.7,0,59.7V0h1000v59.7 c0,0-62.1,26.1-94.9,29.3c-32.8,3.3-62.8-12.3-75.8-22.1C806,49.6,745.3,8.7,694.9,4.7S492.4,59,473,67.3z\"\/>\n\t<path class=\"elementor-shape-fill\" opacity=\"0.66\" d=\"M734,67.3c-45.5,0-77.2-23.2-129.1-39.1c-28.6-8.7-150.3-10.1-254,39.1 s-91.7-34.4-149.2,0C115.7,118.3,0,39.8,0,39.8V0h1000v36.5c0,0-28.2-18.5-92.1-18.5C810.2,18.1,775.7,67.3,734,67.3z\"\/>\n\t<path class=\"elementor-shape-fill\" d=\"M766.1,28.9c-200-57.5-266,65.5-395.1,19.5C242,1.8,242,5.4,184.8,20.6C128,35.8,132.3,44.9,89.9,52.5C28.6,63.7,0,0,0,0 h1000c0,0-9.9,40.9-83.6,48.1S829.6,47,766.1,28.9z\"\/>\n<\/svg>\t\t<\/div>\n\t\t\t\t<div class=\"elementor-element elementor-element-ae9838b elementor-invisible elementor-widget elementor-widget-image\" data-id=\"ae9838b\" data-element_type=\"widget\" data-e-type=\"widget\" data-settings=\"{&quot;_animation&quot;:&quot;fadeIn&quot;}\" data-widget_type=\"image.default\">\n\t\t\t\t<div class=\"elementor-widget-container\">\n\t\t\t\t\t\t\t\t\t\t\t\t\t\t\t\t<a href=\"https:\/\/montreux.multisite.ch\/\" target=\"_blank\">\n\t\t\t\t\t\t\t<img fetchpriority=\"high\" decoding=\"async\" width=\"300\" height=\"195\" src=\"https:\/\/harmoniemontreux.ch\/wp-content\/uploads\/2022\/03\/Logo-\u00e9cole-de-musique-Montreux-copie-300x195.jpg\" class=\"attachment-medium size-medium wp-image-6092\" alt=\"\" srcset=\"https:\/\/harmoniemontreux.ch\/wp-content\/uploads\/2022\/03\/Logo-\u00e9cole-de-musique-Montreux-copie-300x195.jpg 300w, https:\/\/harmoniemontreux.ch\/wp-content\/uploads\/2022\/03\/Logo-\u00e9cole-de-musique-Montreux-copie-495x322.jpg 495w, https:\/\/harmoniemontreux.ch\/wp-content\/uploads\/2022\/03\/Logo-\u00e9cole-de-musique-Montreux-copie.jpg 496w\" sizes=\"(max-width: 300px) 100vw, 300px\" \/>\t\t\t\t\t\t\t\t<\/a>\n\t\t\t\t\t\t\t\t\t\t\t\t\t\t\t<\/div>\n\t\t\t\t<\/div>\n\t\t\t\t\t<\/div>\n\t\t\t\t<\/div>\n\t\t<div class=\"elementor-element elementor-element-ce7dfd6 e-flex e-con-boxed e-con e-parent\" data-id=\"ce7dfd6\" data-element_type=\"container\" data-e-type=\"container\">\n\t\t\t\t\t<div class=\"e-con-inner\">\n\t\t\t\t<div class=\"elementor-element elementor-element-cbc5638 elementor-widget elementor-widget-heading\" data-id=\"cbc5638\" data-element_type=\"widget\" data-e-type=\"widget\" data-widget_type=\"heading.default\">\n\t\t\t\t<div class=\"elementor-widget-container\">\n\t\t\t\t\t<h2 class=\"elementor-heading-title elementor-size-default\">Bienvenue sur le site internet du CMMC: Corps de Musique Montreux Clarens<br>Harmonie municipale<\/h2>\t\t\t\t<\/div>\n\t\t\t\t<\/div>\n\t\t\t\t<div class=\"elementor-element elementor-element-374ae56 elementor-widget elementor-widget-text-editor\" data-id=\"374ae56\" data-element_type=\"widget\" data-e-type=\"widget\" data-widget_type=\"text-editor.default\">\n\t\t\t\t<div class=\"elementor-widget-container\">\n\t\t\t\t\t\t\t\t\t<p>Concerts, cort\u00e8ges, manifestations locales : \u00e0 travers ses diff\u00e9rentes prestations, le CMMC s&rsquo;attache \u00e0 transmettre le go\u00fbt de la musique d&rsquo;ensemble et \u00e0 faire d\u00e9couvrir le r\u00e9pertoire de l&rsquo;harmonie au plus grand nombre.<\/p>\t\t\t\t\t\t\t\t<\/div>\n\t\t\t\t<\/div>\n\t\t\t\t\t<\/div>\n\t\t\t\t<\/div>\n\t\t<div class=\"elementor-element elementor-element-b5ee546 e-flex e-con-boxed e-con e-parent\" data-id=\"b5ee546\" data-element_type=\"container\" data-e-type=\"container\">\n\t\t\t\t\t<div class=\"e-con-inner\">\n\t\t\t\t<div class=\"elementor-element elementor-element-d0eebe8 elementor-widget elementor-widget-heading\" data-id=\"d0eebe8\" data-element_type=\"widget\" data-e-type=\"widget\" data-widget_type=\"heading.default\">\n\t\t\t\t<div class=\"elementor-widget-container\">\n\t\t\t\t\t<h2 class=\"elementor-heading-title elementor-size-default\">Notre Directeur<\/h2>\t\t\t\t<\/div>\n\t\t\t\t<\/div>\n\t\t\t\t<div class=\"elementor-element elementor-element-01c7209 elementor-widget elementor-widget-image\" data-id=\"01c7209\" data-element_type=\"widget\" data-e-type=\"widget\" data-widget_type=\"image.default\">\n\t\t\t\t<div class=\"elementor-widget-container\">\n\t\t\t\t\t\t\t\t\t\t\t\t\t\t\t<img decoding=\"async\" width=\"499\" height=\"465\" src=\"https:\/\/harmoniemontreux.ch\/wp-content\/uploads\/2026\/07\/directeur-musique-cmmc.webp\" class=\"attachment-large size-large wp-image-8518\" alt=\"\" srcset=\"https:\/\/harmoniemontreux.ch\/wp-content\/uploads\/2026\/07\/directeur-musique-cmmc.webp 499w, https:\/\/harmoniemontreux.ch\/wp-content\/uploads\/2026\/07\/directeur-musique-cmmc-300x280.webp 300w\" sizes=\"(max-width: 499px) 100vw, 499px\" \/>\t\t\t\t\t\t\t\t\t\t\t\t\t\t\t<\/div>\n\t\t\t\t<\/div>\n\t\t\t\t<div class=\"elementor-element elementor-element-dfb9850 elementor-widget elementor-widget-text-editor\" data-id=\"dfb9850\" data-element_type=\"widget\" data-e-type=\"widget\" data-widget_type=\"text-editor.default\">\n\t\t\t\t<div class=\"elementor-widget-container\">\n\t\t\t\t\t\t\t\t\t<p>Guillaume Masnari a d\u00e9but\u00e9 la musique au sein de la Fanfare Municipale d&rsquo;Aigle \u00e0 l&rsquo;\u00e2ge de 8 ans au tambour. Un an apr\u00e8s, il commence \u00e9galement les cours de percussion et de batterie dans la classe de Fabrice Vernay.<\/p><p>Apr\u00e8s avoir termin\u00e9 son cursus de tambour, il entre au Conservatoire de Lausanne \u00e0 la percussion dans la classe de Romain Kuonen. Durant son parcours, il s&rsquo;est distingu\u00e9 lors de diff\u00e9rents concours r\u00e9gionaux et cantonaux.<\/p><p>Afin de parfaire sa connaissance des instruments, il apprend la basse en autodidacte depuis 2020.<\/p><p>Guillaume a dirig\u00e9 la Concordia de St-Triphon, la Pers\u00e9v\u00e9rante de Mont-la-Ville et il est actuellement directeur musical des fanfares Libert\u00e9 \/ Concordia de Fully \/ Saxon et la Vouvryenne de Vouvry. Il dirige aussi l&rsquo;Ensemble Musical de Jeunes d&rsquo;Aigle, ce qui d\u00e9montre son d\u00e9vouement avec la formation et l&rsquo;int\u00e9gration des jeunes musiciens dans les soci\u00e9t\u00e9s.<\/p><p>Il officie \u00e9galement comme compositeur et arrangeur.<br \/>Il rejoindra le Corps de Musique de Montreux-Clarens en ao\u00fbt 2026.<\/p>\t\t\t\t\t\t\t\t<\/div>\n\t\t\t\t<\/div>\n\t\t\t\t\t<\/div>\n\t\t\t\t<\/div>\n\t\t<div class=\"elementor-element elementor-element-57d195e e-con-full e-flex e-con e-parent\" data-id=\"57d195e\" data-element_type=\"container\" data-e-type=\"container\" data-settings=\"{&quot;background_background&quot;:&quot;classic&quot;}\">\n\t\t<div class=\"elementor-element elementor-element-ac36b24 e-con-full mdw-turbulence-effect-area-25 e-flex e-con e-child\" data-id=\"ac36b24\" data-element_type=\"container\" data-e-type=\"container\">\n\t\t\t\t<div class=\"elementor-element elementor-element-b8fc684 elementor-hidden-desktop elementor-hidden-tablet elementor-hidden-mobile elementor-widget elementor-widget-html\" data-id=\"b8fc684\" data-element_type=\"widget\" data-e-type=\"widget\" data-widget_type=\"html.default\">\n\t\t\t\t<div class=\"elementor-widget-container\">\n\t\t\t\t\t<style>\nbody{\n    --smooth-scroll: true;\n    --fallback-circle: true;\n}\n[class^='mdw-turbulence-effect'],\n[class*=' mdw-turbulence-effect']{\n    --text-gap: 20px;\n}\n[class^='mdw-turbulence-effect'].anim .elementor-widget-heading,\n[class*=' mdw-turbulence-effect'].anim .elementor-widget-heading,\n[class^='mdw-turbulence-effect'].anim .elementor-widget-image svg,\n[class*=' mdw-turbulence-effect'].anim .elementor-widget-image svg{\n    transition: all 1s cubic-bezier(0,.33,.07,1.03);\n}\n[class^='mdw-turbulence-effect'] .elementor-widget-heading,\n[class*=' mdw-turbulence-effect'] .elementor-widget-heading{\n    opacity: 0;\n    white-space: nowrap;\n    max-width: unset !important;\n    display: flex;\n    justify-content: center;\n}\n[class^='mdw-turbulence-effect'] .elementor-widget-heading.show,\n[class*=' mdw-turbulence-effect'] .elementor-widget-heading.show,\nhtml.elementor-html [class^='mdw-turbulence-effect'] .elementor-widget-heading,\nhtml.elementor-html [class*=' mdw-turbulence-effect'] .elementor-widget-heading{\n    opacity: 1;\n}\n[class^='mdw-turbulence-effect'] p,\n[class*=' mdw-turbulence-effect'] p{\n    margin-bottom: 0;\n}\n[class^='mdw-turbulence-effect'] .elementor-widget-image svg,\n[class*=' mdw-turbulence-effect'] .elementor-widget-image svg{\n    position: absolute;\n    left: 0;\n    top: unset;\n}\n[class^='mdw-turbulence-effect'] .elementor-widget-image.eye image,\n[class*=' mdw-turbulence-effect'] .elementor-widget-image.eye image{\n    transform: none !important;\n}\n[class^='mdw-turbulence-effect'] .elementor-widget-image.eye.blur g,\n[class*=' mdw-turbulence-effect'] .elementor-widget-image.eye.blur g{\n    transform: scale(0.95);\n    transform-origin: center;\n}\n[class^='mdw-turbulence-effect'] .elementor-widget-image.eye.blur image,\n[class*=' mdw-turbulence-effect'] .elementor-widget-image.eye.blur image{\n    transform: scale(1.05) !important;\n}\n[class^='mdw-turbulence-effect'] .elementor-widget-image img,\n[class*=' mdw-turbulence-effect'] .elementor-widget-image img{\n    opacity: 0;\n}\nhtml.elementor-html [class^='mdw-turbulence-effect'] .elementor-widget-image img,\nhtml.elementor-html [class*=' mdw-turbulence-effect'] .elementor-widget-image img{\n    opacity: 1;\n}\n[class^='mdw-turbulence-effect'] .elementor-widget-text-editor,\n[class*=' mdw-turbulence-effect'] .elementor-widget-text-editor{\n    max-width: var(--container-widget-width, 100%) !important;\n}\n\n@media (max-width:767px){\n[class^='mdw-turbulence-effect'],\n[class*=' mdw-turbulence-effect']{\n    --text-gap: 10px;\n}\n[class^='mdw-turbulence-effect'] .elementor-widget-heading,\n[class*=' mdw-turbulence-effect'] .elementor-widget-heading,\n[class^='mdw-turbulence-effect'] .elementor-widget-text-editor,\n[class*=' mdw-turbulence-effect'] .elementor-widget-text-editor{\n    position: static !important;\n}\n[class^='mdw-turbulence-effect'] .elementor-widget-heading,\n[class*=' mdw-turbulence-effect'] .elementor-widget-heading{\n    max-width: 100% !important;\n}\n}\n<\/style>\n<script src=\"https:\/\/code.jquery.com\/jquery-2.2.4.min.js\"><\/script>\n<script>\nif(!MDWNonce110){\nvar MDWNonce110 = true\n;(function($){\n\nvar selector = \"[class^='mdw-turbulence-effect'], [class*=' mdw-turbulence-effect']\",\n    image = [],\n    img = [],\n    title1 = [],\n    title2 = [],\n    heading1 = [],\n    heading2 = [],\n    windowHeight,\n    windowWidth,\n    imgWidth = [],\n    imgHeight = [],\n    imgOffset = [],\n    maxRadius = [],\n    translate = [],\n    type = [],\n    brightness = { start: 0.8, end: 1.0 },\n    scale = { start: 0.9, end: 1.0 },\n    isSafari,\n    fallbackCircle,\n    previousWidth\n        \nfunction getValue(el, prop){ return getComputedStyle(el[0]).getPropertyValue(prop) }\n\nfunction init(){\n$(selector).each(function(i){\n    var $this = $(this)\n    image[i] = $this.find('.elementor-widget-image')\n    img[i] = image[i].find('img')\n    title1[i] = $this.find('.elementor-widget-heading').eq(0)\n    title2[i] = $this.find('.elementor-widget-heading').eq(1)\n    heading1[i] = title1[i].find('.elementor-heading-title')\n    heading2[i] = title2[i].find('.elementor-heading-title')\n    $('body').append('<div class=\"mdw-100vh\" style=\"height: 100vh;display: none;\"><\/div>')\n    isSafari = \/^((?!chrome|android).)*safari\/i.test(navigator.userAgent)\n    fallbackCircle = getValue($('body'),'--fallback-circle') && getValue($('body'),'--fallback-circle') == 'true'\n})\n}\n\nfunction setValues(){\n\nwindowHeight = $('.mdw-100vh').height()\nwindowWidth = $(window).width()\n\n$(selector).each(function(i){\n    var $this = $(this)\n    \n    imgWidth[i] = img[i].width()\n    imgHeight[i] = img[i].height()\n    maxRadius[i] = Math.sqrt(Math.pow(imgWidth[i]\/2,2)+Math.pow(imgHeight[i]\/2,2))+10\n    if(isSafari && !fallbackCircle && maxRadius[i] > 850) maxRadius[i] = 850\n})\n}\n\nfunction getSrc(img) {\n    var srcset = img.attr('srcset'), src\n    if (srcset){\n        var sources = srcset.split(',').map(source => source.trim()),\n        largestImage = null,\n        largestWidth = 0\n    \n        sources.forEach(source => {\n            var [url, width] = source.split(\/\\s+\/),\n            widthValue = parseFloat(width.replace('w', ''))\n    \n            if (widthValue > largestWidth) {\n                largestWidth = widthValue\n                largestImage = url\n            }\n        })\n        src = largestImage\n    }else{\n        src = img.attr('src')\n    }\n    return src\n}\n\nfunction setSVG(){\n$(selector).each(function(i){\n    var $this = $(this),\n    imgNaturalWidth = img[i][0].naturalWidth,\n    imgNaturalHeight = img[i][0].naturalHeight,\n    imgContainer =  image[i].find('.elementor-widget-container'),\n    imgUrl = getSrc(img[i]),\n    className = $this.attr('class'),\n    classNameIndex = className.indexOf('mdw-turbulence-effect'),\n    shortClass = className.substring(classNameIndex, className.indexOf(' ',classNameIndex)),\n    values = shortClass.split('-'),\n    blurHTML = shortClass.search('blur') == -1 || windowWidth < 768 || isSafari ? '' : '<feGaussianBlur in=\"displacement\" stdDeviation=\"10\"><\/feGaussianBlur>',\n    shapeHTML = `<circle cx=\"50%\" cy=\"50%\" fill=\"white\" class=\"mask\" style=\"filter: url(#MDWFilter${i+1});\"><\/circle>`,\n    eyeClass = '',\n    effectResolution = 0.03,\n    effectArea = 50,\n    effectOctave = 3,\n    effectHTML,\n    svgHTML\n    \n    values.forEach(function(value, index){\n        if(value=='resolution' && values[index+1] && !isNaN(values[index+1])){ effectResolution = parseFloat(values[index+1])*0.003 }\n        if(value=='area' && values[index+1] && !isNaN(values[index+1])){ effectArea = parseFloat(values[index+1])*5 }\n    })\n    \n    if(effectArea > 100) effectOctave = 1\n    \n    if(blurHTML){\n        image[i].addClass('blur')\n        effectResolution = 0.01\n        effectArea = 150\n        effectOctave = 3\n    }\n    \n    type[i] = 'circle'\n    if(shortClass.search('eye') != -1){\n        type[i] = 'eye'\n        image[i].addClass('eye')\n        effectResolution = 0.06\n        if(blurHTML) effectResolution = 0\n        effectArea = 50\n        shapeHTML = `<path d=\"M 0 ${imgHeight[i]\/2} Q ${imgWidth[i]\/2} ${3*imgHeight[i]\/2 - 2*12} ${imgWidth[i]} ${imgHeight[i]\/2} Q ${imgWidth[i]\/2} ${2*12 - imgHeight[i]\/2} 0 ${imgHeight[i]\/2}\" fill=\"white\" class=\"mask\" style=\"filter: url(#MDWFilter${i+1});\"><\/path>`\n    }\n    \n    if( fallbackCircle && (windowWidth < 768 || isSafari) ){\n        effectHTML = ''\n    }else{\n        effectHTML = \n        `<defs>\n            <filter id=\"MDWFilter${i+1}\">\n                <feTurbulence type=\"fractalNoise\" baseFrequency=\"${effectResolution}\" numOctaves=\"${effectOctave}\" result=\"noise\"><\/feTurbulence>\n                \n                <feDisplacementMap in=\"SourceGraphic\" in2=\"noise\" scale=\"${effectArea}\" xChannelSelector=\"R\" yChannelSelector=\"G\"><\/feDisplacementMap>\n                ${blurHTML}\n            <\/filter>\n            <mask id=\"MDWCircle${i+1}\">\n                ${shapeHTML}\n            <\/mask>\n        <\/defs>`\n    }\n    \n    svgHTML = \n    `<svg width=\"${imgWidth[i]}\" height=\"${imgHeight[i]}\" version=\"1.1\" xmlns=\"http:\/\/www.w3.org\/2000\/svg\" xmlns:xlink=\"http:\/\/www.w3.org\/1999\/xlink\" viewBox=\"0 0 ${imgWidth[i]} ${imgHeight[i]}\">\n        ${effectHTML}\n        <g mask=\"url(#MDWCircle${i+1})\">\n            <image href=\"${imgUrl}\" width=\"${imgWidth[i]}\" height=\"${imgHeight[i]}\" style=\"transform: scale(${scale.start}); transform-origin: center center; filter: brightness(${brightness.start});\" preserveAspectRatio=\"xMidYMid slice\"><\/image>\n        <\/g>\n    <\/svg>`\n    \n    imgContainer.find('svg').remove()\n    imgContainer.append(svgHTML)\n})\n}\n\nfunction getOffset(el){\n    var left = 0, top = 0\n    do{\n      if (!isNaN(el.offsetLeft)) left += el.offsetLeft\n      if (!isNaN(el.offsetTop)) top += el.offsetTop\n    }while(el = el.offsetParent)\n    return { top, left }\n}\n\nfunction setInitTranslate(){\n\nvar scrollTop = $(window).scrollTop()\n    \n$(selector).each(function(i){\n    var $this = $(this),\n    H1Offset = getOffset(heading1[i][0]),\n    H2Offset = getOffset(heading2[i][0]),\n    imgOffset = getOffset(img[i][0]),\n    textGap = !isNaN(parseFloat(getValue($this, '--text-gap'))) ? parseFloat(getValue($this, '--text-gap')) : 20,\n    T1X,T1Y,T2X,T2Y\n    \n    T1X = - H1Offset.left + (windowWidth - heading1[i].width() - heading2[i].width() - textGap) \/ 2\n    T1Y = imgOffset.top - H1Offset.top + (imgHeight[i] - heading1[i].height())\/2\n    T2X = - H2Offset.left + (windowWidth + heading1[i].width() - heading2[i].width() + textGap) \/ 2\n    T2Y = imgOffset.top - H2Offset.top + (imgHeight[i] - heading2[i].height())\/2\n    \n    translate[i] = {T1X,T1Y,T2X,T2Y}\n})\n}\n\nfunction getScrollValue(imgOffset, imgHeight, startPercent, endPercent, inverse= false){\n    var start = startPercent\/100*windowHeight,\n    end = endPercent\/100*windowHeight,\n    scrollValue = (imgOffset.top+imgHeight\/2-start)\/(end - start),\n    value = Math.max(Math.min(scrollValue,1),0)\n        \n    if(inverse) value = 1 - value\n    return value\n}\n\nfunction revealImage(startPercent){\n    \nvar imgStartPercent = 90,\n    imgEndPercent = 60\n\n$(selector).each(function(i){\n    \n    imgOffset[i] = img[i][0].getBoundingClientRect()\n    \n    var svg = image[i].find('svg'),\n    svgCircle = svg.find('circle'),\n    svgPath = svg.find('path'),\n    svgGroup = svg.find('g'),\n    svgImage = svg.find('image'),\n    revealAmount = getScrollValue(imgOffset[i], imgHeight[i], imgStartPercent, imgEndPercent),\n    currentBrightness = brightness.start + (brightness.end - brightness.start)*revealAmount,\n    currentScale = scale.start + (scale.end - scale.start)*revealAmount,\n    curretRadius = maxRadius[i]*revealAmount\n    \n    svgImage.css({\n        'filter': `brightness(${currentBrightness})`,\n        'transform': `scale(${currentScale})`\n    })\n    \n    if( fallbackCircle && (windowWidth < 768 || isSafari) ){\n        if( type[i] == 'circle' ) {\n            svg.css('clip-path', `circle(${curretRadius}px at 50% 50%)`)\n        }else{\n            svg.css('clip-path', `ellipse(50% ${revealAmount*50}% at 50% 50%)`)\n        }\n    }else{\n        if( type[i] == 'circle' ) {\n            svgCircle.attr('r', curretRadius)    \n        }else{\n            svgGroup.attr('mask', `url(#MDWCircle${i+1})`)\n            svgPath.attr('d', `M 0 ${imgHeight[i]\/2} Q ${imgWidth[i]\/2} ${imgHeight[i]\/2 + (imgHeight[i] - 2*12)*revealAmount} ${imgWidth[i]} ${imgHeight[i]\/2} Q ${imgWidth[i]\/2} ${imgHeight[i]\/2 + (2*12 - imgHeight[i])*revealAmount} 0 ${imgHeight[i]\/2}`)\n        }\n    }\n})\n}\n\nfunction moveText(startPercent){\n    \nvar titleStartPercent = 90,\n    titleEndPercent = 50\n\n$(selector).each(function(i){\n    \n    var $this = $(this),\n    translateAmount = getScrollValue(imgOffset[i], imgHeight[i], titleStartPercent, titleEndPercent, true),\n    T1T = {x: translate[i].T1X*translateAmount, y: translate[i].T1Y*translateAmount}\n    T2T = {x: translate[i].T2X*translateAmount, y: translate[i].T2Y*translateAmount}\n    \n    title1[i].css('transform', `translate(${T1T.x}px, ${T1T.y}px)`)\n    title2[i].css('transform', `translate(${T2T.x}px, ${T2T.y}px)`)\n    title1[i].addClass('show')\n    title2[i].addClass('show')\n    setTimeout(function(){ $this.addClass('anim') }, 50)\n\n})\n}\n\nfunction scrollAnimation(){\n    revealImage()\n    moveText()\n}\n\nfunction runAnimation(e){\n    if(e.type=='load') init()\n    setValues()\n    setSVG()\n    setInitTranslate()\n    scrollAnimation()\n}\n\n$(document).ready(init)\n$(window).on('scroll', scrollAnimation)\n$(window).on('load resize', function(e){\n    if(e.type=='resize' && $(window).width() < 768 && $(window).width() == previousWidth) return\n    runAnimation(e)\n    setTimeout(function(){ runAnimation(e) }, 100)\n    setTimeout(function(){ runAnimation(e) }, 500)\n    setTimeout(function(){ runAnimation(e) }, 1000)\n    previousWidth = $(window).width()\n})\n\n})(jQuery)\n}\n<\/script>\n\n<!-- Smooth Scroll with Lenis JS -->\n\n<style>\nhtml.lenis, html.lenis body {\n  height: auto;\n}\n.lenis.lenis-smooth {\n  scroll-behavior: auto !important;\n}\n.lenis.lenis-smooth [data-lenis-prevent] {\n  overscroll-behavior: contain;\n}\n.lenis.lenis-stopped {\n  overflow: hidden;\n}\n.lenis.lenis-smooth iframe {\n  pointer-events: none;\n}\n<\/style>\n<script src=\"https:\/\/unpkg.com\/lenis@1.1.11\/dist\/lenis.min.js\"><\/script> \n<script>\n$(document).ready(function(){\n\nvar smoothScroll = getComputedStyle(document.body).getPropertyValue('--smooth-scroll'),\n    smoothScroll = smoothScroll && smoothScroll == 'true'\n\nif(smoothScroll){\n    var lenis = new Lenis()\n    function raf(time) {\n      lenis.raf(time)\n      requestAnimationFrame(raf)\n    }\n    requestAnimationFrame(raf)\n}\n})\n<\/script>\t\t\t\t<\/div>\n\t\t\t\t<\/div>\n\t\t\t\t<div class=\"elementor-element elementor-element-a686a6a elementor-widget__width-inherit elementor-widget elementor-widget-image\" data-id=\"a686a6a\" data-element_type=\"widget\" data-e-type=\"widget\" data-widget_type=\"image.default\">\n\t\t\t\t<div class=\"elementor-widget-container\">\n\t\t\t\t\t\t\t\t\t\t\t\t\t\t\t<img loading=\"lazy\" decoding=\"async\" width=\"1030\" height=\"361\" src=\"https:\/\/harmoniemontreux.ch\/wp-content\/uploads\/2025\/03\/banner-1030x361.webp\" class=\"attachment-large size-large wp-image-7605\" alt=\"\" srcset=\"https:\/\/harmoniemontreux.ch\/wp-content\/uploads\/2025\/03\/banner-1030x361.webp 1030w, https:\/\/harmoniemontreux.ch\/wp-content\/uploads\/2025\/03\/banner-300x105.webp 300w, https:\/\/harmoniemontreux.ch\/wp-content\/uploads\/2025\/03\/banner-768x269.webp 768w, https:\/\/harmoniemontreux.ch\/wp-content\/uploads\/2025\/03\/banner-1536x538.webp 1536w, https:\/\/harmoniemontreux.ch\/wp-content\/uploads\/2025\/03\/banner-1500x525.webp 1500w, https:\/\/harmoniemontreux.ch\/wp-content\/uploads\/2025\/03\/banner-705x247.webp 705w, https:\/\/harmoniemontreux.ch\/wp-content\/uploads\/2025\/03\/banner-1210x423.webp 1210w, https:\/\/harmoniemontreux.ch\/wp-content\/uploads\/2025\/03\/banner.webp 2000w\" sizes=\"(max-width: 1030px) 100vw, 1030px\" \/>\t\t\t\t\t\t\t\t\t\t\t\t\t\t\t<\/div>\n\t\t\t\t<\/div>\n\t\t\t\t<\/div>\n\t\t\t\t<\/div>\n\t\t\t\t<\/div>\n\t\t","protected":false},"excerpt":{"rendered":"<p>Corps de musique de Montreux-Clarens HARMONIE MUNICIPALE Instagram Facebook Notre prochain concert: 12 septembre\u00a0: 125e anniversaire du MOB \u00e0 Chernex \ud83d\uddd3\ufe0f CONSULTEZ NOS PROCHAINS \u00c9V\u00c9NEMENTS Bienvenue sur le site internet du CMMC: Corps de Musique Montreux ClarensHarmonie municipale Concerts, cort\u00e8ges, manifestations locales : \u00e0 travers ses diff\u00e9rentes prestations, le CMMC s&rsquo;attache \u00e0 transmettre le go\u00fbt [&hellip;]<\/p>\n","protected":false},"author":51,"featured_media":0,"parent":0,"menu_order":0,"comment_status":"closed","ping_status":"closed","template":"elementor_header_footer","meta":{"footnotes":""},"class_list":["post-7577","page","type-page","status-publish","hentry"],"yoast_head":"<!-- This site is optimized with the Yoast SEO plugin v28.4 - https:\/\/yoast.com\/product\/yoast-seo-wordpress\/ -->\n<title>CMMC Harmonie Montreux | Corps de Musique Montreux Clarens<\/title>\n<meta name=\"description\" content=\"D\u00e9couvrez le CMMC : Harmonie de Montreux Clarens. Concerts, \u00e9v\u00e9nements et \u00e9cole de musique. Rejoignez-nous et vivez notre passion musicale!\" \/>\n<meta name=\"robots\" content=\"index, follow, max-snippet:-1, max-image-preview:large, max-video-preview:-1\" \/>\n<link rel=\"canonical\" href=\"https:\/\/harmoniemontreux.ch\/\" \/>\n<meta property=\"og:locale\" content=\"fr_FR\" \/>\n<meta property=\"og:type\" content=\"article\" \/>\n<meta property=\"og:title\" content=\"CMMC Harmonie Montreux | Corps de Musique Montreux Clarens\" \/>\n<meta property=\"og:description\" content=\"D\u00e9couvrez le CMMC : Harmonie de Montreux Clarens. Concerts, \u00e9v\u00e9nements et \u00e9cole de musique. Rejoignez-nous et vivez notre passion musicale!\" \/>\n<meta property=\"og:url\" content=\"https:\/\/harmoniemontreux.ch\/\" \/>\n<meta property=\"og:site_name\" content=\"CMMC Harmonie Montreux\" \/>\n<meta property=\"article:publisher\" content=\"https:\/\/www.facebook.com\/groups\/1606446626347473\" \/>\n<meta property=\"article:modified_time\" content=\"2026-08-06T09:09:15+00:00\" \/>\n<meta property=\"og:image\" content=\"https:\/\/harmoniemontreux.ch\/wp-content\/uploads\/2025\/03\/logo_ecusson_commune_montreux_cmmc.png\" \/>\n\t<meta property=\"og:image:width\" content=\"60\" \/>\n\t<meta property=\"og:image:height\" content=\"75\" \/>\n\t<meta property=\"og:image:type\" content=\"image\/png\" \/>\n<meta name=\"twitter:card\" content=\"summary_large_image\" \/>\n<meta name=\"twitter:label1\" content=\"Dur\u00e9e de lecture estim\u00e9e\" \/>\n\t<meta name=\"twitter:data1\" content=\"3 minutes\" \/>\n<script type=\"application\/ld+json\" class=\"yoast-schema-graph\">{\"@context\":\"https:\\\/\\\/schema.org\",\"@graph\":[{\"@type\":\"WebPage\",\"@id\":\"https:\\\/\\\/harmoniemontreux.ch\\\/\",\"url\":\"https:\\\/\\\/harmoniemontreux.ch\\\/\",\"name\":\"CMMC Harmonie Montreux | Corps de Musique Montreux Clarens\",\"isPartOf\":{\"@id\":\"https:\\\/\\\/harmoniemontreux.ch\\\/#website\"},\"primaryImageOfPage\":{\"@id\":\"https:\\\/\\\/harmoniemontreux.ch\\\/#primaryimage\"},\"image\":{\"@id\":\"https:\\\/\\\/harmoniemontreux.ch\\\/#primaryimage\"},\"thumbnailUrl\":\"https:\\\/\\\/harmoniemontreux.ch\\\/wp-content\\\/uploads\\\/2025\\\/03\\\/logo_ecusson_commune_montreux_cmmc.png\",\"datePublished\":\"2025-03-17T17:17:59+00:00\",\"dateModified\":\"2026-08-06T09:09:15+00:00\",\"description\":\"D\u00e9couvrez le CMMC : Harmonie de Montreux Clarens. Concerts, \u00e9v\u00e9nements et \u00e9cole de musique. Rejoignez-nous et vivez notre passion musicale!\",\"breadcrumb\":{\"@id\":\"https:\\\/\\\/harmoniemontreux.ch\\\/#breadcrumb\"},\"inLanguage\":\"fr-FR\",\"potentialAction\":[{\"@type\":\"ReadAction\",\"target\":[\"https:\\\/\\\/harmoniemontreux.ch\\\/\"]}]},{\"@type\":\"ImageObject\",\"inLanguage\":\"fr-FR\",\"@id\":\"https:\\\/\\\/harmoniemontreux.ch\\\/#primaryimage\",\"url\":\"https:\\\/\\\/harmoniemontreux.ch\\\/wp-content\\\/uploads\\\/2025\\\/03\\\/logo_ecusson_commune_montreux_cmmc.png\",\"contentUrl\":\"https:\\\/\\\/harmoniemontreux.ch\\\/wp-content\\\/uploads\\\/2025\\\/03\\\/logo_ecusson_commune_montreux_cmmc.png\",\"width\":60,\"height\":75},{\"@type\":\"BreadcrumbList\",\"@id\":\"https:\\\/\\\/harmoniemontreux.ch\\\/#breadcrumb\",\"itemListElement\":[{\"@type\":\"ListItem\",\"position\":1,\"name\":\"Accueil\",\"item\":\"https:\\\/\\\/harmoniemontreux.ch\\\/\"},{\"@type\":\"ListItem\",\"position\":2,\"name\":\"Harmonie Montreux\"}]},{\"@type\":\"WebSite\",\"@id\":\"https:\\\/\\\/harmoniemontreux.ch\\\/#website\",\"url\":\"https:\\\/\\\/harmoniemontreux.ch\\\/\",\"name\":\"CMMC Harmonie Montreux\",\"description\":\"Corps de Musique de Montreux-Clarens\",\"publisher\":{\"@id\":\"https:\\\/\\\/harmoniemontreux.ch\\\/#organization\"},\"potentialAction\":[{\"@type\":\"SearchAction\",\"target\":{\"@type\":\"EntryPoint\",\"urlTemplate\":\"https:\\\/\\\/harmoniemontreux.ch\\\/?s={search_term_string}\"},\"query-input\":{\"@type\":\"PropertyValueSpecification\",\"valueRequired\":true,\"valueName\":\"search_term_string\"}}],\"inLanguage\":\"fr-FR\"},{\"@type\":\"Organization\",\"@id\":\"https:\\\/\\\/harmoniemontreux.ch\\\/#organization\",\"name\":\"CMMC Harmonie Montreux\",\"url\":\"https:\\\/\\\/harmoniemontreux.ch\\\/\",\"logo\":{\"@type\":\"ImageObject\",\"inLanguage\":\"fr-FR\",\"@id\":\"https:\\\/\\\/harmoniemontreux.ch\\\/#\\\/schema\\\/logo\\\/image\\\/\",\"url\":\"https:\\\/\\\/harmoniemontreux.ch\\\/wp-content\\\/uploads\\\/2025\\\/08\\\/logo_harmonie_montreux_cmmc_web-mini.png\",\"contentUrl\":\"https:\\\/\\\/harmoniemontreux.ch\\\/wp-content\\\/uploads\\\/2025\\\/08\\\/logo_harmonie_montreux_cmmc_web-mini.png\",\"width\":167,\"height\":167,\"caption\":\"CMMC Harmonie Montreux\"},\"image\":{\"@id\":\"https:\\\/\\\/harmoniemontreux.ch\\\/#\\\/schema\\\/logo\\\/image\\\/\"},\"sameAs\":[\"https:\\\/\\\/www.facebook.com\\\/groups\\\/1606446626347473\",\"https:\\\/\\\/www.instagram.com\\\/cmmc_harmoniemontreux\\\/\"]}]}<\/script>\n<!-- \/ Yoast SEO plugin. -->","yoast_head_json":{"title":"CMMC Harmonie Montreux | Corps de Musique Montreux Clarens","description":"D\u00e9couvrez le CMMC : Harmonie de Montreux Clarens. Concerts, \u00e9v\u00e9nements et \u00e9cole de musique. Rejoignez-nous et vivez notre passion musicale!","robots":{"index":"index","follow":"follow","max-snippet":"max-snippet:-1","max-image-preview":"max-image-preview:large","max-video-preview":"max-video-preview:-1"},"canonical":"https:\/\/harmoniemontreux.ch\/","og_locale":"fr_FR","og_type":"article","og_title":"CMMC Harmonie Montreux | Corps de Musique Montreux Clarens","og_description":"D\u00e9couvrez le CMMC : Harmonie de Montreux Clarens. Concerts, \u00e9v\u00e9nements et \u00e9cole de musique. Rejoignez-nous et vivez notre passion musicale!","og_url":"https:\/\/harmoniemontreux.ch\/","og_site_name":"CMMC Harmonie Montreux","article_publisher":"https:\/\/www.facebook.com\/groups\/1606446626347473","article_modified_time":"2026-08-06T09:09:15+00:00","og_image":[{"width":60,"height":75,"url":"https:\/\/harmoniemontreux.ch\/wp-content\/uploads\/2025\/03\/logo_ecusson_commune_montreux_cmmc.png","type":"image\/png"}],"twitter_card":"summary_large_image","twitter_misc":{"Dur\u00e9e de lecture estim\u00e9e":"3 minutes"},"schema":{"@context":"https:\/\/schema.org","@graph":[{"@type":"WebPage","@id":"https:\/\/harmoniemontreux.ch\/","url":"https:\/\/harmoniemontreux.ch\/","name":"CMMC Harmonie Montreux | Corps de Musique Montreux Clarens","isPartOf":{"@id":"https:\/\/harmoniemontreux.ch\/#website"},"primaryImageOfPage":{"@id":"https:\/\/harmoniemontreux.ch\/#primaryimage"},"image":{"@id":"https:\/\/harmoniemontreux.ch\/#primaryimage"},"thumbnailUrl":"https:\/\/harmoniemontreux.ch\/wp-content\/uploads\/2025\/03\/logo_ecusson_commune_montreux_cmmc.png","datePublished":"2025-03-17T17:17:59+00:00","dateModified":"2026-08-06T09:09:15+00:00","description":"D\u00e9couvrez le CMMC : Harmonie de Montreux Clarens. Concerts, \u00e9v\u00e9nements et \u00e9cole de musique. Rejoignez-nous et vivez notre passion musicale!","breadcrumb":{"@id":"https:\/\/harmoniemontreux.ch\/#breadcrumb"},"inLanguage":"fr-FR","potentialAction":[{"@type":"ReadAction","target":["https:\/\/harmoniemontreux.ch\/"]}]},{"@type":"ImageObject","inLanguage":"fr-FR","@id":"https:\/\/harmoniemontreux.ch\/#primaryimage","url":"https:\/\/harmoniemontreux.ch\/wp-content\/uploads\/2025\/03\/logo_ecusson_commune_montreux_cmmc.png","contentUrl":"https:\/\/harmoniemontreux.ch\/wp-content\/uploads\/2025\/03\/logo_ecusson_commune_montreux_cmmc.png","width":60,"height":75},{"@type":"BreadcrumbList","@id":"https:\/\/harmoniemontreux.ch\/#breadcrumb","itemListElement":[{"@type":"ListItem","position":1,"name":"Accueil","item":"https:\/\/harmoniemontreux.ch\/"},{"@type":"ListItem","position":2,"name":"Harmonie Montreux"}]},{"@type":"WebSite","@id":"https:\/\/harmoniemontreux.ch\/#website","url":"https:\/\/harmoniemontreux.ch\/","name":"CMMC Harmonie Montreux","description":"Corps de Musique de Montreux-Clarens","publisher":{"@id":"https:\/\/harmoniemontreux.ch\/#organization"},"potentialAction":[{"@type":"SearchAction","target":{"@type":"EntryPoint","urlTemplate":"https:\/\/harmoniemontreux.ch\/?s={search_term_string}"},"query-input":{"@type":"PropertyValueSpecification","valueRequired":true,"valueName":"search_term_string"}}],"inLanguage":"fr-FR"},{"@type":"Organization","@id":"https:\/\/harmoniemontreux.ch\/#organization","name":"CMMC Harmonie Montreux","url":"https:\/\/harmoniemontreux.ch\/","logo":{"@type":"ImageObject","inLanguage":"fr-FR","@id":"https:\/\/harmoniemontreux.ch\/#\/schema\/logo\/image\/","url":"https:\/\/harmoniemontreux.ch\/wp-content\/uploads\/2025\/08\/logo_harmonie_montreux_cmmc_web-mini.png","contentUrl":"https:\/\/harmoniemontreux.ch\/wp-content\/uploads\/2025\/08\/logo_harmonie_montreux_cmmc_web-mini.png","width":167,"height":167,"caption":"CMMC Harmonie Montreux"},"image":{"@id":"https:\/\/harmoniemontreux.ch\/#\/schema\/logo\/image\/"},"sameAs":["https:\/\/www.facebook.com\/groups\/1606446626347473","https:\/\/www.instagram.com\/cmmc_harmoniemontreux\/"]}]}},"_links":{"self":[{"href":"https:\/\/harmoniemontreux.ch\/index.php\/wp-json\/wp\/v2\/pages\/7577","targetHints":{"allow":["GET"]}}],"collection":[{"href":"https:\/\/harmoniemontreux.ch\/index.php\/wp-json\/wp\/v2\/pages"}],"about":[{"href":"https:\/\/harmoniemontreux.ch\/index.php\/wp-json\/wp\/v2\/types\/page"}],"author":[{"embeddable":true,"href":"https:\/\/harmoniemontreux.ch\/index.php\/wp-json\/wp\/v2\/users\/51"}],"replies":[{"embeddable":true,"href":"https:\/\/harmoniemontreux.ch\/index.php\/wp-json\/wp\/v2\/comments?post=7577"}],"version-history":[{"count":237,"href":"https:\/\/harmoniemontreux.ch\/index.php\/wp-json\/wp\/v2\/pages\/7577\/revisions"}],"predecessor-version":[{"id":8562,"href":"https:\/\/harmoniemontreux.ch\/index.php\/wp-json\/wp\/v2\/pages\/7577\/revisions\/8562"}],"wp:attachment":[{"href":"https:\/\/harmoniemontreux.ch\/index.php\/wp-json\/wp\/v2\/media?parent=7577"}],"curies":[{"name":"wp","href":"https:\/\/api.w.org\/{rel}","templated":true}]}}