{"id":15,"date":"2016-04-25T16:06:56","date_gmt":"2016-04-25T16:06:56","guid":{"rendered":"http:\/\/https:\/\/harmoniemontreux.ch\/\/?page_id=15"},"modified":"2020-02-02T18:03:13","modified_gmt":"2020-02-02T17:03:13","slug":"galerie","status":"publish","type":"page","link":"https:\/\/harmoniemontreux.ch\/index.php\/galerie\/","title":{"rendered":"GALERIE"},"content":{"rendered":"<div  id=\"av-sc-portfolio-1\"  class=' grid-sort-container isotope   no_margin-container with-title-container grid-total-even grid-col-6 grid-links-' data-portfolio-id='1'><div data-ajax-id='8535' class=' grid-entry flex_column isotope-item all_sort no_margin post-entry post-entry-8535 grid-entry-overview grid-loop-1 grid-parity-odd  soiree-2023_sort soiree-annuelle-2019_sort  av_one_sixth first default_av_fullwidth '><article class='main_color inner-entry'  itemscope=\"itemscope\" itemtype=\"https:\/\/schema.org\/CreativeWork\" ><a href=\"https:\/\/harmoniemontreux.ch\/index.php\/portfolio-item\/fete-nationale-01-aout\/\" title='1er ao\u00fbt 2026'  data-rel='grid-1' class='grid-image avia-hover-fx'> <img fetchpriority=\"high\" fetchpriority=\"high\" decoding=\"async\" fetchpriority=\"high\" width=\"260\" height=\"185\" src=\"https:\/\/harmoniemontreux.ch\/wp-content\/uploads\/2026\/08\/WhatsApp-Image-2026-08-05-at-19.59.12-1-260x185.webp\" class=\"wp-image-8542 avia-img-lazy-loading-not-8542 attachment-portfolio_small size-portfolio_small wp-post-image\" alt=\"\" \/><\/a><div class='grid-content'><div class='avia-arrow'><\/div><header class=\"entry-content-header\" aria-label=\"Portfolio : 1er ao\u00fbt 2026\"><h3 class='grid-entry-title entry-title '  itemprop=\"headline\" ><a href='https:\/\/harmoniemontreux.ch\/index.php\/portfolio-item\/fete-nationale-01-aout\/' title='1er ao\u00fbt 2026'>1er ao\u00fbt 2026<\/a><\/h3><\/header><\/div><footer class=\"entry-footer\"><\/footer><\/article><\/div><div data-ajax-id='8491' class=' grid-entry flex_column isotope-item all_sort no_margin post-entry post-entry-8491 grid-entry-overview grid-loop-2 grid-parity-even  soiree-2023_sort soiree-annuelle-2019_sort  av_one_sixth  default_av_fullwidth '><article class='main_color inner-entry'  itemscope=\"itemscope\" itemtype=\"https:\/\/schema.org\/CreativeWork\" ><a href=\"https:\/\/harmoniemontreux.ch\/index.php\/portfolio-item\/giron-noville-2026\/\" title='Giron \u00e0 Noville &#8211; 14.06.2026'  data-rel='grid-1' class='grid-image avia-hover-fx'> <img fetchpriority=\"high\" fetchpriority=\"high\" decoding=\"async\" fetchpriority=\"high\" width=\"260\" height=\"185\" src=\"https:\/\/harmoniemontreux.ch\/wp-content\/uploads\/2026\/07\/WhatsApp-Image-2026-07-18-at-17.58.27-3-260x185.jpeg\" class=\"wp-image-8493 avia-img-lazy-loading-not-8493 attachment-portfolio_small size-portfolio_small wp-post-image\" alt=\"\" \/><\/a><div class='grid-content'><div class='avia-arrow'><\/div><header class=\"entry-content-header\" aria-label=\"Portfolio : Giron \u00e0 Noville &#8211; 14.06.2026\"><h3 class='grid-entry-title entry-title '  itemprop=\"headline\" ><a href='https:\/\/harmoniemontreux.ch\/index.php\/portfolio-item\/giron-noville-2026\/' title='Giron \u00e0 Noville &#8211; 14.06.2026'>Giron \u00e0 Noville &#8211; 14.06.2026<\/a><\/h3><\/header><\/div><footer class=\"entry-footer\"><\/footer><\/article><\/div><div data-ajax-id='8347' class=' grid-entry flex_column isotope-item all_sort no_margin post-entry post-entry-8347 grid-entry-overview grid-loop-3 grid-parity-odd  soiree-2023_sort soiree-annuelle-2019_sort  av_one_sixth  default_av_fullwidth '><article class='main_color inner-entry'  itemscope=\"itemscope\" itemtype=\"https:\/\/schema.org\/CreativeWork\" ><a href=\"https:\/\/harmoniemontreux.ch\/index.php\/portfolio-item\/soirees-annuelles-31-janvier-et-1-fevrier-2026\/\" title='Soir\u00e9es annuelles 31 janvier et 1 f\u00e9vrier 2026'  data-rel='grid-1' class='grid-image avia-hover-fx'> <img fetchpriority=\"high\" fetchpriority=\"high\" decoding=\"async\" fetchpriority=\"high\" width=\"260\" height=\"185\" src=\"https:\/\/harmoniemontreux.ch\/wp-content\/uploads\/2026\/02\/WhatsApp-Image-2026-02-09-at-16.12.54-260x185.jpeg\" class=\"wp-image-8355 avia-img-lazy-loading-not-8355 attachment-portfolio_small size-portfolio_small wp-post-image\" alt=\"\" \/><\/a><div class='grid-content'><div class='avia-arrow'><\/div><header class=\"entry-content-header\" aria-label=\"Portfolio : Soir\u00e9es annuelles 31 janvier et 1 f\u00e9vrier 2026\"><h3 class='grid-entry-title entry-title '  itemprop=\"headline\" ><a href='https:\/\/harmoniemontreux.ch\/index.php\/portfolio-item\/soirees-annuelles-31-janvier-et-1-fevrier-2026\/' title='Soir\u00e9es annuelles 31 janvier et 1 f\u00e9vrier 2026'>Soir\u00e9es annuelles 31 janvier et 1 f\u00e9vrier 2026<\/a><\/h3><\/header><\/div><footer class=\"entry-footer\"><\/footer><\/article><\/div><div data-ajax-id='8308' class=' grid-entry flex_column isotope-item all_sort no_margin post-entry post-entry-8308 grid-entry-overview grid-loop-4 grid-parity-even  soiree-2023_sort soiree-annuelle-2019_sort  av_one_sixth  default_av_fullwidth '><article class='main_color inner-entry'  itemscope=\"itemscope\" itemtype=\"https:\/\/schema.org\/CreativeWork\" ><a href=\"https:\/\/harmoniemontreux.ch\/index.php\/portfolio-item\/foire-de-brent-2025\/\" title='Foire de Brent 2025'  data-rel='grid-1' class='grid-image avia-hover-fx'> <img fetchpriority=\"high\" fetchpriority=\"high\" decoding=\"async\" fetchpriority=\"high\" width=\"260\" height=\"185\" src=\"https:\/\/harmoniemontreux.ch\/wp-content\/uploads\/2025\/12\/WhatsApp-Image-2025-12-01-at-18.46.30-260x185.jpeg\" class=\"wp-image-8314 avia-img-lazy-loading-not-8314 attachment-portfolio_small size-portfolio_small wp-post-image\" alt=\"\" \/><\/a><div class='grid-content'><div class='avia-arrow'><\/div><header class=\"entry-content-header\" aria-label=\"Portfolio : Foire de Brent 2025\"><h3 class='grid-entry-title entry-title '  itemprop=\"headline\" ><a href='https:\/\/harmoniemontreux.ch\/index.php\/portfolio-item\/foire-de-brent-2025\/' title='Foire de Brent 2025'>Foire de Brent 2025<\/a><\/h3><\/header><\/div><footer class=\"entry-footer\"><\/footer><\/article><\/div><div data-ajax-id='8257' class=' grid-entry flex_column isotope-item all_sort no_margin post-entry post-entry-8257 grid-entry-overview grid-loop-5 grid-parity-odd  soiree-2023_sort soiree-annuelle-2019_sort  av_one_sixth  default_av_fullwidth '><article class='main_color inner-entry'  itemscope=\"itemscope\" itemtype=\"https:\/\/schema.org\/CreativeWork\" ><a href=\"https:\/\/harmoniemontreux.ch\/index.php\/portfolio-item\/faire-st-martin-vevey-2025\/\" title='Foire de la St-Martin Vevey &#8211; Novembre 2025'  data-rel='grid-1' class='grid-image avia-hover-fx'> <img fetchpriority=\"high\" fetchpriority=\"high\" decoding=\"async\" fetchpriority=\"high\" width=\"260\" height=\"185\" src=\"https:\/\/harmoniemontreux.ch\/wp-content\/uploads\/2025\/12\/WhatsApp-Image-2025-12-01-at-18.43.08-2-260x185.jpeg\" class=\"wp-image-8279 avia-img-lazy-loading-not-8279 attachment-portfolio_small size-portfolio_small wp-post-image\" alt=\"\" \/><\/a><div class='grid-content'><div class='avia-arrow'><\/div><header class=\"entry-content-header\" aria-label=\"Portfolio : Foire de la St-Martin Vevey &#8211; Novembre 2025\"><h3 class='grid-entry-title entry-title '  itemprop=\"headline\" ><a href='https:\/\/harmoniemontreux.ch\/index.php\/portfolio-item\/faire-st-martin-vevey-2025\/' title='Foire de la St-Martin Vevey &#8211; Novembre 2025'>Foire de la St-Martin Vevey &#8211; Novembre 2025<\/a><\/h3><\/header><\/div><footer class=\"entry-footer\"><\/footer><\/article><\/div><div data-ajax-id='8081' class=' grid-entry flex_column isotope-item all_sort no_margin post-entry post-entry-8081 grid-entry-overview grid-loop-6 grid-parity-even  soiree-2023_sort soiree-annuelle-2019_sort  av_one_sixth  default_av_fullwidth '><article class='main_color inner-entry'  itemscope=\"itemscope\" itemtype=\"https:\/\/schema.org\/CreativeWork\" ><a href=\"https:\/\/harmoniemontreux.ch\/index.php\/portfolio-item\/fete-nationale-01-08-25\/\" title='F\u00eate Nationale &#8211; 01.08.25'  data-rel='grid-1' class='grid-image avia-hover-fx'> <img fetchpriority=\"high\" fetchpriority=\"high\" decoding=\"async\" fetchpriority=\"high\" width=\"260\" height=\"185\" src=\"https:\/\/harmoniemontreux.ch\/wp-content\/uploads\/2025\/08\/WhatsApp-Image-2025-08-09-at-14.08.59-5-260x185.jpeg\" class=\"wp-image-8089 avia-img-lazy-loading-not-8089 attachment-portfolio_small size-portfolio_small wp-post-image\" alt=\"\" \/><\/a><div class='grid-content'><div class='avia-arrow'><\/div><header class=\"entry-content-header\" aria-label=\"Portfolio : F\u00eate Nationale &#8211; 01.08.25\"><h3 class='grid-entry-title entry-title '  itemprop=\"headline\" ><a href='https:\/\/harmoniemontreux.ch\/index.php\/portfolio-item\/fete-nationale-01-08-25\/' title='F\u00eate Nationale &#8211; 01.08.25'>F\u00eate Nationale &#8211; 01.08.25<\/a><\/h3><\/header><\/div><footer class=\"entry-footer\"><\/footer><\/article><\/div><div data-ajax-id='8051' class=' grid-entry flex_column isotope-item all_sort no_margin post-entry post-entry-8051 grid-entry-overview grid-loop-7 grid-parity-odd  soiree-2023_sort soiree-annuelle-2019_sort  av_one_sixth first default_av_fullwidth '><article class='main_color inner-entry'  itemscope=\"itemscope\" itemtype=\"https:\/\/schema.org\/CreativeWork\" ><a href=\"https:\/\/harmoniemontreux.ch\/index.php\/portfolio-item\/giron-a-leysin-15-06-25\/\" title='Giron \u00e0 Leysin &#8211; 15.06.25'  data-rel='grid-1' class='grid-image avia-hover-fx'> <img fetchpriority=\"high\" fetchpriority=\"high\" decoding=\"async\" fetchpriority=\"high\" width=\"260\" height=\"185\" src=\"https:\/\/harmoniemontreux.ch\/wp-content\/uploads\/2025\/07\/WhatsApp-Image-2025-07-01-at-21.14.33_1993ec69-260x185.jpg\" class=\"wp-image-8062 avia-img-lazy-loading-not-8062 attachment-portfolio_small size-portfolio_small wp-post-image\" alt=\"\" \/><\/a><div class='grid-content'><div class='avia-arrow'><\/div><header class=\"entry-content-header\" aria-label=\"Portfolio : Giron \u00e0 Leysin &#8211; 15.06.25\"><h3 class='grid-entry-title entry-title '  itemprop=\"headline\" ><a href='https:\/\/harmoniemontreux.ch\/index.php\/portfolio-item\/giron-a-leysin-15-06-25\/' title='Giron \u00e0 Leysin &#8211; 15.06.25'>Giron \u00e0 Leysin &#8211; 15.06.25<\/a><\/h3><\/header><\/div><footer class=\"entry-footer\"><\/footer><\/article><\/div><div data-ajax-id='8045' class=' grid-entry flex_column isotope-item all_sort no_margin post-entry post-entry-8045 grid-entry-overview grid-loop-8 grid-parity-even  soiree-2023_sort soiree-annuelle-2019_sort  av_one_sixth  default_av_fullwidth '><article class='main_color inner-entry'  itemscope=\"itemscope\" itemtype=\"https:\/\/schema.org\/CreativeWork\" ><a href=\"https:\/\/harmoniemontreux.ch\/index.php\/portfolio-item\/echarpes-blanches-14-06-25\/\" title='Echarpes Blanches &#8211; 14.06.25'  data-rel='grid-1' class='grid-image avia-hover-fx'> <img fetchpriority=\"high\" fetchpriority=\"high\" decoding=\"async\" fetchpriority=\"high\" width=\"260\" height=\"185\" src=\"https:\/\/harmoniemontreux.ch\/wp-content\/uploads\/2025\/07\/WhatsApp-Image-2025-07-01-at-21.12.35_abd0c294-260x185.jpg\" class=\"wp-image-8053 avia-img-lazy-loading-not-8053 attachment-portfolio_small size-portfolio_small wp-post-image\" alt=\"\" \/><\/a><div class='grid-content'><div class='avia-arrow'><\/div><header class=\"entry-content-header\" aria-label=\"Portfolio : Echarpes Blanches &#8211; 14.06.25\"><h3 class='grid-entry-title entry-title '  itemprop=\"headline\" ><a href='https:\/\/harmoniemontreux.ch\/index.php\/portfolio-item\/echarpes-blanches-14-06-25\/' title='Echarpes Blanches &#8211; 14.06.25'>Echarpes Blanches &#8211; 14.06.25<\/a><\/h3><\/header><\/div><footer class=\"entry-footer\"><\/footer><\/article><\/div><div data-ajax-id='8032' class=' grid-entry flex_column isotope-item all_sort no_margin post-entry post-entry-8032 grid-entry-overview grid-loop-9 grid-parity-odd  soiree-2023_sort soiree-annuelle-2019_sort  av_one_sixth  default_av_fullwidth '><article class='main_color inner-entry'  itemscope=\"itemscope\" itemtype=\"https:\/\/schema.org\/CreativeWork\" ><a href=\"https:\/\/harmoniemontreux.ch\/index.php\/portfolio-item\/fete-des-jubilaires-a-villars-30-mars-2025\/\" title='F\u00eate des Jubilaires \u00e0 Villars &#8211; 50ans D. Vuadens et F. Ciampi &#8211; Mars 2025'  data-rel='grid-1' class='grid-image avia-hover-fx'> <img fetchpriority=\"high\" fetchpriority=\"high\" decoding=\"async\" fetchpriority=\"high\" width=\"260\" height=\"185\" src=\"https:\/\/harmoniemontreux.ch\/wp-content\/uploads\/2025\/07\/cmmc-30-mars-2025-2-260x185.jpg\" class=\"wp-image-8037 avia-img-lazy-loading-not-8037 attachment-portfolio_small size-portfolio_small wp-post-image\" alt=\"\" \/><\/a><div class='grid-content'><div class='avia-arrow'><\/div><header class=\"entry-content-header\" aria-label=\"Portfolio : F\u00eate des Jubilaires \u00e0 Villars &#8211; 50ans D. Vuadens et F. Ciampi &#8211; Mars 2025\"><h3 class='grid-entry-title entry-title '  itemprop=\"headline\" ><a href='https:\/\/harmoniemontreux.ch\/index.php\/portfolio-item\/fete-des-jubilaires-a-villars-30-mars-2025\/' title='F\u00eate des Jubilaires \u00e0 Villars &#8211; 50ans D. Vuadens et F. Ciampi &#8211; Mars 2025'>F\u00eate des Jubilaires \u00e0 Villars &#8211; 50ans D. Vuadens et F. Ciampi &#8211; Mars 2025<\/a><\/h3><\/header><\/div><footer class=\"entry-footer\"><\/footer><\/article><\/div><div data-ajax-id='7478' class=' grid-entry flex_column isotope-item all_sort no_margin post-entry post-entry-7478 grid-entry-overview grid-loop-10 grid-parity-even  soiree-2023_sort soiree-annuelle-2019_sort  av_one_sixth  default_av_fullwidth '><article class='main_color inner-entry'  itemscope=\"itemscope\" itemtype=\"https:\/\/schema.org\/CreativeWork\" ><a href=\"https:\/\/harmoniemontreux.ch\/index.php\/portfolio-item\/concerts-annuels-du-1er-et-2-fevrier-2025\/\" title='Concerts Annuels du 1er et 2 f\u00e9vrier 2025  (Photos : Bernard Gallarotti)'  data-rel='grid-1' class='grid-image avia-hover-fx'> <img fetchpriority=\"high\" fetchpriority=\"high\" decoding=\"async\" fetchpriority=\"high\" width=\"260\" height=\"185\" src=\"https:\/\/harmoniemontreux.ch\/wp-content\/uploads\/2025\/02\/IMG_5449-260x185.jpg\" class=\"wp-image-7481 avia-img-lazy-loading-not-7481 attachment-portfolio_small size-portfolio_small wp-post-image\" alt=\"\" \/><\/a><div class='grid-content'><div class='avia-arrow'><\/div><header class=\"entry-content-header\" aria-label=\"Portfolio : Concerts Annuels du 1er et 2 f\u00e9vrier 2025  (Photos : Bernard Gallarotti)\"><h3 class='grid-entry-title entry-title '  itemprop=\"headline\" ><a href='https:\/\/harmoniemontreux.ch\/index.php\/portfolio-item\/concerts-annuels-du-1er-et-2-fevrier-2025\/' title='Concerts Annuels du 1er et 2 f\u00e9vrier 2025  (Photos : Bernard Gallarotti)'>Concerts Annuels du 1er et 2 f\u00e9vrier 2025  (Photos : Bernard Gallarotti)<\/a><\/h3><\/header><\/div><footer class=\"entry-footer\"><\/footer><\/article><\/div><div data-ajax-id='7399' class=' grid-entry flex_column isotope-item all_sort no_margin post-entry post-entry-7399 grid-entry-overview grid-loop-11 grid-parity-odd  soiree-2023_sort soiree-annuelle-2019_sort  av_one_sixth  default_av_fullwidth '><article class='main_color inner-entry'  itemscope=\"itemscope\" itemtype=\"https:\/\/schema.org\/CreativeWork\" ><a href=\"https:\/\/harmoniemontreux.ch\/index.php\/portfolio-item\/foire-de-brent-novembre-2024\/\" title='Foire de Brent &#8211; 09-11-2024'  data-rel='grid-1' class='grid-image avia-hover-fx'> <img fetchpriority=\"high\" fetchpriority=\"high\" decoding=\"async\" fetchpriority=\"high\" width=\"260\" height=\"185\" src=\"https:\/\/harmoniemontreux.ch\/wp-content\/uploads\/2024\/11\/IMG_5100-260x185.jpg\" class=\"wp-image-7447 avia-img-lazy-loading-not-7447 attachment-portfolio_small size-portfolio_small wp-post-image\" alt=\"\" \/><\/a><div class='grid-content'><div class='avia-arrow'><\/div><header class=\"entry-content-header\" aria-label=\"Portfolio : Foire de Brent &#8211; 09-11-2024\"><h3 class='grid-entry-title entry-title '  itemprop=\"headline\" ><a href='https:\/\/harmoniemontreux.ch\/index.php\/portfolio-item\/foire-de-brent-novembre-2024\/' title='Foire de Brent &#8211; 09-11-2024'>Foire de Brent &#8211; 09-11-2024<\/a><\/h3><\/header><\/div><footer class=\"entry-footer\"><\/footer><\/article><\/div><div data-ajax-id='7349' class=' grid-entry flex_column isotope-item all_sort no_margin post-entry post-entry-7349 grid-entry-overview grid-loop-12 grid-parity-even  soiree-2023_sort soiree-annuelle-2019_sort  av_one_sixth  default_av_fullwidth '><article class='main_color inner-entry'  itemscope=\"itemscope\" itemtype=\"https:\/\/schema.org\/CreativeWork\" ><a href=\"https:\/\/harmoniemontreux.ch\/index.php\/portfolio-item\/fetes-de-chailly-21-septembre-2024\/\" title='F\u00eates de Chailly 21 septembre 2024'  data-rel='grid-1' class='grid-image avia-hover-fx'> <img fetchpriority=\"high\" fetchpriority=\"high\" decoding=\"async\" fetchpriority=\"high\" width=\"260\" height=\"185\" src=\"https:\/\/harmoniemontreux.ch\/wp-content\/uploads\/2024\/09\/image11-260x185.jpeg\" class=\"wp-image-7327 avia-img-lazy-loading-not-7327 attachment-portfolio_small size-portfolio_small wp-post-image\" alt=\"\" \/><\/a><div class='grid-content'><div class='avia-arrow'><\/div><header class=\"entry-content-header\" aria-label=\"Portfolio : F\u00eates de Chailly 21 septembre 2024\"><h3 class='grid-entry-title entry-title '  itemprop=\"headline\" ><a href='https:\/\/harmoniemontreux.ch\/index.php\/portfolio-item\/fetes-de-chailly-21-septembre-2024\/' title='F\u00eates de Chailly 21 septembre 2024'>F\u00eates de Chailly 21 septembre 2024<\/a><\/h3><\/header><\/div><footer class=\"entry-footer\"><\/footer><\/article><\/div><div data-ajax-id='7222' class=' grid-entry flex_column isotope-item all_sort no_margin post-entry post-entry-7222 grid-entry-overview grid-loop-13 grid-parity-odd  soiree-2023_sort soiree-annuelle-2019_sort  av_one_sixth first default_av_fullwidth '><article class='main_color inner-entry'  itemscope=\"itemscope\" itemtype=\"https:\/\/schema.org\/CreativeWork\" ><a href=\"https:\/\/harmoniemontreux.ch\/index.php\/portfolio-item\/ceremonie-fete-nationale-1er-aout-2024\/\" title='Diane et c\u00e9r\u00e9monie F\u00eate nationale &#8211; 1er ao\u00fbt 2024'  data-rel='grid-1' class='grid-image avia-hover-fx'> <img fetchpriority=\"high\" fetchpriority=\"high\" decoding=\"async\" fetchpriority=\"high\" width=\"260\" height=\"185\" src=\"https:\/\/harmoniemontreux.ch\/wp-content\/uploads\/2024\/08\/IMG_4895-260x185.jpg\" class=\"wp-image-7238 avia-img-lazy-loading-not-7238 attachment-portfolio_small size-portfolio_small wp-post-image\" alt=\"\" \/><\/a><div class='grid-content'><div class='avia-arrow'><\/div><header class=\"entry-content-header\" aria-label=\"Portfolio : Diane et c\u00e9r\u00e9monie F\u00eate nationale &#8211; 1er ao\u00fbt 2024\"><h3 class='grid-entry-title entry-title '  itemprop=\"headline\" ><a href='https:\/\/harmoniemontreux.ch\/index.php\/portfolio-item\/ceremonie-fete-nationale-1er-aout-2024\/' title='Diane et c\u00e9r\u00e9monie F\u00eate nationale &#8211; 1er ao\u00fbt 2024'>Diane et c\u00e9r\u00e9monie F\u00eate nationale &#8211; 1er ao\u00fbt 2024<\/a><\/h3><\/header><\/div><footer class=\"entry-footer\"><\/footer><\/article><\/div><div data-ajax-id='7131' class=' grid-entry flex_column isotope-item all_sort no_margin post-entry post-entry-7131 grid-entry-overview grid-loop-14 grid-parity-even  soiree-2023_sort soiree-annuelle-2019_sort  av_one_sixth  default_av_fullwidth '><article class='main_color inner-entry'  itemscope=\"itemscope\" itemtype=\"https:\/\/schema.org\/CreativeWork\" ><a href=\"https:\/\/harmoniemontreux.ch\/index.php\/portfolio-item\/giron-a-aigle-juin-2024\/\" title='Giron \u00e0 Aigle &#8211; Juin 2024'  data-rel='grid-1' class='grid-image avia-hover-fx'> <img fetchpriority=\"high\" fetchpriority=\"high\" decoding=\"async\" fetchpriority=\"high\" width=\"260\" height=\"185\" src=\"https:\/\/harmoniemontreux.ch\/wp-content\/uploads\/2024\/07\/IMG_4696-260x185.jpg\" class=\"wp-image-7088 avia-img-lazy-loading-not-7088 attachment-portfolio_small size-portfolio_small wp-post-image\" alt=\"\" \/><\/a><div class='grid-content'><div class='avia-arrow'><\/div><header class=\"entry-content-header\" aria-label=\"Portfolio : Giron \u00e0 Aigle &#8211; Juin 2024\"><h3 class='grid-entry-title entry-title '  itemprop=\"headline\" ><a href='https:\/\/harmoniemontreux.ch\/index.php\/portfolio-item\/giron-a-aigle-juin-2024\/' title='Giron \u00e0 Aigle &#8211; Juin 2024'>Giron \u00e0 Aigle &#8211; Juin 2024<\/a><\/h3><\/header><\/div><footer class=\"entry-footer\"><\/footer><\/article><\/div><div data-ajax-id='7065' class=' grid-entry flex_column isotope-item all_sort no_margin post-entry post-entry-7065 grid-entry-overview grid-loop-15 grid-parity-odd  soiree-2023_sort soiree-annuelle-2019_sort  av_one_sixth  default_av_fullwidth '><article class='main_color inner-entry'  itemscope=\"itemscope\" itemtype=\"https:\/\/schema.org\/CreativeWork\" ><a href=\"https:\/\/harmoniemontreux.ch\/index.php\/portfolio-item\/jean-louis-perritaz-60-ans-de-musique\/\" title='Jean-Louis Perritaz &#8211; 60 ans de musique'  data-rel='grid-1' class='grid-image avia-hover-fx'> <img fetchpriority=\"high\" fetchpriority=\"high\" decoding=\"async\" fetchpriority=\"high\" width=\"260\" height=\"185\" src=\"https:\/\/harmoniemontreux.ch\/wp-content\/uploads\/2024\/03\/Image-2024-03-25-at-15.29.29_4991bb05-260x185.jpg\" class=\"wp-image-7075 avia-img-lazy-loading-not-7075 attachment-portfolio_small size-portfolio_small wp-post-image\" alt=\"\" \/><\/a><div class='grid-content'><div class='avia-arrow'><\/div><header class=\"entry-content-header\" aria-label=\"Portfolio : Jean-Louis Perritaz &#8211; 60 ans de musique\"><h3 class='grid-entry-title entry-title '  itemprop=\"headline\" ><a href='https:\/\/harmoniemontreux.ch\/index.php\/portfolio-item\/jean-louis-perritaz-60-ans-de-musique\/' title='Jean-Louis Perritaz &#8211; 60 ans de musique'>Jean-Louis Perritaz &#8211; 60 ans de musique<\/a><\/h3><\/header><\/div><footer class=\"entry-footer\"><\/footer><\/article><\/div><div data-ajax-id='6938' class=' grid-entry flex_column isotope-item all_sort no_margin post-entry post-entry-6938 grid-entry-overview grid-loop-16 grid-parity-even  soiree-2023_sort soiree-annuelle-2019_sort  av_one_sixth  default_av_fullwidth '><article class='main_color inner-entry'  itemscope=\"itemscope\" itemtype=\"https:\/\/schema.org\/CreativeWork\" ><a href=\"https:\/\/harmoniemontreux.ch\/index.php\/portfolio-item\/soiree-annuelle-clarens-gare-fevrier-2024\/\" title='Soir\u00e9e annuelle Clarens Gare \u2013 F\u00e9vrier 2024'  data-rel='grid-1' class='grid-image avia-hover-fx'> <img fetchpriority=\"high\" fetchpriority=\"high\" decoding=\"async\" fetchpriority=\"high\" width=\"260\" height=\"185\" src=\"https:\/\/harmoniemontreux.ch\/wp-content\/uploads\/2024\/02\/IMG_4364-260x185.jpg\" class=\"wp-image-6961 avia-img-lazy-loading-not-6961 attachment-portfolio_small size-portfolio_small wp-post-image\" alt=\"\" \/><\/a><div class='grid-content'><div class='avia-arrow'><\/div><header class=\"entry-content-header\" aria-label=\"Portfolio : Soir\u00e9e annuelle Clarens Gare \u2013 F\u00e9vrier 2024\"><h3 class='grid-entry-title entry-title '  itemprop=\"headline\" ><a href='https:\/\/harmoniemontreux.ch\/index.php\/portfolio-item\/soiree-annuelle-clarens-gare-fevrier-2024\/' title='Soir\u00e9e annuelle Clarens Gare \u2013 F\u00e9vrier 2024'>Soir\u00e9e annuelle Clarens Gare \u2013 F\u00e9vrier 2024<\/a><\/h3><\/header><\/div><footer class=\"entry-footer\"><\/footer><\/article><\/div><div data-ajax-id='6836' class=' grid-entry flex_column isotope-item all_sort no_margin post-entry post-entry-6836 grid-entry-overview grid-loop-17 grid-parity-odd  soiree-2023_sort soiree-annuelle-2019_sort  av_one_sixth  default_av_fullwidth '><article class='main_color inner-entry'  itemscope=\"itemscope\" itemtype=\"https:\/\/schema.org\/CreativeWork\" ><a href=\"https:\/\/harmoniemontreux.ch\/index.php\/portfolio-item\/caserne-des-pompiers-a-montreux-octobre-2023\/\" title='Kiosque \u00e0 musique \u00e0 Montreux &#8211; 07 octobre 2023'  data-rel='grid-1' class='grid-image avia-hover-fx'> <img fetchpriority=\"high\" fetchpriority=\"high\" decoding=\"async\" fetchpriority=\"high\" width=\"260\" height=\"185\" src=\"https:\/\/harmoniemontreux.ch\/wp-content\/uploads\/2023\/10\/WhatsApp-Image-2023-10-07-\u00e0-23.22.20_2e7fb99b-Site-1-260x185.jpg\" class=\"wp-image-6847 avia-img-lazy-loading-not-6847 attachment-portfolio_small size-portfolio_small wp-post-image\" alt=\"\" \/><\/a><div class='grid-content'><div class='avia-arrow'><\/div><header class=\"entry-content-header\" aria-label=\"Portfolio : Kiosque \u00e0 musique \u00e0 Montreux &#8211; 07 octobre 2023\"><h3 class='grid-entry-title entry-title '  itemprop=\"headline\" ><a href='https:\/\/harmoniemontreux.ch\/index.php\/portfolio-item\/caserne-des-pompiers-a-montreux-octobre-2023\/' title='Kiosque \u00e0 musique \u00e0 Montreux &#8211; 07 octobre 2023'>Kiosque \u00e0 musique \u00e0 Montreux &#8211; 07 octobre 2023<\/a><\/h3><\/header><\/div><footer class=\"entry-footer\"><\/footer><\/article><\/div><div data-ajax-id='6809' class=' grid-entry flex_column isotope-item all_sort no_margin post-entry post-entry-6809 grid-entry-overview grid-loop-18 grid-parity-even  soiree-2023_sort soiree-annuelle-2019_sort  av_one_sixth  default_av_fullwidth '><article class='main_color inner-entry'  itemscope=\"itemscope\" itemtype=\"https:\/\/schema.org\/CreativeWork\" ><a href=\"https:\/\/harmoniemontreux.ch\/index.php\/portfolio-item\/fete-au-village-de-chernex-septembre-2023\/\" title='F\u00eate au village de Chernex &#8211; Septembre 2023'  data-rel='grid-1' class='grid-image avia-hover-fx'> <img fetchpriority=\"high\" fetchpriority=\"high\" decoding=\"async\" fetchpriority=\"high\" width=\"260\" height=\"185\" src=\"https:\/\/harmoniemontreux.ch\/wp-content\/uploads\/2023\/09\/1IMG-20230910-WA0006-Site-web-260x185.jpg\" class=\"wp-image-6815 avia-img-lazy-loading-not-6815 attachment-portfolio_small size-portfolio_small wp-post-image\" alt=\"\" \/><\/a><div class='grid-content'><div class='avia-arrow'><\/div><header class=\"entry-content-header\" aria-label=\"Portfolio : F\u00eate au village de Chernex &#8211; Septembre 2023\"><h3 class='grid-entry-title entry-title '  itemprop=\"headline\" ><a href='https:\/\/harmoniemontreux.ch\/index.php\/portfolio-item\/fete-au-village-de-chernex-septembre-2023\/' title='F\u00eate au village de Chernex &#8211; Septembre 2023'>F\u00eate au village de Chernex &#8211; Septembre 2023<\/a><\/h3><\/header><\/div><footer class=\"entry-footer\"><\/footer><\/article><\/div><div data-ajax-id='6790' class=' grid-entry flex_column isotope-item all_sort no_margin post-entry post-entry-6790 grid-entry-overview grid-loop-19 grid-parity-odd  soiree-2023_sort soiree-annuelle-2019_sort  av_one_sixth first default_av_fullwidth '><article class='main_color inner-entry'  itemscope=\"itemscope\" itemtype=\"https:\/\/schema.org\/CreativeWork\" ><a href=\"https:\/\/harmoniemontreux.ch\/index.php\/portfolio-item\/concert-mercury\/\" title='Queen Mercury Celebration Days- Ao\u00fbt 2023'  data-rel='grid-1' class='grid-image avia-hover-fx'> <img fetchpriority=\"high\" fetchpriority=\"high\" decoding=\"async\" fetchpriority=\"high\" width=\"260\" height=\"185\" src=\"https:\/\/harmoniemontreux.ch\/wp-content\/uploads\/2023\/09\/1IMG-20230901-WA0001-260x185.jpg\" class=\"wp-image-6791 avia-img-lazy-loading-not-6791 attachment-portfolio_small size-portfolio_small wp-post-image\" alt=\"\" \/><\/a><div class='grid-content'><div class='avia-arrow'><\/div><header class=\"entry-content-header\" aria-label=\"Portfolio : Queen Mercury Celebration Days- Ao\u00fbt 2023\"><h3 class='grid-entry-title entry-title '  itemprop=\"headline\" ><a href='https:\/\/harmoniemontreux.ch\/index.php\/portfolio-item\/concert-mercury\/' title='Queen Mercury Celebration Days- Ao\u00fbt 2023'>Queen Mercury Celebration Days- Ao\u00fbt 2023<\/a><\/h3><\/header><\/div><footer class=\"entry-footer\"><\/footer><\/article><\/div><div data-ajax-id='6761' class=' grid-entry flex_column isotope-item all_sort no_margin post-entry post-entry-6761 grid-entry-overview grid-loop-20 grid-parity-even  soiree-2023_sort soiree-annuelle-2019_sort  av_one_sixth  default_av_fullwidth '><article class='main_color inner-entry'  itemscope=\"itemscope\" itemtype=\"https:\/\/schema.org\/CreativeWork\" ><a href=\"https:\/\/harmoniemontreux.ch\/index.php\/portfolio-item\/1er-aout-2023\/\" title='1er ao\u00fbt 2023'  data-rel='grid-1' class='grid-image avia-hover-fx'> <img fetchpriority=\"high\" fetchpriority=\"high\" decoding=\"async\" fetchpriority=\"high\" width=\"260\" height=\"185\" src=\"https:\/\/harmoniemontreux.ch\/wp-content\/uploads\/2023\/08\/1IMG_3823-260x185.jpg\" class=\"wp-image-6771 avia-img-lazy-loading-not-6771 attachment-portfolio_small size-portfolio_small wp-post-image\" alt=\"\" \/><\/a><div class='grid-content'><div class='avia-arrow'><\/div><header class=\"entry-content-header\" aria-label=\"Portfolio : 1er ao\u00fbt 2023\"><h3 class='grid-entry-title entry-title '  itemprop=\"headline\" ><a href='https:\/\/harmoniemontreux.ch\/index.php\/portfolio-item\/1er-aout-2023\/' title='1er ao\u00fbt 2023'>1er ao\u00fbt 2023<\/a><\/h3><\/header><\/div><footer class=\"entry-footer\"><\/footer><\/article><\/div><div data-ajax-id='6602' class=' grid-entry flex_column isotope-item all_sort no_margin post-entry post-entry-6602 grid-entry-overview grid-loop-21 grid-parity-odd  soiree-2023_sort soiree-annuelle-2019_sort  av_one_sixth  default_av_fullwidth '><article class='main_color inner-entry'  itemscope=\"itemscope\" itemtype=\"https:\/\/schema.org\/CreativeWork\" ><a href=\"https:\/\/harmoniemontreux.ch\/index.php\/portfolio-item\/weekend-au-tessin-juin-2023\/\" title='Weekend au Tessin &#8211; Juin 2023'  data-rel='grid-1' class='grid-image avia-hover-fx'> <img fetchpriority=\"high\" fetchpriority=\"high\" decoding=\"async\" fetchpriority=\"high\" width=\"260\" height=\"185\" src=\"https:\/\/harmoniemontreux.ch\/wp-content\/uploads\/2023\/06\/WhatsApp-Image-2023-06-26-\u00e0-00.02.49.2-260x185.jpg\" class=\"wp-image-6614 avia-img-lazy-loading-not-6614 attachment-portfolio_small size-portfolio_small wp-post-image\" alt=\"\" \/><\/a><div class='grid-content'><div class='avia-arrow'><\/div><header class=\"entry-content-header\" aria-label=\"Portfolio : Weekend au Tessin &#8211; Juin 2023\"><h3 class='grid-entry-title entry-title '  itemprop=\"headline\" ><a href='https:\/\/harmoniemontreux.ch\/index.php\/portfolio-item\/weekend-au-tessin-juin-2023\/' title='Weekend au Tessin &#8211; Juin 2023'>Weekend au Tessin &#8211; Juin 2023<\/a><\/h3><\/header><\/div><footer class=\"entry-footer\"><\/footer><\/article><\/div><div data-ajax-id='6542' class=' grid-entry flex_column isotope-item all_sort no_margin post-entry post-entry-6542 grid-entry-overview grid-loop-22 grid-parity-even  soiree-2023_sort soiree-annuelle-2019_sort  av_one_sixth  default_av_fullwidth '><article class='main_color inner-entry'  itemscope=\"itemscope\" itemtype=\"https:\/\/schema.org\/CreativeWork\" ><a href=\"https:\/\/harmoniemontreux.ch\/index.php\/portfolio-item\/echarpes-blanches-24-juin-2023-juin-2023\/\" title='\u00c9charpes blanches\u00a0&#8211; Juin 2023'  data-rel='grid-1' class='grid-image avia-hover-fx'> <img fetchpriority=\"high\" fetchpriority=\"high\" decoding=\"async\" fetchpriority=\"high\" width=\"260\" height=\"185\" src=\"https:\/\/harmoniemontreux.ch\/wp-content\/uploads\/2023\/06\/IMG-20230625-WA0028-260x185.jpg\" class=\"wp-image-6567 avia-img-lazy-loading-not-6567 attachment-portfolio_small size-portfolio_small wp-post-image\" alt=\"\" \/><\/a><div class='grid-content'><div class='avia-arrow'><\/div><header class=\"entry-content-header\" aria-label=\"Portfolio : \u00c9charpes blanches\u00a0&#8211; Juin 2023\"><h3 class='grid-entry-title entry-title '  itemprop=\"headline\" ><a href='https:\/\/harmoniemontreux.ch\/index.php\/portfolio-item\/echarpes-blanches-24-juin-2023-juin-2023\/' title='\u00c9charpes blanches\u00a0&#8211; Juin 2023'>\u00c9charpes blanches\u00a0&#8211; Juin 2023<\/a><\/h3><\/header><\/div><footer class=\"entry-footer\"><\/footer><\/article><\/div><div data-ajax-id='6526' class=' grid-entry flex_column isotope-item all_sort no_margin post-entry post-entry-6526 grid-entry-overview grid-loop-23 grid-parity-odd  soiree-2023_sort soiree-annuelle-2019_sort  av_one_sixth  default_av_fullwidth '><article class='main_color inner-entry'  itemscope=\"itemscope\" itemtype=\"https:\/\/schema.org\/CreativeWork\" ><a href=\"https:\/\/harmoniemontreux.ch\/index.php\/portfolio-item\/concert-sur-les-quais-a-montreux-avec-la-lyre-de-vevey-le-20-juin\/\" title='Concert sur les quais \u00e0 Montreux avec la Lyre de Vevey\u00a0&#8211; Juin 2023'  data-rel='grid-1' class='grid-image avia-hover-fx'> <img fetchpriority=\"high\" fetchpriority=\"high\" decoding=\"async\" fetchpriority=\"high\" width=\"260\" height=\"185\" src=\"https:\/\/harmoniemontreux.ch\/wp-content\/uploads\/2023\/06\/WhatsApp-Image-2023-06-22-\u00e0-15.31.19-1-260x185.jpg\" class=\"wp-image-6537 avia-img-lazy-loading-not-6537 attachment-portfolio_small size-portfolio_small wp-post-image\" alt=\"\" \/><\/a><div class='grid-content'><div class='avia-arrow'><\/div><header class=\"entry-content-header\" aria-label=\"Portfolio : Concert sur les quais \u00e0 Montreux avec la Lyre de Vevey\u00a0&#8211; Juin 2023\"><h3 class='grid-entry-title entry-title '  itemprop=\"headline\" ><a href='https:\/\/harmoniemontreux.ch\/index.php\/portfolio-item\/concert-sur-les-quais-a-montreux-avec-la-lyre-de-vevey-le-20-juin\/' title='Concert sur les quais \u00e0 Montreux avec la Lyre de Vevey\u00a0&#8211; Juin 2023'>Concert sur les quais \u00e0 Montreux avec la Lyre de Vevey\u00a0&#8211; Juin 2023<\/a><\/h3><\/header><\/div><footer class=\"entry-footer\"><\/footer><\/article><\/div><div data-ajax-id='6579' class=' grid-entry flex_column isotope-item all_sort no_margin post-entry post-entry-6579 grid-entry-overview grid-loop-24 grid-parity-even  soiree-2023_sort soiree-annuelle-2019_sort  av_one_sixth  default_av_fullwidth '><article class='main_color inner-entry'  itemscope=\"itemscope\" itemtype=\"https:\/\/schema.org\/CreativeWork\" ><a href=\"https:\/\/harmoniemontreux.ch\/index.php\/portfolio-item\/kermesse-catholique-a-clarens-le-mai-2023\/\" title='Kermesse Catholique \u00e0 Clarens\u00a0&#8211; Mai\u00a02023'  data-rel='grid-1' class='grid-image avia-hover-fx'> <img fetchpriority=\"high\" fetchpriority=\"high\" decoding=\"async\" fetchpriority=\"high\" width=\"260\" height=\"185\" src=\"https:\/\/harmoniemontreux.ch\/wp-content\/uploads\/2023\/06\/IMG-20230507-WA0017-260x185.jpg\" class=\"wp-image-6592 avia-img-lazy-loading-not-6592 attachment-portfolio_small size-portfolio_small wp-post-image\" alt=\"\" \/><\/a><div class='grid-content'><div class='avia-arrow'><\/div><header class=\"entry-content-header\" aria-label=\"Portfolio : Kermesse Catholique \u00e0 Clarens\u00a0&#8211; Mai\u00a02023\"><h3 class='grid-entry-title entry-title '  itemprop=\"headline\" ><a href='https:\/\/harmoniemontreux.ch\/index.php\/portfolio-item\/kermesse-catholique-a-clarens-le-mai-2023\/' title='Kermesse Catholique \u00e0 Clarens\u00a0&#8211; Mai\u00a02023'>Kermesse Catholique \u00e0 Clarens\u00a0&#8211; Mai\u00a02023<\/a><\/h3><\/header><\/div><footer class=\"entry-footer\"><\/footer><\/article><\/div><div data-ajax-id='6499' class=' grid-entry flex_column isotope-item all_sort no_margin post-entry post-entry-6499 grid-entry-overview grid-loop-25 grid-parity-odd  soiree-2023_sort soiree-annuelle-2019_sort  av_one_sixth first default_av_fullwidth '><article class='main_color inner-entry'  itemscope=\"itemscope\" itemtype=\"https:\/\/schema.org\/CreativeWork\" ><a href=\"https:\/\/harmoniemontreux.ch\/index.php\/portfolio-item\/fete-des-jubilaires-a-aclens-mars-2023\/\" title='F\u00eate des jubilaires \u00e0 Aclens &#8211; Mars 2023'  data-rel='grid-1' class='grid-image avia-hover-fx'> <img fetchpriority=\"high\" fetchpriority=\"high\" decoding=\"async\" fetchpriority=\"high\" width=\"260\" height=\"185\" src=\"https:\/\/harmoniemontreux.ch\/wp-content\/uploads\/2023\/04\/IMG-20230320-WA00045-copy-260x185.jpg\" class=\"wp-image-6515 avia-img-lazy-loading-not-6515 attachment-portfolio_small size-portfolio_small wp-post-image\" alt=\"\" \/><\/a><div class='grid-content'><div class='avia-arrow'><\/div><header class=\"entry-content-header\" aria-label=\"Portfolio : F\u00eate des jubilaires \u00e0 Aclens &#8211; Mars 2023\"><h3 class='grid-entry-title entry-title '  itemprop=\"headline\" ><a href='https:\/\/harmoniemontreux.ch\/index.php\/portfolio-item\/fete-des-jubilaires-a-aclens-mars-2023\/' title='F\u00eate des jubilaires \u00e0 Aclens &#8211; Mars 2023'>F\u00eate des jubilaires \u00e0 Aclens &#8211; Mars 2023<\/a><\/h3><\/header><\/div><footer class=\"entry-footer\"><\/footer><\/article><\/div><div data-ajax-id='6386' class=' grid-entry flex_column isotope-item all_sort no_margin post-entry post-entry-6386 grid-entry-overview grid-loop-26 grid-parity-even  soiree-2023_sort soiree-annuelle-2019_sort  av_one_sixth  default_av_fullwidth '><article class='main_color inner-entry'  itemscope=\"itemscope\" itemtype=\"https:\/\/schema.org\/CreativeWork\" ><a href=\"https:\/\/harmoniemontreux.ch\/index.php\/portfolio-item\/soiree-annuelle-janvier-2023\/\" title='Soir\u00e9e annuelle Clarens Gare &#8211; Janvier 2023'  data-rel='grid-1' class='grid-image avia-hover-fx'> <img fetchpriority=\"high\" fetchpriority=\"high\" decoding=\"async\" fetchpriority=\"high\" width=\"260\" height=\"185\" src=\"https:\/\/harmoniemontreux.ch\/wp-content\/uploads\/2023\/02\/IMG_2686-copy-260x185.jpg\" class=\"wp-image-6415 avia-img-lazy-loading-not-6415 attachment-portfolio_small size-portfolio_small wp-post-image\" alt=\"\" \/><\/a><div class='grid-content'><div class='avia-arrow'><\/div><header class=\"entry-content-header\" aria-label=\"Portfolio : Soir\u00e9e annuelle Clarens Gare &#8211; Janvier 2023\"><h3 class='grid-entry-title entry-title '  itemprop=\"headline\" ><a href='https:\/\/harmoniemontreux.ch\/index.php\/portfolio-item\/soiree-annuelle-janvier-2023\/' title='Soir\u00e9e annuelle Clarens Gare &#8211; Janvier 2023'>Soir\u00e9e annuelle Clarens Gare &#8211; Janvier 2023<\/a><\/h3><\/header><\/div><footer class=\"entry-footer\"><\/footer><\/article><\/div><div data-ajax-id='6226' class=' grid-entry flex_column isotope-item all_sort no_margin post-entry post-entry-6226 grid-entry-overview grid-loop-27 grid-parity-odd  concert_sort soiree-2020-20eme-anniversaire-a-burier_sort  av_one_sixth  default_av_fullwidth '><article class='main_color inner-entry'  itemscope=\"itemscope\" itemtype=\"https:\/\/schema.org\/CreativeWork\" ><a href=\"https:\/\/harmoniemontreux.ch\/index.php\/portfolio-item\/concert-cmmc-juin-2022\/\" title='Concert CMMC &#8211; Juin 2022'  data-rel='grid-1' class='grid-image avia-hover-fx'> <img fetchpriority=\"high\" fetchpriority=\"high\" decoding=\"async\" fetchpriority=\"high\" width=\"260\" height=\"185\" src=\"https:\/\/harmoniemontreux.ch\/wp-content\/uploads\/2022\/06\/IMG_2134-260x185.jpg\" class=\"wp-image-6235 avia-img-lazy-loading-not-6235 attachment-portfolio_small size-portfolio_small wp-post-image\" alt=\"\" \/><\/a><div class='grid-content'><div class='avia-arrow'><\/div><header class=\"entry-content-header\" aria-label=\"Portfolio : Concert CMMC &#8211; Juin 2022\"><h3 class='grid-entry-title entry-title '  itemprop=\"headline\" ><a href='https:\/\/harmoniemontreux.ch\/index.php\/portfolio-item\/concert-cmmc-juin-2022\/' title='Concert CMMC &#8211; Juin 2022'>Concert CMMC &#8211; Juin 2022<\/a><\/h3><\/header><\/div><footer class=\"entry-footer\"><\/footer><\/article><\/div><div data-ajax-id='6164' class=' grid-entry flex_column isotope-item all_sort no_margin post-entry post-entry-6164 grid-entry-overview grid-loop-28 grid-parity-even  soiree-2020-20eme-anniversaire-a-burier_sort soiree-2022_sort  av_one_sixth  default_av_fullwidth '><article class='main_color inner-entry'  itemscope=\"itemscope\" itemtype=\"https:\/\/schema.org\/CreativeWork\" ><a href=\"https:\/\/harmoniemontreux.ch\/index.php\/portfolio-item\/parade-cgn\/\" title='Parade CGN &#8211; Mai 2022'  data-rel='grid-1' class='grid-image avia-hover-fx'> <img fetchpriority=\"high\" fetchpriority=\"high\" decoding=\"async\" fetchpriority=\"high\" width=\"260\" height=\"185\" src=\"https:\/\/harmoniemontreux.ch\/wp-content\/uploads\/2022\/06\/IMG_1124-260x185.jpg\" class=\"wp-image-6202 avia-img-lazy-loading-not-6202 attachment-portfolio_small size-portfolio_small wp-post-image\" alt=\"\" \/><\/a><div class='grid-content'><div class='avia-arrow'><\/div><header class=\"entry-content-header\" aria-label=\"Portfolio : Parade CGN &#8211; Mai 2022\"><h3 class='grid-entry-title entry-title '  itemprop=\"headline\" ><a href='https:\/\/harmoniemontreux.ch\/index.php\/portfolio-item\/parade-cgn\/' title='Parade CGN &#8211; Mai 2022'>Parade CGN &#8211; Mai 2022<\/a><\/h3><\/header><\/div><footer class=\"entry-footer\"><\/footer><\/article><\/div><div data-ajax-id='6104' class=' grid-entry flex_column isotope-item all_sort no_margin post-entry post-entry-6104 grid-entry-overview grid-loop-29 grid-parity-odd  soiree-2020-20eme-anniversaire-a-burier_sort soiree-2022_sort  av_one_sixth  default_av_fullwidth '><article class='main_color inner-entry'  itemscope=\"itemscope\" itemtype=\"https:\/\/schema.org\/CreativeWork\" ><a href=\"https:\/\/harmoniemontreux.ch\/index.php\/portfolio-item\/soiree-annuelle-clarens-gare-mars-2022\/\" title='Soir\u00e9e annuelle Clarens Gare &#8211; Mars 2022'  data-rel='grid-1' class='grid-image avia-hover-fx'> <img fetchpriority=\"high\" fetchpriority=\"high\" decoding=\"async\" fetchpriority=\"high\" width=\"260\" height=\"185\" src=\"https:\/\/harmoniemontreux.ch\/wp-content\/uploads\/2022\/03\/IMG_9628-copie-260x185.jpg\" class=\"wp-image-6112 avia-img-lazy-loading-not-6112 attachment-portfolio_small size-portfolio_small wp-post-image\" alt=\"\" \/><\/a><div class='grid-content'><div class='avia-arrow'><\/div><header class=\"entry-content-header\" aria-label=\"Portfolio : Soir\u00e9e annuelle Clarens Gare &#8211; Mars 2022\"><h3 class='grid-entry-title entry-title '  itemprop=\"headline\" ><a href='https:\/\/harmoniemontreux.ch\/index.php\/portfolio-item\/soiree-annuelle-clarens-gare-mars-2022\/' title='Soir\u00e9e annuelle Clarens Gare &#8211; Mars 2022'>Soir\u00e9e annuelle Clarens Gare &#8211; Mars 2022<\/a><\/h3><\/header><\/div><footer class=\"entry-footer\"><\/footer><\/article><\/div><div data-ajax-id='6043' class=' grid-entry flex_column isotope-item all_sort no_margin post-entry post-entry-6043 grid-entry-overview grid-loop-30 grid-parity-even  1er-aout-diane_sort echarpes-blanches_sort  av_one_sixth  default_av_fullwidth '><article class='main_color inner-entry'  itemscope=\"itemscope\" itemtype=\"https:\/\/schema.org\/CreativeWork\" ><a href=\"https:\/\/harmoniemontreux.ch\/index.php\/portfolio-item\/abbaye-des-echarpes-blanches-a-veytaux-septembre-2021\/\" title='Abbaye des Echarpes Blanches &#8211; Septembre 2021'  data-rel='grid-1' class='grid-image avia-hover-fx'> <img fetchpriority=\"high\" fetchpriority=\"high\" decoding=\"async\" fetchpriority=\"high\" width=\"260\" height=\"185\" src=\"https:\/\/harmoniemontreux.ch\/wp-content\/uploads\/2021\/09\/WhatsApp-Image-2021-09-13-at-20.35.50-1-260x185.jpeg\" class=\"wp-image-6070 avia-img-lazy-loading-not-6070 attachment-portfolio_small size-portfolio_small wp-post-image\" alt=\"\" \/><\/a><div class='grid-content'><div class='avia-arrow'><\/div><header class=\"entry-content-header\" aria-label=\"Portfolio : Abbaye des Echarpes Blanches &#8211; Septembre 2021\"><h3 class='grid-entry-title entry-title '  itemprop=\"headline\" ><a href='https:\/\/harmoniemontreux.ch\/index.php\/portfolio-item\/abbaye-des-echarpes-blanches-a-veytaux-septembre-2021\/' title='Abbaye des Echarpes Blanches &#8211; Septembre 2021'>Abbaye des Echarpes Blanches &#8211; Septembre 2021<\/a><\/h3><\/header><\/div><footer class=\"entry-footer\"><\/footer><\/article><\/div><div data-ajax-id='6017' class=' grid-entry flex_column isotope-item all_sort no_margin post-entry post-entry-6017 grid-entry-overview grid-loop-31 grid-parity-odd  1er-aout-diane_sort  av_one_sixth first default_av_fullwidth '><article class='main_color inner-entry'  itemscope=\"itemscope\" itemtype=\"https:\/\/schema.org\/CreativeWork\" ><a href=\"https:\/\/harmoniemontreux.ch\/index.php\/portfolio-item\/1er-aout-2021-diane\/\" title='Diane &#8211; 1er Ao\u00fbt 2021'  data-rel='grid-1' class='grid-image avia-hover-fx'> <img fetchpriority=\"high\" fetchpriority=\"high\" decoding=\"async\" fetchpriority=\"high\" width=\"260\" height=\"185\" src=\"https:\/\/harmoniemontreux.ch\/wp-content\/uploads\/2021\/08\/IMG_7957-260x185.jpg\" class=\"wp-image-6023 avia-img-lazy-loading-not-6023 attachment-portfolio_small size-portfolio_small wp-post-image\" alt=\"\" \/><\/a><div class='grid-content'><div class='avia-arrow'><\/div><header class=\"entry-content-header\" aria-label=\"Portfolio : Diane &#8211; 1er Ao\u00fbt 2021\"><h3 class='grid-entry-title entry-title '  itemprop=\"headline\" ><a href='https:\/\/harmoniemontreux.ch\/index.php\/portfolio-item\/1er-aout-2021-diane\/' title='Diane &#8211; 1er Ao\u00fbt 2021'>Diane &#8211; 1er Ao\u00fbt 2021<\/a><\/h3><\/header><\/div><footer class=\"entry-footer\"><\/footer><\/article><\/div><div data-ajax-id='5716' class=' grid-entry flex_column isotope-item all_sort no_margin post-entry post-entry-5716 grid-entry-overview grid-loop-32 grid-parity-even  soiree-2020-20eme-anniversaire-a-burier_sort  av_one_sixth  default_av_fullwidth '><article class='main_color inner-entry'  itemscope=\"itemscope\" itemtype=\"https:\/\/schema.org\/CreativeWork\" ><a href=\"https:\/\/harmoniemontreux.ch\/index.php\/portfolio-item\/soiree-2020-20eme-anniversaire-a-burier\/\" title='Soir\u00e9e 2020 &#8211; 20\u00e8me anniversaire \u00e0 Burier'  data-rel='grid-1' class='grid-image avia-hover-fx'> <img fetchpriority=\"high\" fetchpriority=\"high\" decoding=\"async\" fetchpriority=\"high\" width=\"260\" height=\"185\" src=\"https:\/\/harmoniemontreux.ch\/wp-content\/uploads\/2020\/02\/IMG_8853-260x185.jpg\" class=\"wp-image-5842 avia-img-lazy-loading-not-5842 attachment-portfolio_small size-portfolio_small wp-post-image\" alt=\"\" \/><\/a><div class='grid-content'><div class='avia-arrow'><\/div><header class=\"entry-content-header\" aria-label=\"Portfolio : Soir\u00e9e 2020 &#8211; 20\u00e8me anniversaire \u00e0 Burier\"><h3 class='grid-entry-title entry-title '  itemprop=\"headline\" ><a href='https:\/\/harmoniemontreux.ch\/index.php\/portfolio-item\/soiree-2020-20eme-anniversaire-a-burier\/' title='Soir\u00e9e 2020 &#8211; 20\u00e8me anniversaire \u00e0 Burier'>Soir\u00e9e 2020 &#8211; 20\u00e8me anniversaire \u00e0 Burier<\/a><\/h3><\/header><\/div><footer class=\"entry-footer\"><\/footer><\/article><\/div><div data-ajax-id='5652' class=' grid-entry flex_column isotope-item all_sort no_margin post-entry post-entry-5652 grid-entry-overview grid-loop-33 grid-parity-odd  giron-2019-villars-sur-ollon_sort  av_one_sixth  default_av_fullwidth '><article class='main_color inner-entry'  itemscope=\"itemscope\" itemtype=\"https:\/\/schema.org\/CreativeWork\" ><a href=\"https:\/\/harmoniemontreux.ch\/index.php\/portfolio-item\/giron-2019-villars-sur-ollon\/\" title='Giron 2019 &#8211; Villars-sur-Ollon'  data-rel='grid-1' class='grid-image avia-hover-fx'> <img fetchpriority=\"high\" fetchpriority=\"high\" decoding=\"async\" fetchpriority=\"high\" width=\"260\" height=\"185\" src=\"https:\/\/harmoniemontreux.ch\/wp-content\/uploads\/2019\/06\/IMG_5355-260x185.jpg\" class=\"wp-image-5679 avia-img-lazy-loading-not-5679 attachment-portfolio_small size-portfolio_small wp-post-image\" alt=\"\" \/><\/a><div class='grid-content'><div class='avia-arrow'><\/div><header class=\"entry-content-header\" aria-label=\"Portfolio : Giron 2019 &#8211; Villars-sur-Ollon\"><h3 class='grid-entry-title entry-title '  itemprop=\"headline\" ><a href='https:\/\/harmoniemontreux.ch\/index.php\/portfolio-item\/giron-2019-villars-sur-ollon\/' title='Giron 2019 &#8211; Villars-sur-Ollon'>Giron 2019 &#8211; Villars-sur-Ollon<\/a><\/h3><\/header><\/div><footer class=\"entry-footer\"><\/footer><\/article><\/div><div data-ajax-id='5593' class=' grid-entry flex_column isotope-item all_sort no_margin post-entry post-entry-5593 grid-entry-overview grid-loop-34 grid-parity-even  soiree-annuelle-2019_sort  av_one_sixth  default_av_fullwidth '><article class='main_color inner-entry'  itemscope=\"itemscope\" itemtype=\"https:\/\/schema.org\/CreativeWork\" ><a href=\"https:\/\/harmoniemontreux.ch\/index.php\/portfolio-item\/soiree-annuelle-2019\/\" title='Soir\u00e9e annuelle 2019'  data-rel='grid-1' class='grid-image avia-hover-fx'> <img fetchpriority=\"high\" fetchpriority=\"high\" decoding=\"async\" fetchpriority=\"high\" width=\"260\" height=\"185\" src=\"https:\/\/harmoniemontreux.ch\/wp-content\/uploads\/2019\/02\/IMG_4969-260x185.jpg\" class=\"wp-image-5625 avia-img-lazy-loading-not-5625 attachment-portfolio_small size-portfolio_small wp-post-image\" alt=\"\" \/><\/a><div class='grid-content'><div class='avia-arrow'><\/div><header class=\"entry-content-header\" aria-label=\"Portfolio : Soir\u00e9e annuelle 2019\"><h3 class='grid-entry-title entry-title '  itemprop=\"headline\" ><a href='https:\/\/harmoniemontreux.ch\/index.php\/portfolio-item\/soiree-annuelle-2019\/' title='Soir\u00e9e annuelle 2019'>Soir\u00e9e annuelle 2019<\/a><\/h3><\/header><\/div><footer class=\"entry-footer\"><\/footer><\/article><\/div><div data-ajax-id='5541' class=' grid-entry flex_column isotope-item all_sort no_margin post-entry post-entry-5541 grid-entry-overview grid-loop-35 grid-parity-odd  kiosque-a-musique-foire-de-brent-2018_sort  av_one_sixth  default_av_fullwidth '><article class='main_color inner-entry'  itemscope=\"itemscope\" itemtype=\"https:\/\/schema.org\/CreativeWork\" ><a href=\"https:\/\/harmoniemontreux.ch\/index.php\/portfolio-item\/kiosque-a-musique-foire-de-brent-2018\/\" title='Kiosque \u00e0 musique Foire de Brent 2018'  data-rel='grid-1' class='grid-image avia-hover-fx'> <img fetchpriority=\"high\" fetchpriority=\"high\" decoding=\"async\" fetchpriority=\"high\" width=\"260\" height=\"185\" src=\"https:\/\/harmoniemontreux.ch\/wp-content\/uploads\/2018\/11\/IMG_4692-260x185.jpg\" class=\"wp-image-5543 avia-img-lazy-loading-not-5543 attachment-portfolio_small size-portfolio_small wp-post-image\" alt=\"\" \/><\/a><div class='grid-content'><div class='avia-arrow'><\/div><header class=\"entry-content-header\" aria-label=\"Portfolio : Kiosque \u00e0 musique Foire de Brent 2018\"><h3 class='grid-entry-title entry-title '  itemprop=\"headline\" ><a href='https:\/\/harmoniemontreux.ch\/index.php\/portfolio-item\/kiosque-a-musique-foire-de-brent-2018\/' title='Kiosque \u00e0 musique Foire de Brent 2018'>Kiosque \u00e0 musique Foire de Brent 2018<\/a><\/h3><\/header><\/div><footer class=\"entry-footer\"><\/footer><\/article><\/div><div data-ajax-id='5410' class=' grid-entry flex_column isotope-item all_sort no_margin post-entry post-entry-5410 grid-entry-overview grid-loop-36 grid-parity-even  fete-cantonale-2018-vallee-de-joux_sort  av_one_sixth  default_av_fullwidth '><article class='main_color inner-entry'  itemscope=\"itemscope\" itemtype=\"https:\/\/schema.org\/CreativeWork\" ><a href=\"https:\/\/harmoniemontreux.ch\/index.php\/portfolio-item\/fete-cantonale-2018-vallee-de-joux\/\" title='F\u00eate cantonale 2018 &#8211; Vall\u00e9e de Joux'  data-rel='grid-1' class='grid-image avia-hover-fx'> <img fetchpriority=\"high\" fetchpriority=\"high\" decoding=\"async\" fetchpriority=\"high\" width=\"260\" height=\"185\" src=\"https:\/\/harmoniemontreux.ch\/wp-content\/uploads\/2018\/06\/IMG_3299-260x185.jpg\" class=\"wp-image-5470 avia-img-lazy-loading-not-5470 attachment-portfolio_small size-portfolio_small wp-post-image\" alt=\"\" \/><\/a><div class='grid-content'><div class='avia-arrow'><\/div><header class=\"entry-content-header\" aria-label=\"Portfolio : F\u00eate cantonale 2018 &#8211; Vall\u00e9e de Joux\"><h3 class='grid-entry-title entry-title '  itemprop=\"headline\" ><a href='https:\/\/harmoniemontreux.ch\/index.php\/portfolio-item\/fete-cantonale-2018-vallee-de-joux\/' title='F\u00eate cantonale 2018 &#8211; Vall\u00e9e de Joux'>F\u00eate cantonale 2018 &#8211; Vall\u00e9e de Joux<\/a><\/h3><\/header><\/div><footer class=\"entry-footer\"><\/footer><\/article><\/div><div data-ajax-id='5326' class=' grid-entry flex_column isotope-item all_sort no_margin post-entry post-entry-5326 grid-entry-overview grid-loop-37 grid-parity-odd  soiree-2018-3-4-fevrier_sort  av_one_sixth first default_av_fullwidth '><article class='main_color inner-entry'  itemscope=\"itemscope\" itemtype=\"https:\/\/schema.org\/CreativeWork\" ><a href=\"https:\/\/harmoniemontreux.ch\/index.php\/portfolio-item\/soiree-2018-3-4-fevrier\/\" title='Soir\u00e9e 2018 &#8211; 3-4 f\u00e9vrier'  data-rel='grid-1' class='grid-image avia-hover-fx'> <img fetchpriority=\"high\" fetchpriority=\"high\" decoding=\"async\" fetchpriority=\"high\" width=\"260\" height=\"185\" src=\"https:\/\/harmoniemontreux.ch\/wp-content\/uploads\/2018\/02\/IMG_2539-260x185.jpg\" class=\"wp-image-5376 avia-img-lazy-loading-not-5376 attachment-portfolio_small size-portfolio_small wp-post-image\" alt=\"\" \/><\/a><div class='grid-content'><div class='avia-arrow'><\/div><header class=\"entry-content-header\" aria-label=\"Portfolio : Soir\u00e9e 2018 &#8211; 3-4 f\u00e9vrier\"><h3 class='grid-entry-title entry-title '  itemprop=\"headline\" ><a href='https:\/\/harmoniemontreux.ch\/index.php\/portfolio-item\/soiree-2018-3-4-fevrier\/' title='Soir\u00e9e 2018 &#8211; 3-4 f\u00e9vrier'>Soir\u00e9e 2018 &#8211; 3-4 f\u00e9vrier<\/a><\/h3><\/header><\/div><footer class=\"entry-footer\"><\/footer><\/article><\/div><div data-ajax-id='5267' class=' grid-entry flex_column isotope-item all_sort no_margin post-entry post-entry-5267 grid-entry-overview grid-loop-38 grid-parity-even  2017-foire-de-brent_sort  av_one_sixth  default_av_fullwidth '><article class='main_color inner-entry'  itemscope=\"itemscope\" itemtype=\"https:\/\/schema.org\/CreativeWork\" ><a href=\"https:\/\/harmoniemontreux.ch\/index.php\/portfolio-item\/5267\/\" title='2017 Foire de Brent'  data-rel='grid-1' class='grid-image avia-hover-fx'> <img fetchpriority=\"high\" fetchpriority=\"high\" decoding=\"async\" fetchpriority=\"high\" width=\"260\" height=\"185\" src=\"https:\/\/harmoniemontreux.ch\/wp-content\/uploads\/2017\/11\/IMG_2289-260x185.jpg\" class=\"wp-image-5269 avia-img-lazy-loading-not-5269 attachment-portfolio_small size-portfolio_small wp-post-image\" alt=\"\" \/><\/a><div class='grid-content'><div class='avia-arrow'><\/div><header class=\"entry-content-header\" aria-label=\"Portfolio : 2017 Foire de Brent\"><h3 class='grid-entry-title entry-title '  itemprop=\"headline\" ><a href='https:\/\/harmoniemontreux.ch\/index.php\/portfolio-item\/5267\/' title='2017 Foire de Brent'>2017 Foire de Brent<\/a><\/h3><\/header><\/div><footer class=\"entry-footer\"><\/footer><\/article><\/div><div data-ajax-id='5183' class=' grid-entry flex_column isotope-item all_sort no_margin post-entry post-entry-5183 grid-entry-overview grid-loop-39 grid-parity-odd  giron-des-musiques-chateau-doex-18-juin-2017_sort  av_one_sixth  default_av_fullwidth '><article class='main_color inner-entry'  itemscope=\"itemscope\" itemtype=\"https:\/\/schema.org\/CreativeWork\" ><a href=\"https:\/\/harmoniemontreux.ch\/index.php\/portfolio-item\/giron-des-musiques-chateau-doex-18-juin-2017\/\" title='Giron des musiques Ch\u00e2teau d&rsquo;Oex &#8211; 18 juin 2017'  data-rel='grid-1' class='grid-image avia-hover-fx'> <img fetchpriority=\"high\" fetchpriority=\"high\" decoding=\"async\" fetchpriority=\"high\" width=\"260\" height=\"185\" src=\"https:\/\/harmoniemontreux.ch\/wp-content\/uploads\/2017\/06\/IMG_1400-260x185.jpg\" class=\"wp-image-5214 avia-img-lazy-loading-not-5214 attachment-portfolio_small size-portfolio_small wp-post-image\" alt=\"\" \/><\/a><div class='grid-content'><div class='avia-arrow'><\/div><header class=\"entry-content-header\" aria-label=\"Portfolio : Giron des musiques Ch\u00e2teau d&rsquo;Oex &#8211; 18 juin 2017\"><h3 class='grid-entry-title entry-title '  itemprop=\"headline\" ><a href='https:\/\/harmoniemontreux.ch\/index.php\/portfolio-item\/giron-des-musiques-chateau-doex-18-juin-2017\/' title='Giron des musiques Ch\u00e2teau d&rsquo;Oex &#8211; 18 juin 2017'>Giron des musiques Ch\u00e2teau d&rsquo;Oex &#8211; 18 juin 2017<\/a><\/h3><\/header><\/div><footer class=\"entry-footer\"><\/footer><\/article><\/div><div data-ajax-id='5137' class=' grid-entry flex_column isotope-item all_sort no_margin post-entry post-entry-5137 grid-entry-overview grid-loop-40 grid-parity-even  8-avril-2017-remise-commandement-f-cardinaux-milices-vaudoises_sort  av_one_sixth  default_av_fullwidth '><article class='main_color inner-entry'  itemscope=\"itemscope\" itemtype=\"https:\/\/schema.org\/CreativeWork\" ><a href=\"https:\/\/harmoniemontreux.ch\/index.php\/portfolio-item\/8-avril-2017-remise-du-commandement-f-cardinaux-milices-vaudoises\/\" title='8 avril 2017 &#8211; remise du commandement F. Cardinaux &#8211; Milices Vaudoises'  data-rel='grid-1' class='grid-image avia-hover-fx'> <img fetchpriority=\"high\" fetchpriority=\"high\" decoding=\"async\" fetchpriority=\"high\" width=\"260\" height=\"185\" src=\"https:\/\/harmoniemontreux.ch\/wp-content\/uploads\/2017\/04\/IMG_0893-260x185.jpg\" class=\"wp-image-5139 avia-img-lazy-loading-not-5139 attachment-portfolio_small size-portfolio_small wp-post-image\" alt=\"\" \/><\/a><div class='grid-content'><div class='avia-arrow'><\/div><header class=\"entry-content-header\" aria-label=\"Portfolio : 8 avril 2017 &#8211; remise du commandement F. Cardinaux &#8211; Milices Vaudoises\"><h3 class='grid-entry-title entry-title '  itemprop=\"headline\" ><a href='https:\/\/harmoniemontreux.ch\/index.php\/portfolio-item\/8-avril-2017-remise-du-commandement-f-cardinaux-milices-vaudoises\/' title='8 avril 2017 &#8211; remise du commandement F. Cardinaux &#8211; Milices Vaudoises'>8 avril 2017 &#8211; remise du commandement F. Cardinaux &#8211; Milices Vaudoises<\/a><\/h3><\/header><\/div><footer class=\"entry-footer\"><\/footer><\/article><\/div><div data-ajax-id='5060' class=' grid-entry flex_column isotope-item all_sort no_margin post-entry post-entry-5060 grid-entry-overview grid-loop-41 grid-parity-odd  soiree-4-et-5-fevrier-2017_sort  av_one_sixth  default_av_fullwidth '><article class='main_color inner-entry'  itemscope=\"itemscope\" itemtype=\"https:\/\/schema.org\/CreativeWork\" ><a href=\"https:\/\/harmoniemontreux.ch\/index.php\/portfolio-item\/soiree-4-et-5-fevrier-2017\/\" title='Soir\u00e9e 4 et 5 f\u00e9vrier 2017'  data-rel='grid-1' class='grid-image avia-hover-fx'> <img fetchpriority=\"high\" fetchpriority=\"high\" decoding=\"async\" fetchpriority=\"high\" width=\"260\" height=\"185\" src=\"https:\/\/harmoniemontreux.ch\/wp-content\/uploads\/2017\/02\/IMG_0437-260x185.jpg\" class=\"wp-image-5062 avia-img-lazy-loading-not-5062 attachment-portfolio_small size-portfolio_small wp-post-image\" alt=\"\" \/><\/a><div class='grid-content'><div class='avia-arrow'><\/div><header class=\"entry-content-header\" aria-label=\"Portfolio : Soir\u00e9e 4 et 5 f\u00e9vrier 2017\"><h3 class='grid-entry-title entry-title '  itemprop=\"headline\" ><a href='https:\/\/harmoniemontreux.ch\/index.php\/portfolio-item\/soiree-4-et-5-fevrier-2017\/' title='Soir\u00e9e 4 et 5 f\u00e9vrier 2017'>Soir\u00e9e 4 et 5 f\u00e9vrier 2017<\/a><\/h3><\/header><\/div><footer class=\"entry-footer\"><\/footer><\/article><\/div><div data-ajax-id='4898' class=' grid-entry flex_column isotope-item all_sort no_margin post-entry post-entry-4898 grid-entry-overview grid-loop-42 grid-parity-even  1er-aout-2016_sort  av_one_sixth  default_av_fullwidth '><article class='main_color inner-entry'  itemscope=\"itemscope\" itemtype=\"https:\/\/schema.org\/CreativeWork\" ><a href=\"https:\/\/harmoniemontreux.ch\/index.php\/portfolio-item\/1er-aout-2016\/\" title='1er ao\u00fbt 2016'  data-rel='grid-1' class='grid-image avia-hover-fx'> <img fetchpriority=\"high\" fetchpriority=\"high\" decoding=\"async\" fetchpriority=\"high\" width=\"260\" height=\"185\" src=\"https:\/\/harmoniemontreux.ch\/wp-content\/uploads\/2016\/09\/IMG_9889-260x185.jpg\" class=\"wp-image-4938 avia-img-lazy-loading-not-4938 attachment-portfolio_small size-portfolio_small wp-post-image\" alt=\"\" \/><\/a><div class='grid-content'><div class='avia-arrow'><\/div><header class=\"entry-content-header\" aria-label=\"Portfolio : 1er ao\u00fbt 2016\"><h3 class='grid-entry-title entry-title '  itemprop=\"headline\" ><a href='https:\/\/harmoniemontreux.ch\/index.php\/portfolio-item\/1er-aout-2016\/' title='1er ao\u00fbt 2016'>1er ao\u00fbt 2016<\/a><\/h3><\/header><\/div><footer class=\"entry-footer\"><\/footer><\/article><\/div><div data-ajax-id='4848' class=' grid-entry flex_column isotope-item all_sort no_margin post-entry post-entry-4848 grid-entry-overview grid-loop-43 grid-parity-odd  echarpes-blanches-juin-2016_sort  av_one_sixth first default_av_fullwidth '><article class='main_color inner-entry'  itemscope=\"itemscope\" itemtype=\"https:\/\/schema.org\/CreativeWork\" ><a href=\"https:\/\/harmoniemontreux.ch\/index.php\/portfolio-item\/echarpes-blanches-juin-2016\/\" title='Echarpes Blanches juin 2016'  data-rel='grid-1' class='grid-image avia-hover-fx'> <img fetchpriority=\"high\" fetchpriority=\"high\" decoding=\"async\" fetchpriority=\"high\" width=\"260\" height=\"185\" src=\"https:\/\/harmoniemontreux.ch\/wp-content\/uploads\/2016\/09\/IMG_8439-260x185.jpg\" class=\"wp-image-4869 avia-img-lazy-loading-not-4869 attachment-portfolio_small size-portfolio_small wp-post-image\" alt=\"\" \/><\/a><div class='grid-content'><div class='avia-arrow'><\/div><header class=\"entry-content-header\" aria-label=\"Portfolio : Echarpes Blanches juin 2016\"><h3 class='grid-entry-title entry-title '  itemprop=\"headline\" ><a href='https:\/\/harmoniemontreux.ch\/index.php\/portfolio-item\/echarpes-blanches-juin-2016\/' title='Echarpes Blanches juin 2016'>Echarpes Blanches juin 2016<\/a><\/h3><\/header><\/div><footer class=\"entry-footer\"><\/footer><\/article><\/div><div data-ajax-id='4731' class=' grid-entry flex_column isotope-item all_sort no_margin post-entry post-entry-4731 grid-entry-overview grid-loop-44 grid-parity-even  menton-fevrier-2016_sort  av_one_sixth  default_av_fullwidth '><article class='main_color inner-entry'  itemscope=\"itemscope\" itemtype=\"https:\/\/schema.org\/CreativeWork\" ><a href=\"https:\/\/harmoniemontreux.ch\/index.php\/portfolio-item\/menton-fevrier-2016\/\" title='Menton &#8211; f\u00e9vrier 2016'  data-rel='grid-1' class='grid-image avia-hover-fx'> <img fetchpriority=\"high\" fetchpriority=\"high\" decoding=\"async\" fetchpriority=\"high\" width=\"260\" height=\"185\" src=\"https:\/\/harmoniemontreux.ch\/wp-content\/uploads\/2016\/09\/IMG_8072-260x185.jpg\" class=\"wp-image-4751 avia-img-lazy-loading-not-4751 attachment-portfolio_small size-portfolio_small wp-post-image\" alt=\"\" \/><\/a><div class='grid-content'><div class='avia-arrow'><\/div><header class=\"entry-content-header\" aria-label=\"Portfolio : Menton &#8211; f\u00e9vrier 2016\"><h3 class='grid-entry-title entry-title '  itemprop=\"headline\" ><a href='https:\/\/harmoniemontreux.ch\/index.php\/portfolio-item\/menton-fevrier-2016\/' title='Menton &#8211; f\u00e9vrier 2016'>Menton &#8211; f\u00e9vrier 2016<\/a><\/h3><\/header><\/div><footer class=\"entry-footer\"><\/footer><\/article><\/div><div data-ajax-id='4632' class=' grid-entry flex_column isotope-item all_sort no_margin post-entry post-entry-4632 grid-entry-overview grid-loop-45 grid-parity-odd  soiree-2016_sort  av_one_sixth  default_av_fullwidth '><article class='main_color inner-entry'  itemscope=\"itemscope\" itemtype=\"https:\/\/schema.org\/CreativeWork\" ><a href=\"https:\/\/harmoniemontreux.ch\/index.php\/portfolio-item\/soiree-2016\/\" title='soir\u00e9e 2016'  data-rel='grid-1' class='grid-image avia-hover-fx'> <img fetchpriority=\"high\" fetchpriority=\"high\" decoding=\"async\" fetchpriority=\"high\" width=\"260\" height=\"185\" src=\"https:\/\/harmoniemontreux.ch\/wp-content\/uploads\/2016\/09\/DSC04366-260x185.jpg\" class=\"wp-image-4637 avia-img-lazy-loading-not-4637 attachment-portfolio_small size-portfolio_small wp-post-image\" alt=\"\" \/><\/a><div class='grid-content'><div class='avia-arrow'><\/div><header class=\"entry-content-header\" aria-label=\"Portfolio : soir\u00e9e 2016\"><h3 class='grid-entry-title entry-title '  itemprop=\"headline\" ><a href='https:\/\/harmoniemontreux.ch\/index.php\/portfolio-item\/soiree-2016\/' title='soir\u00e9e 2016'>soir\u00e9e 2016<\/a><\/h3><\/header><\/div><footer class=\"entry-footer\"><\/footer><\/article><\/div><div data-ajax-id='4575' class=' grid-entry flex_column isotope-item all_sort no_margin post-entry post-entry-4575 grid-entry-overview grid-loop-46 grid-parity-even  1er-aout-diane_sort rallye-2015_sort  av_one_sixth  default_av_fullwidth '><article class='main_color inner-entry'  itemscope=\"itemscope\" itemtype=\"https:\/\/schema.org\/CreativeWork\" ><a href=\"https:\/\/harmoniemontreux.ch\/index.php\/portfolio-item\/rallye-2015\/\" title='Rallye 2015'  data-rel='grid-1' class='grid-image avia-hover-fx'> <img fetchpriority=\"high\" fetchpriority=\"high\" decoding=\"async\" fetchpriority=\"high\" width=\"260\" height=\"185\" src=\"https:\/\/harmoniemontreux.ch\/wp-content\/uploads\/2016\/09\/IMG_8010-260x185.jpg\" class=\"wp-image-4628 avia-img-lazy-loading-not-4628 attachment-portfolio_small size-portfolio_small wp-post-image\" alt=\"\" \/><\/a><div class='grid-content'><div class='avia-arrow'><\/div><header class=\"entry-content-header\" aria-label=\"Portfolio : Rallye 2015\"><h3 class='grid-entry-title entry-title '  itemprop=\"headline\" ><a href='https:\/\/harmoniemontreux.ch\/index.php\/portfolio-item\/rallye-2015\/' title='Rallye 2015'>Rallye 2015<\/a><\/h3><\/header><\/div><footer class=\"entry-footer\"><\/footer><\/article><\/div><div data-ajax-id='4369' class=' grid-entry flex_column isotope-item all_sort no_margin post-entry post-entry-4369 grid-entry-overview grid-loop-47 grid-parity-odd  giron-a-bex-juin-2015_sort  av_one_sixth  default_av_fullwidth '><article class='main_color inner-entry'  itemscope=\"itemscope\" itemtype=\"https:\/\/schema.org\/CreativeWork\" ><a href=\"https:\/\/harmoniemontreux.ch\/index.php\/portfolio-item\/giron-a-bex-juin-2015\/\" title='Giron \u00e0 Bex Juin 2015'  data-rel='grid-1' class='grid-image avia-hover-fx'> <img fetchpriority=\"high\" fetchpriority=\"high\" decoding=\"async\" fetchpriority=\"high\" width=\"260\" height=\"185\" src=\"https:\/\/harmoniemontreux.ch\/wp-content\/uploads\/2016\/07\/img_1435777500_173_lg-260x185.jpg\" class=\"wp-image-4426 avia-img-lazy-loading-not-4426 attachment-portfolio_small size-portfolio_small wp-post-image\" alt=\"\" srcset=\"https:\/\/harmoniemontreux.ch\/wp-content\/uploads\/2016\/07\/img_1435777500_173_lg-260x185.jpg 260w, https:\/\/harmoniemontreux.ch\/wp-content\/uploads\/2016\/07\/img_1435777500_173_lg-845x600.jpg 845w\" sizes=\"(max-width: 260px) 100vw, 260px\" \/><\/a><div class='grid-content'><div class='avia-arrow'><\/div><header class=\"entry-content-header\" aria-label=\"Portfolio : Giron \u00e0 Bex Juin 2015\"><h3 class='grid-entry-title entry-title '  itemprop=\"headline\" ><a href='https:\/\/harmoniemontreux.ch\/index.php\/portfolio-item\/giron-a-bex-juin-2015\/' title='Giron \u00e0 Bex Juin 2015'>Giron \u00e0 Bex Juin 2015<\/a><\/h3><\/header><\/div><footer class=\"entry-footer\"><\/footer><\/article><\/div><div data-ajax-id='4345' class=' grid-entry flex_column isotope-item all_sort no_margin post-entry post-entry-4345 grid-entry-overview grid-loop-48 grid-parity-even  concert-a-chailly-juin-2015_sort  av_one_sixth  default_av_fullwidth '><article class='main_color inner-entry'  itemscope=\"itemscope\" itemtype=\"https:\/\/schema.org\/CreativeWork\" ><a href=\"https:\/\/harmoniemontreux.ch\/index.php\/portfolio-item\/concert-a-chailly-juin-2015\/\" title='Concert \u00e0 Chailly Juin 2015'  data-rel='grid-1' class='grid-image avia-hover-fx'> <img fetchpriority=\"high\" fetchpriority=\"high\" decoding=\"async\" fetchpriority=\"high\" width=\"260\" height=\"185\" src=\"https:\/\/harmoniemontreux.ch\/wp-content\/uploads\/2016\/07\/img_1435776548_645_lg-260x185.jpg\" class=\"wp-image-4368 avia-img-lazy-loading-not-4368 attachment-portfolio_small size-portfolio_small wp-post-image\" alt=\"\" \/><\/a><div class='grid-content'><div class='avia-arrow'><\/div><header class=\"entry-content-header\" aria-label=\"Portfolio : Concert \u00e0 Chailly Juin 2015\"><h3 class='grid-entry-title entry-title '  itemprop=\"headline\" ><a href='https:\/\/harmoniemontreux.ch\/index.php\/portfolio-item\/concert-a-chailly-juin-2015\/' title='Concert \u00e0 Chailly Juin 2015'>Concert \u00e0 Chailly Juin 2015<\/a><\/h3><\/header><\/div><footer class=\"entry-footer\"><\/footer><\/article><\/div><div data-ajax-id='4271' class=' grid-entry flex_column isotope-item all_sort no_margin post-entry post-entry-4271 grid-entry-overview grid-loop-49 grid-parity-odd  concert-haut-de-caux_sort  av_one_sixth first default_av_fullwidth '><article class='main_color inner-entry'  itemscope=\"itemscope\" itemtype=\"https:\/\/schema.org\/CreativeWork\" ><a href=\"https:\/\/harmoniemontreux.ch\/index.php\/portfolio-item\/concert-haut-de-caux\/\" title='Concert Haut de Caux'  data-rel='grid-1' class='grid-image avia-hover-fx'> <img fetchpriority=\"high\" fetchpriority=\"high\" decoding=\"async\" fetchpriority=\"high\" width=\"260\" height=\"185\" src=\"https:\/\/harmoniemontreux.ch\/wp-content\/uploads\/2016\/07\/img_1435138230_616_lg-260x185.jpg\" class=\"wp-image-4343 avia-img-lazy-loading-not-4343 attachment-portfolio_small size-portfolio_small wp-post-image\" alt=\"\" srcset=\"https:\/\/harmoniemontreux.ch\/wp-content\/uploads\/2016\/07\/img_1435138230_616_lg-260x185.jpg 260w, https:\/\/harmoniemontreux.ch\/wp-content\/uploads\/2016\/07\/img_1435138230_616_lg-845x602.jpg 845w\" sizes=\"(max-width: 260px) 100vw, 260px\" \/><\/a><div class='grid-content'><div class='avia-arrow'><\/div><header class=\"entry-content-header\" aria-label=\"Portfolio : Concert Haut de Caux\"><h3 class='grid-entry-title entry-title '  itemprop=\"headline\" ><a href='https:\/\/harmoniemontreux.ch\/index.php\/portfolio-item\/concert-haut-de-caux\/' title='Concert Haut de Caux'>Concert Haut de Caux<\/a><\/h3><\/header><\/div><footer class=\"entry-footer\"><\/footer><\/article><\/div><div data-ajax-id='4168' class=' grid-entry flex_column isotope-item all_sort no_margin post-entry post-entry-4168 grid-entry-overview grid-loop-50 grid-parity-even  fete-des-narcisses-mai-2015_sort  av_one_sixth  default_av_fullwidth '><article class='main_color inner-entry'  itemscope=\"itemscope\" itemtype=\"https:\/\/schema.org\/CreativeWork\" ><a href=\"https:\/\/harmoniemontreux.ch\/index.php\/portfolio-item\/fete-des-narcisses-mai-2015\/\" title='F\u00eate des Narcisses Mai 2015'  data-rel='grid-1' class='grid-image avia-hover-fx'> <img fetchpriority=\"high\" fetchpriority=\"high\" decoding=\"async\" fetchpriority=\"high\" width=\"260\" height=\"185\" src=\"https:\/\/harmoniemontreux.ch\/wp-content\/uploads\/2016\/07\/img_1434885450_714_lg-260x185.jpg\" class=\"wp-image-4270 avia-img-lazy-loading-not-4270 attachment-portfolio_small size-portfolio_small wp-post-image\" alt=\"\" srcset=\"https:\/\/harmoniemontreux.ch\/wp-content\/uploads\/2016\/07\/img_1434885450_714_lg-260x185.jpg 260w, https:\/\/harmoniemontreux.ch\/wp-content\/uploads\/2016\/07\/img_1434885450_714_lg-845x600.jpg 845w\" sizes=\"(max-width: 260px) 100vw, 260px\" \/><\/a><div class='grid-content'><div class='avia-arrow'><\/div><header class=\"entry-content-header\" aria-label=\"Portfolio : F\u00eate des Narcisses Mai 2015\"><h3 class='grid-entry-title entry-title '  itemprop=\"headline\" ><a href='https:\/\/harmoniemontreux.ch\/index.php\/portfolio-item\/fete-des-narcisses-mai-2015\/' title='F\u00eate des Narcisses Mai 2015'>F\u00eate des Narcisses Mai 2015<\/a><\/h3><\/header><\/div><footer class=\"entry-footer\"><\/footer><\/article><\/div><div data-ajax-id='4066' class=' grid-entry flex_column isotope-item all_sort no_margin post-entry post-entry-4066 grid-entry-overview grid-loop-51 grid-parity-odd  soiree-2015_sort  av_one_sixth  default_av_fullwidth '><article class='main_color inner-entry'  itemscope=\"itemscope\" itemtype=\"https:\/\/schema.org\/CreativeWork\" ><a href=\"https:\/\/harmoniemontreux.ch\/index.php\/portfolio-item\/soiree-2015\/\" title='Soir\u00e9e 2015'  data-rel='grid-1' class='grid-image avia-hover-fx'> <img fetchpriority=\"high\" fetchpriority=\"high\" decoding=\"async\" fetchpriority=\"high\" width=\"260\" height=\"185\" src=\"https:\/\/harmoniemontreux.ch\/wp-content\/uploads\/2016\/07\/img_1422873961_445_lg-260x185.jpg\" class=\"wp-image-4166 avia-img-lazy-loading-not-4166 attachment-portfolio_small size-portfolio_small wp-post-image\" alt=\"\" srcset=\"https:\/\/harmoniemontreux.ch\/wp-content\/uploads\/2016\/07\/img_1422873961_445_lg-260x185.jpg 260w, https:\/\/harmoniemontreux.ch\/wp-content\/uploads\/2016\/07\/img_1422873961_445_lg-845x600.jpg 845w\" sizes=\"(max-width: 260px) 100vw, 260px\" \/><\/a><div class='grid-content'><div class='avia-arrow'><\/div><header class=\"entry-content-header\" aria-label=\"Portfolio : Soir\u00e9e 2015\"><h3 class='grid-entry-title entry-title '  itemprop=\"headline\" ><a href='https:\/\/harmoniemontreux.ch\/index.php\/portfolio-item\/soiree-2015\/' title='Soir\u00e9e 2015'>Soir\u00e9e 2015<\/a><\/h3><\/header><\/div><footer class=\"entry-footer\"><\/footer><\/article><\/div><div data-ajax-id='3973' class=' grid-entry flex_column isotope-item all_sort no_margin post-entry post-entry-3973 grid-entry-overview grid-loop-52 grid-parity-even  parade-marche-de-noel_sort  av_one_sixth  default_av_fullwidth '><article class='main_color inner-entry'  itemscope=\"itemscope\" itemtype=\"https:\/\/schema.org\/CreativeWork\" ><a href=\"https:\/\/harmoniemontreux.ch\/index.php\/portfolio-item\/parade-marche-de-noel\/\" title='Parade March\u00e9 de No\u00ebl'  data-rel='grid-1' class='grid-image avia-hover-fx'> <img fetchpriority=\"high\" fetchpriority=\"high\" decoding=\"async\" fetchpriority=\"high\" width=\"260\" height=\"185\" src=\"https:\/\/harmoniemontreux.ch\/wp-content\/uploads\/2016\/07\/img_1418927769_460_lg-260x185.jpg\" class=\"wp-image-4065 avia-img-lazy-loading-not-4065 attachment-portfolio_small size-portfolio_small wp-post-image\" alt=\"\" srcset=\"https:\/\/harmoniemontreux.ch\/wp-content\/uploads\/2016\/07\/img_1418927769_460_lg-260x185.jpg 260w, https:\/\/harmoniemontreux.ch\/wp-content\/uploads\/2016\/07\/img_1418927769_460_lg-845x600.jpg 845w\" sizes=\"(max-width: 260px) 100vw, 260px\" \/><\/a><div class='grid-content'><div class='avia-arrow'><\/div><header class=\"entry-content-header\" aria-label=\"Portfolio : Parade March\u00e9 de No\u00ebl\"><h3 class='grid-entry-title entry-title '  itemprop=\"headline\" ><a href='https:\/\/harmoniemontreux.ch\/index.php\/portfolio-item\/parade-marche-de-noel\/' title='Parade March\u00e9 de No\u00ebl'>Parade March\u00e9 de No\u00ebl<\/a><\/h3><\/header><\/div><footer class=\"entry-footer\"><\/footer><\/article><\/div><div data-ajax-id='3933' class=' grid-entry flex_column isotope-item all_sort no_margin post-entry post-entry-3933 grid-entry-overview grid-loop-53 grid-parity-odd  60-ans-christian-a-st-cergue_sort  av_one_sixth  default_av_fullwidth '><article class='main_color inner-entry'  itemscope=\"itemscope\" itemtype=\"https:\/\/schema.org\/CreativeWork\" ><a href=\"https:\/\/harmoniemontreux.ch\/index.php\/portfolio-item\/60-ans-christian-a-st-cergue\/\" title='60 Ans Christian \u00e0 St-Cergue'  data-rel='grid-1' class='grid-image avia-hover-fx'> <img fetchpriority=\"high\" fetchpriority=\"high\" decoding=\"async\" fetchpriority=\"high\" width=\"260\" height=\"185\" src=\"https:\/\/harmoniemontreux.ch\/wp-content\/uploads\/2016\/07\/img_1409311307_372_lg-260x185.jpg\" class=\"wp-image-3972 avia-img-lazy-loading-not-3972 attachment-portfolio_small size-portfolio_small wp-post-image\" alt=\"\" \/><\/a><div class='grid-content'><div class='avia-arrow'><\/div><header class=\"entry-content-header\" aria-label=\"Portfolio : 60 Ans Christian \u00e0 St-Cergue\"><h3 class='grid-entry-title entry-title '  itemprop=\"headline\" ><a href='https:\/\/harmoniemontreux.ch\/index.php\/portfolio-item\/60-ans-christian-a-st-cergue\/' title='60 Ans Christian \u00e0 St-Cergue'>60 Ans Christian \u00e0 St-Cergue<\/a><\/h3><\/header><\/div><footer class=\"entry-footer\"><\/footer><\/article><\/div><div data-ajax-id='3827' class=' grid-entry flex_column isotope-item all_sort no_margin post-entry post-entry-3827 grid-entry-overview grid-loop-54 grid-parity-even  1er-aout-2014_sort  av_one_sixth  default_av_fullwidth '><article class='main_color inner-entry'  itemscope=\"itemscope\" itemtype=\"https:\/\/schema.org\/CreativeWork\" ><a href=\"https:\/\/harmoniemontreux.ch\/index.php\/portfolio-item\/1er-aout-2014\/\" title='1er Ao\u00fbt 2014'  data-rel='grid-1' class='grid-image avia-hover-fx'> <img fetchpriority=\"high\" fetchpriority=\"high\" decoding=\"async\" fetchpriority=\"high\" width=\"260\" height=\"185\" src=\"https:\/\/harmoniemontreux.ch\/wp-content\/uploads\/2016\/07\/img_1406984706_626_lg-260x185.jpg\" class=\"wp-image-3932 avia-img-lazy-loading-not-3932 attachment-portfolio_small size-portfolio_small wp-post-image\" alt=\"\" \/><\/a><div class='grid-content'><div class='avia-arrow'><\/div><header class=\"entry-content-header\" aria-label=\"Portfolio : 1er Ao\u00fbt 2014\"><h3 class='grid-entry-title entry-title '  itemprop=\"headline\" ><a href='https:\/\/harmoniemontreux.ch\/index.php\/portfolio-item\/1er-aout-2014\/' title='1er Ao\u00fbt 2014'>1er Ao\u00fbt 2014<\/a><\/h3><\/header><\/div><footer class=\"entry-footer\"><\/footer><\/article><\/div><div data-ajax-id='3807' class=' grid-entry flex_column isotope-item all_sort no_margin post-entry post-entry-3807 grid-entry-overview grid-loop-55 grid-parity-odd  diane-2014_sort  av_one_sixth first default_av_fullwidth '><article class='main_color inner-entry'  itemscope=\"itemscope\" itemtype=\"https:\/\/schema.org\/CreativeWork\" ><a href=\"https:\/\/harmoniemontreux.ch\/index.php\/portfolio-item\/diane-2014\/\" title='Diane 2014'  data-rel='grid-1' class='grid-image avia-hover-fx'> <img fetchpriority=\"high\" fetchpriority=\"high\" decoding=\"async\" fetchpriority=\"high\" width=\"260\" height=\"185\" src=\"https:\/\/harmoniemontreux.ch\/wp-content\/uploads\/2016\/07\/img_1406976800_528_lg-260x185.jpg\" class=\"wp-image-3826 avia-img-lazy-loading-not-3826 attachment-portfolio_small size-portfolio_small wp-post-image\" alt=\"\" \/><\/a><div class='grid-content'><div class='avia-arrow'><\/div><header class=\"entry-content-header\" aria-label=\"Portfolio : Diane 2014\"><h3 class='grid-entry-title entry-title '  itemprop=\"headline\" ><a href='https:\/\/harmoniemontreux.ch\/index.php\/portfolio-item\/diane-2014\/' title='Diane 2014'>Diane 2014<\/a><\/h3><\/header><\/div><footer class=\"entry-footer\"><\/footer><\/article><\/div><div data-ajax-id='3752' class=' grid-entry flex_column isotope-item all_sort no_margin post-entry post-entry-3752 grid-entry-overview grid-loop-56 grid-parity-even  giron-gryon-2014_sort  av_one_sixth  default_av_fullwidth '><article class='main_color inner-entry'  itemscope=\"itemscope\" itemtype=\"https:\/\/schema.org\/CreativeWork\" ><a href=\"https:\/\/harmoniemontreux.ch\/index.php\/portfolio-item\/giron-gryon-2014\/\" title='Giron Gryon 2014'  data-rel='grid-1' class='grid-image avia-hover-fx'> <img fetchpriority=\"high\" fetchpriority=\"high\" decoding=\"async\" fetchpriority=\"high\" width=\"260\" height=\"185\" src=\"https:\/\/harmoniemontreux.ch\/wp-content\/uploads\/2016\/07\/img_1402940639_477_lg-260x185.jpg\" class=\"wp-image-3806 avia-img-lazy-loading-not-3806 attachment-portfolio_small size-portfolio_small wp-post-image\" alt=\"\" srcset=\"https:\/\/harmoniemontreux.ch\/wp-content\/uploads\/2016\/07\/img_1402940639_477_lg-260x185.jpg 260w, https:\/\/harmoniemontreux.ch\/wp-content\/uploads\/2016\/07\/img_1402940639_477_lg-845x600.jpg 845w\" sizes=\"(max-width: 260px) 100vw, 260px\" \/><\/a><div class='grid-content'><div class='avia-arrow'><\/div><header class=\"entry-content-header\" aria-label=\"Portfolio : Giron Gryon 2014\"><h3 class='grid-entry-title entry-title '  itemprop=\"headline\" ><a href='https:\/\/harmoniemontreux.ch\/index.php\/portfolio-item\/giron-gryon-2014\/' title='Giron Gryon 2014'>Giron Gryon 2014<\/a><\/h3><\/header><\/div><footer class=\"entry-footer\"><\/footer><\/article><\/div><div data-ajax-id='3655' class=' grid-entry flex_column isotope-item all_sort no_margin post-entry post-entry-3655 grid-entry-overview grid-loop-57 grid-parity-odd  echarpes-blanches-2014_sort  av_one_sixth  default_av_fullwidth '><article class='main_color inner-entry'  itemscope=\"itemscope\" itemtype=\"https:\/\/schema.org\/CreativeWork\" ><a href=\"https:\/\/harmoniemontreux.ch\/index.php\/portfolio-item\/echarpes-blanches-2014\/\" title='Echarpes blanches 2014'  data-rel='grid-1' class='grid-image avia-hover-fx'> <img fetchpriority=\"high\" fetchpriority=\"high\" decoding=\"async\" fetchpriority=\"high\" width=\"260\" height=\"185\" src=\"https:\/\/harmoniemontreux.ch\/wp-content\/uploads\/2016\/07\/img_1402938715_506_lg-260x185.jpg\" class=\"wp-image-3751 avia-img-lazy-loading-not-3751 attachment-portfolio_small size-portfolio_small wp-post-image\" alt=\"\" srcset=\"https:\/\/harmoniemontreux.ch\/wp-content\/uploads\/2016\/07\/img_1402938715_506_lg-260x185.jpg 260w, https:\/\/harmoniemontreux.ch\/wp-content\/uploads\/2016\/07\/img_1402938715_506_lg-845x600.jpg 845w\" sizes=\"(max-width: 260px) 100vw, 260px\" \/><\/a><div class='grid-content'><div class='avia-arrow'><\/div><header class=\"entry-content-header\" aria-label=\"Portfolio : Echarpes blanches 2014\"><h3 class='grid-entry-title entry-title '  itemprop=\"headline\" ><a href='https:\/\/harmoniemontreux.ch\/index.php\/portfolio-item\/echarpes-blanches-2014\/' title='Echarpes blanches 2014'>Echarpes blanches 2014<\/a><\/h3><\/header><\/div><footer class=\"entry-footer\"><\/footer><\/article><\/div><div data-ajax-id='3602' class=' grid-entry flex_column isotope-item all_sort no_margin post-entry post-entry-3602 grid-entry-overview grid-loop-58 grid-parity-even  pompiers-vaudois-vevey-3-mai_sort  av_one_sixth  default_av_fullwidth '><article class='main_color inner-entry'  itemscope=\"itemscope\" itemtype=\"https:\/\/schema.org\/CreativeWork\" ><a href=\"https:\/\/harmoniemontreux.ch\/index.php\/portfolio-item\/pompiers-vaudois-vevey-3-mai\/\" title='Pompiers vaudois Vevey 3 mai'  data-rel='grid-1' class='grid-image avia-hover-fx'> <img fetchpriority=\"high\" fetchpriority=\"high\" decoding=\"async\" fetchpriority=\"high\" width=\"260\" height=\"185\" src=\"https:\/\/harmoniemontreux.ch\/wp-content\/uploads\/2016\/07\/img_1399195966_927_lg-260x185.jpg\" class=\"wp-image-3616 avia-img-lazy-loading-not-3616 attachment-portfolio_small size-portfolio_small wp-post-image\" alt=\"\" srcset=\"https:\/\/harmoniemontreux.ch\/wp-content\/uploads\/2016\/07\/img_1399195966_927_lg-260x185.jpg 260w, https:\/\/harmoniemontreux.ch\/wp-content\/uploads\/2016\/07\/img_1399195966_927_lg-845x599.jpg 845w\" sizes=\"(max-width: 260px) 100vw, 260px\" \/><\/a><div class='grid-content'><div class='avia-arrow'><\/div><header class=\"entry-content-header\" aria-label=\"Portfolio : Pompiers vaudois Vevey 3 mai\"><h3 class='grid-entry-title entry-title '  itemprop=\"headline\" ><a href='https:\/\/harmoniemontreux.ch\/index.php\/portfolio-item\/pompiers-vaudois-vevey-3-mai\/' title='Pompiers vaudois Vevey 3 mai'>Pompiers vaudois Vevey 3 mai<\/a><\/h3><\/header><\/div><footer class=\"entry-footer\"><\/footer><\/article><\/div><div data-ajax-id='3565' class=' grid-entry flex_column isotope-item all_sort no_margin post-entry post-entry-3565 grid-entry-overview grid-loop-59 grid-parity-odd  6-avril_sort  av_one_sixth  default_av_fullwidth '><article class='main_color inner-entry'  itemscope=\"itemscope\" itemtype=\"https:\/\/schema.org\/CreativeWork\" ><a href=\"https:\/\/harmoniemontreux.ch\/index.php\/portfolio-item\/fete-des-jubilaires-a-gland-6-avril\/\" title='F\u00eate des Jubilaires \u00e0 Gland 6 Avril'  data-rel='grid-1' class='grid-image avia-hover-fx'> <img fetchpriority=\"high\" fetchpriority=\"high\" decoding=\"async\" fetchpriority=\"high\" width=\"260\" height=\"185\" src=\"https:\/\/harmoniemontreux.ch\/wp-content\/uploads\/2016\/07\/img_1397061942_77_lg-260x185.jpg\" class=\"wp-image-3599 avia-img-lazy-loading-not-3599 attachment-portfolio_small size-portfolio_small wp-post-image\" alt=\"\" srcset=\"https:\/\/harmoniemontreux.ch\/wp-content\/uploads\/2016\/07\/img_1397061942_77_lg-260x185.jpg 260w, https:\/\/harmoniemontreux.ch\/wp-content\/uploads\/2016\/07\/img_1397061942_77_lg-845x600.jpg 845w\" sizes=\"(max-width: 260px) 100vw, 260px\" \/><\/a><div class='grid-content'><div class='avia-arrow'><\/div><header class=\"entry-content-header\" aria-label=\"Portfolio : F\u00eate des Jubilaires \u00e0 Gland 6 Avril\"><h3 class='grid-entry-title entry-title '  itemprop=\"headline\" ><a href='https:\/\/harmoniemontreux.ch\/index.php\/portfolio-item\/fete-des-jubilaires-a-gland-6-avril\/' title='F\u00eate des Jubilaires \u00e0 Gland 6 Avril'>F\u00eate des Jubilaires \u00e0 Gland 6 Avril<\/a><\/h3><\/header><\/div><footer class=\"entry-footer\"><\/footer><\/article><\/div><div data-ajax-id='3475' class=' grid-entry flex_column isotope-item all_sort no_margin post-entry post-entry-3475 grid-entry-overview grid-loop-60 grid-parity-even  soiree-2014_sort  av_one_sixth  default_av_fullwidth '><article class='main_color inner-entry'  itemscope=\"itemscope\" itemtype=\"https:\/\/schema.org\/CreativeWork\" ><a href=\"https:\/\/harmoniemontreux.ch\/index.php\/portfolio-item\/soiree-2014\/\" title='Soir\u00e9e 2014'  data-rel='grid-1' class='grid-image avia-hover-fx'> <img fetchpriority=\"high\" fetchpriority=\"high\" decoding=\"async\" fetchpriority=\"high\" width=\"260\" height=\"185\" src=\"https:\/\/harmoniemontreux.ch\/wp-content\/uploads\/2016\/07\/img_1391615442_674_lg-260x185.jpg\" class=\"wp-image-3499 avia-img-lazy-loading-not-3499 attachment-portfolio_small size-portfolio_small wp-post-image\" alt=\"\" srcset=\"https:\/\/harmoniemontreux.ch\/wp-content\/uploads\/2016\/07\/img_1391615442_674_lg-260x185.jpg 260w, https:\/\/harmoniemontreux.ch\/wp-content\/uploads\/2016\/07\/img_1391615442_674_lg-845x600.jpg 845w\" sizes=\"(max-width: 260px) 100vw, 260px\" \/><\/a><div class='grid-content'><div class='avia-arrow'><\/div><header class=\"entry-content-header\" aria-label=\"Portfolio : Soir\u00e9e 2014\"><h3 class='grid-entry-title entry-title '  itemprop=\"headline\" ><a href='https:\/\/harmoniemontreux.ch\/index.php\/portfolio-item\/soiree-2014\/' title='Soir\u00e9e 2014'>Soir\u00e9e 2014<\/a><\/h3><\/header><\/div><footer class=\"entry-footer\"><\/footer><\/article><\/div><div data-ajax-id='3354' class=' grid-entry flex_column isotope-item all_sort no_margin post-entry post-entry-3354 grid-entry-overview grid-loop-61 grid-parity-odd  mariage-a-melanie-31-aout-2013_sort  av_one_sixth first default_av_fullwidth '><article class='main_color inner-entry'  itemscope=\"itemscope\" itemtype=\"https:\/\/schema.org\/CreativeWork\" ><a href=\"https:\/\/harmoniemontreux.ch\/index.php\/portfolio-item\/mariage-a-melanie-31-aout-2013\/\" title='Mariage M\u00e9lanie 31 Ao\u00fbt 2013'  data-rel='grid-1' class='grid-image avia-hover-fx'> <img fetchpriority=\"high\" fetchpriority=\"high\" decoding=\"async\" fetchpriority=\"high\" width=\"260\" height=\"185\" src=\"https:\/\/harmoniemontreux.ch\/wp-content\/uploads\/2016\/07\/img_1378035560_439_lg-260x185.jpg\" class=\"wp-image-3474 avia-img-lazy-loading-not-3474 attachment-portfolio_small size-portfolio_small wp-post-image\" alt=\"\" srcset=\"https:\/\/harmoniemontreux.ch\/wp-content\/uploads\/2016\/07\/img_1378035560_439_lg-260x185.jpg 260w, https:\/\/harmoniemontreux.ch\/wp-content\/uploads\/2016\/07\/img_1378035560_439_lg-845x600.jpg 845w\" sizes=\"(max-width: 260px) 100vw, 260px\" \/><\/a><div class='grid-content'><div class='avia-arrow'><\/div><header class=\"entry-content-header\" aria-label=\"Portfolio : Mariage M\u00e9lanie 31 Ao\u00fbt 2013\"><h3 class='grid-entry-title entry-title '  itemprop=\"headline\" ><a href='https:\/\/harmoniemontreux.ch\/index.php\/portfolio-item\/mariage-a-melanie-31-aout-2013\/' title='Mariage M\u00e9lanie 31 Ao\u00fbt 2013'>Mariage M\u00e9lanie 31 Ao\u00fbt 2013<\/a><\/h3><\/header><\/div><footer class=\"entry-footer\"><\/footer><\/article><\/div><div data-ajax-id='3291' class=' grid-entry flex_column isotope-item all_sort no_margin post-entry post-entry-3291 grid-entry-overview grid-loop-62 grid-parity-even  1er-aout-2013_sort  av_one_sixth  default_av_fullwidth '><article class='main_color inner-entry'  itemscope=\"itemscope\" itemtype=\"https:\/\/schema.org\/CreativeWork\" ><a href=\"https:\/\/harmoniemontreux.ch\/index.php\/portfolio-item\/1er-aout-2013\/\" title='1er aout 2013'  data-rel='grid-1' class='grid-image avia-hover-fx'> <img fetchpriority=\"high\" fetchpriority=\"high\" decoding=\"async\" fetchpriority=\"high\" width=\"260\" height=\"185\" src=\"https:\/\/harmoniemontreux.ch\/wp-content\/uploads\/2016\/07\/img_1375427997_492_lg-260x185.jpg\" class=\"wp-image-3353 avia-img-lazy-loading-not-3353 attachment-portfolio_small size-portfolio_small wp-post-image\" alt=\"\" \/><\/a><div class='grid-content'><div class='avia-arrow'><\/div><header class=\"entry-content-header\" aria-label=\"Portfolio : 1er aout 2013\"><h3 class='grid-entry-title entry-title '  itemprop=\"headline\" ><a href='https:\/\/harmoniemontreux.ch\/index.php\/portfolio-item\/1er-aout-2013\/' title='1er aout 2013'>1er aout 2013<\/a><\/h3><\/header><\/div><footer class=\"entry-footer\"><\/footer><\/article><\/div><div data-ajax-id='3268' class=' grid-entry flex_column isotope-item all_sort no_margin post-entry post-entry-3268 grid-entry-overview grid-loop-63 grid-parity-odd  mariage-de-laurence-et-jean-claude-doriot_sort  av_one_sixth  default_av_fullwidth '><article class='main_color inner-entry'  itemscope=\"itemscope\" itemtype=\"https:\/\/schema.org\/CreativeWork\" ><a href=\"https:\/\/harmoniemontreux.ch\/index.php\/portfolio-item\/mariage-de-laurence-et-jean-claude-doriot\/\" title='Mariage de Laurence et Jean-Claude Doriot'  data-rel='grid-1' class='grid-image avia-hover-fx'> <img fetchpriority=\"high\" fetchpriority=\"high\" decoding=\"async\" fetchpriority=\"high\" width=\"260\" height=\"185\" src=\"https:\/\/harmoniemontreux.ch\/wp-content\/uploads\/2016\/07\/img_1369678363_719_lg-260x185.jpg\" class=\"wp-image-3287 avia-img-lazy-loading-not-3287 attachment-portfolio_small size-portfolio_small wp-post-image\" alt=\"\" \/><\/a><div class='grid-content'><div class='avia-arrow'><\/div><header class=\"entry-content-header\" aria-label=\"Portfolio : Mariage de Laurence et Jean-Claude Doriot\"><h3 class='grid-entry-title entry-title '  itemprop=\"headline\" ><a href='https:\/\/harmoniemontreux.ch\/index.php\/portfolio-item\/mariage-de-laurence-et-jean-claude-doriot\/' title='Mariage de Laurence et Jean-Claude Doriot'>Mariage de Laurence et Jean-Claude Doriot<\/a><\/h3><\/header><\/div><footer class=\"entry-footer\"><\/footer><\/article><\/div><div data-ajax-id='3209' class=' grid-entry flex_column isotope-item all_sort no_margin post-entry post-entry-3209 grid-entry-overview grid-loop-64 grid-parity-even  remise-de-la-banniere-cantonale-savigny_sort  av_one_sixth  default_av_fullwidth '><article class='main_color inner-entry'  itemscope=\"itemscope\" itemtype=\"https:\/\/schema.org\/CreativeWork\" ><a href=\"https:\/\/harmoniemontreux.ch\/index.php\/portfolio-item\/remise-de-la-banniere-cantonale-savigny\/\" title='Remise de la banni\u00e8re Cantonale Savigny'  data-rel='grid-1' class='grid-image avia-hover-fx'> <img fetchpriority=\"high\" fetchpriority=\"high\" decoding=\"async\" fetchpriority=\"high\" width=\"260\" height=\"185\" src=\"https:\/\/harmoniemontreux.ch\/wp-content\/uploads\/2016\/07\/img_1368360626_416_lg-260x185.jpg\" class=\"wp-image-3264 avia-img-lazy-loading-not-3264 attachment-portfolio_small size-portfolio_small wp-post-image\" alt=\"\" srcset=\"https:\/\/harmoniemontreux.ch\/wp-content\/uploads\/2016\/07\/img_1368360626_416_lg-260x185.jpg 260w, https:\/\/harmoniemontreux.ch\/wp-content\/uploads\/2016\/07\/img_1368360626_416_lg-845x600.jpg 845w\" sizes=\"(max-width: 260px) 100vw, 260px\" \/><\/a><div class='grid-content'><div class='avia-arrow'><\/div><header class=\"entry-content-header\" aria-label=\"Portfolio : Remise de la banni\u00e8re Cantonale Savigny\"><h3 class='grid-entry-title entry-title '  itemprop=\"headline\" ><a href='https:\/\/harmoniemontreux.ch\/index.php\/portfolio-item\/remise-de-la-banniere-cantonale-savigny\/' title='Remise de la banni\u00e8re Cantonale Savigny'>Remise de la banni\u00e8re Cantonale Savigny<\/a><\/h3><\/header><\/div><footer class=\"entry-footer\"><\/footer><\/article><\/div><div data-ajax-id='3184' class=' grid-entry flex_column isotope-item all_sort no_margin post-entry post-entry-3184 grid-entry-overview grid-loop-65 grid-parity-odd  cortege-fete-cantonale-savigny_sort  av_one_sixth  default_av_fullwidth '><article class='main_color inner-entry'  itemscope=\"itemscope\" itemtype=\"https:\/\/schema.org\/CreativeWork\" ><a href=\"https:\/\/harmoniemontreux.ch\/index.php\/portfolio-item\/cortege-fete-cantonale-savigny\/\" title='Cort\u00e8ge F\u00eate Cantonale Savigny'  data-rel='grid-1' class='grid-image avia-hover-fx'> <img fetchpriority=\"high\" fetchpriority=\"high\" decoding=\"async\" fetchpriority=\"high\" width=\"260\" height=\"185\" src=\"https:\/\/harmoniemontreux.ch\/wp-content\/uploads\/2016\/07\/img_1368178535_667_lg-260x185.jpg\" class=\"wp-image-3208 avia-img-lazy-loading-not-3208 attachment-portfolio_small size-portfolio_small wp-post-image\" alt=\"\" srcset=\"https:\/\/harmoniemontreux.ch\/wp-content\/uploads\/2016\/07\/img_1368178535_667_lg-260x185.jpg 260w, https:\/\/harmoniemontreux.ch\/wp-content\/uploads\/2016\/07\/img_1368178535_667_lg-845x600.jpg 845w\" sizes=\"(max-width: 260px) 100vw, 260px\" \/><\/a><div class='grid-content'><div class='avia-arrow'><\/div><header class=\"entry-content-header\" aria-label=\"Portfolio : Cort\u00e8ge F\u00eate Cantonale Savigny\"><h3 class='grid-entry-title entry-title '  itemprop=\"headline\" ><a href='https:\/\/harmoniemontreux.ch\/index.php\/portfolio-item\/cortege-fete-cantonale-savigny\/' title='Cort\u00e8ge F\u00eate Cantonale Savigny'>Cort\u00e8ge F\u00eate Cantonale Savigny<\/a><\/h3><\/header><\/div><footer class=\"entry-footer\"><\/footer><\/article><\/div><div data-ajax-id='3152' class=' grid-entry flex_column isotope-item all_sort no_margin post-entry post-entry-3152 grid-entry-overview grid-loop-66 grid-parity-even  rallye-2013_sort  av_one_sixth  default_av_fullwidth '><article class='main_color inner-entry'  itemscope=\"itemscope\" itemtype=\"https:\/\/schema.org\/CreativeWork\" ><a href=\"https:\/\/harmoniemontreux.ch\/index.php\/portfolio-item\/rallye-2013\/\" title='Rallye 2013'  data-rel='grid-1' class='grid-image avia-hover-fx'> <img fetchpriority=\"high\" fetchpriority=\"high\" decoding=\"async\" fetchpriority=\"high\" width=\"260\" height=\"185\" src=\"https:\/\/harmoniemontreux.ch\/wp-content\/uploads\/2016\/07\/img_1366566982_48_lg-260x185.jpg\" class=\"wp-image-3183 avia-img-lazy-loading-not-3183 attachment-portfolio_small size-portfolio_small wp-post-image\" alt=\"\" \/><\/a><div class='grid-content'><div class='avia-arrow'><\/div><header class=\"entry-content-header\" aria-label=\"Portfolio : Rallye 2013\"><h3 class='grid-entry-title entry-title '  itemprop=\"headline\" ><a href='https:\/\/harmoniemontreux.ch\/index.php\/portfolio-item\/rallye-2013\/' title='Rallye 2013'>Rallye 2013<\/a><\/h3><\/header><\/div><footer class=\"entry-footer\"><\/footer><\/article><\/div><div data-ajax-id='2976' class=' grid-entry flex_column isotope-item all_sort no_margin post-entry post-entry-2976 grid-entry-overview grid-loop-67 grid-parity-odd  soiree-2013_sort  av_one_sixth first default_av_fullwidth '><article class='main_color inner-entry'  itemscope=\"itemscope\" itemtype=\"https:\/\/schema.org\/CreativeWork\" ><a href=\"https:\/\/harmoniemontreux.ch\/index.php\/portfolio-item\/soiree-2013\/\" title='Soir\u00e9e 2013'  data-rel='grid-1' class='grid-image avia-hover-fx'> <img fetchpriority=\"high\" fetchpriority=\"high\" decoding=\"async\" fetchpriority=\"high\" width=\"260\" height=\"185\" src=\"https:\/\/harmoniemontreux.ch\/wp-content\/uploads\/2016\/07\/img_1360184344_224_lg-260x185.jpg\" class=\"wp-image-3151 avia-img-lazy-loading-not-3151 attachment-portfolio_small size-portfolio_small wp-post-image\" alt=\"\" srcset=\"https:\/\/harmoniemontreux.ch\/wp-content\/uploads\/2016\/07\/img_1360184344_224_lg-260x185.jpg 260w, https:\/\/harmoniemontreux.ch\/wp-content\/uploads\/2016\/07\/img_1360184344_224_lg-845x600.jpg 845w\" sizes=\"(max-width: 260px) 100vw, 260px\" \/><\/a><div class='grid-content'><div class='avia-arrow'><\/div><header class=\"entry-content-header\" aria-label=\"Portfolio : Soir\u00e9e 2013\"><h3 class='grid-entry-title entry-title '  itemprop=\"headline\" ><a href='https:\/\/harmoniemontreux.ch\/index.php\/portfolio-item\/soiree-2013\/' title='Soir\u00e9e 2013'>Soir\u00e9e 2013<\/a><\/h3><\/header><\/div><footer class=\"entry-footer\"><\/footer><\/article><\/div><div data-ajax-id='2824' class=' grid-entry flex_column isotope-item all_sort no_margin post-entry post-entry-2824 grid-entry-overview grid-loop-68 grid-parity-even  50-ans-de-la-commune-de-montreux_sort  av_one_sixth  default_av_fullwidth '><article class='main_color inner-entry'  itemscope=\"itemscope\" itemtype=\"https:\/\/schema.org\/CreativeWork\" ><a href=\"https:\/\/harmoniemontreux.ch\/index.php\/portfolio-item\/50-ans-de-la-commune-de-montreux\/\" title='50 ans de la Commune de Montreux'  data-rel='grid-1' class='grid-image avia-hover-fx'> <img fetchpriority=\"high\" fetchpriority=\"high\" decoding=\"async\" fetchpriority=\"high\" width=\"260\" height=\"185\" src=\"https:\/\/harmoniemontreux.ch\/wp-content\/uploads\/2016\/07\/img_1348600578_401_lg-260x185.jpg\" class=\"wp-image-2975 avia-img-lazy-loading-not-2975 attachment-portfolio_small size-portfolio_small wp-post-image\" alt=\"\" srcset=\"https:\/\/harmoniemontreux.ch\/wp-content\/uploads\/2016\/07\/img_1348600578_401_lg-260x185.jpg 260w, https:\/\/harmoniemontreux.ch\/wp-content\/uploads\/2016\/07\/img_1348600578_401_lg-845x599.jpg 845w\" sizes=\"(max-width: 260px) 100vw, 260px\" \/><\/a><div class='grid-content'><div class='avia-arrow'><\/div><header class=\"entry-content-header\" aria-label=\"Portfolio : 50 ans de la Commune de Montreux\"><h3 class='grid-entry-title entry-title '  itemprop=\"headline\" ><a href='https:\/\/harmoniemontreux.ch\/index.php\/portfolio-item\/50-ans-de-la-commune-de-montreux\/' title='50 ans de la Commune de Montreux'>50 ans de la Commune de Montreux<\/a><\/h3><\/header><\/div><footer class=\"entry-footer\"><\/footer><\/article><\/div><div data-ajax-id='2801' class=' grid-entry flex_column isotope-item all_sort no_margin post-entry post-entry-2801 grid-entry-overview grid-loop-69 grid-parity-odd  marche-folk-vevey-2012_sort  av_one_sixth  default_av_fullwidth '><article class='main_color inner-entry'  itemscope=\"itemscope\" itemtype=\"https:\/\/schema.org\/CreativeWork\" ><a href=\"https:\/\/harmoniemontreux.ch\/index.php\/portfolio-item\/marche-folk-vevey-2012\/\" title='March\u00e9 Folk Vevey 2012'  data-rel='grid-1' class='grid-image avia-hover-fx'> <img fetchpriority=\"high\" fetchpriority=\"high\" decoding=\"async\" fetchpriority=\"high\" width=\"260\" height=\"185\" src=\"https:\/\/harmoniemontreux.ch\/wp-content\/uploads\/2016\/07\/img_1347470537_352_lg-260x185.jpg\" class=\"wp-image-2823 avia-img-lazy-loading-not-2823 attachment-portfolio_small size-portfolio_small wp-post-image\" alt=\"\" srcset=\"https:\/\/harmoniemontreux.ch\/wp-content\/uploads\/2016\/07\/img_1347470537_352_lg-260x185.jpg 260w, https:\/\/harmoniemontreux.ch\/wp-content\/uploads\/2016\/07\/img_1347470537_352_lg-845x600.jpg 845w\" sizes=\"(max-width: 260px) 100vw, 260px\" \/><\/a><div class='grid-content'><div class='avia-arrow'><\/div><header class=\"entry-content-header\" aria-label=\"Portfolio : March\u00e9 Folk Vevey 2012\"><h3 class='grid-entry-title entry-title '  itemprop=\"headline\" ><a href='https:\/\/harmoniemontreux.ch\/index.php\/portfolio-item\/marche-folk-vevey-2012\/' title='March\u00e9 Folk Vevey 2012'>March\u00e9 Folk Vevey 2012<\/a><\/h3><\/header><\/div><footer class=\"entry-footer\"><\/footer><\/article><\/div><div data-ajax-id='2757' class=' grid-entry flex_column isotope-item all_sort no_margin post-entry post-entry-2757 grid-entry-overview grid-loop-70 grid-parity-even  giron-st-triphon-2012_sort  av_one_sixth  default_av_fullwidth '><article class='main_color inner-entry'  itemscope=\"itemscope\" itemtype=\"https:\/\/schema.org\/CreativeWork\" ><a href=\"https:\/\/harmoniemontreux.ch\/index.php\/portfolio-item\/giron-st-triphon-2012\/\" title='Giron St-Triphon 2012'  data-rel='grid-1' class='grid-image avia-hover-fx'> <img fetchpriority=\"high\" fetchpriority=\"high\" decoding=\"async\" fetchpriority=\"high\" width=\"260\" height=\"185\" src=\"https:\/\/harmoniemontreux.ch\/wp-content\/uploads\/2016\/07\/img_1339438468_719_lg-260x185.jpg\" class=\"wp-image-2799 avia-img-lazy-loading-not-2799 attachment-portfolio_small size-portfolio_small wp-post-image\" alt=\"\" srcset=\"https:\/\/harmoniemontreux.ch\/wp-content\/uploads\/2016\/07\/img_1339438468_719_lg-260x185.jpg 260w, https:\/\/harmoniemontreux.ch\/wp-content\/uploads\/2016\/07\/img_1339438468_719_lg-845x600.jpg 845w\" sizes=\"(max-width: 260px) 100vw, 260px\" \/><\/a><div class='grid-content'><div class='avia-arrow'><\/div><header class=\"entry-content-header\" aria-label=\"Portfolio : Giron St-Triphon 2012\"><h3 class='grid-entry-title entry-title '  itemprop=\"headline\" ><a href='https:\/\/harmoniemontreux.ch\/index.php\/portfolio-item\/giron-st-triphon-2012\/' title='Giron St-Triphon 2012'>Giron St-Triphon 2012<\/a><\/h3><\/header><\/div><footer class=\"entry-footer\"><\/footer><\/article><\/div><div data-ajax-id='2725' class=' grid-entry flex_column isotope-item all_sort no_margin post-entry post-entry-2725 grid-entry-overview grid-loop-71 grid-parity-odd  echarpes-blanches-vernex_sort  av_one_sixth  default_av_fullwidth '><article class='main_color inner-entry'  itemscope=\"itemscope\" itemtype=\"https:\/\/schema.org\/CreativeWork\" ><a href=\"https:\/\/harmoniemontreux.ch\/index.php\/portfolio-item\/echarpes-blanches-vernex\/\" title='Echarpes Blanches Vernex'  data-rel='grid-1' class='grid-image avia-hover-fx'> <img fetchpriority=\"high\" fetchpriority=\"high\" decoding=\"async\" fetchpriority=\"high\" width=\"260\" height=\"185\" src=\"https:\/\/harmoniemontreux.ch\/wp-content\/uploads\/2016\/07\/img_1339436413_279_lg-260x185.jpg\" class=\"wp-image-2756 avia-img-lazy-loading-not-2756 attachment-portfolio_small size-portfolio_small wp-post-image\" alt=\"\" \/><\/a><div class='grid-content'><div class='avia-arrow'><\/div><header class=\"entry-content-header\" aria-label=\"Portfolio : Echarpes Blanches Vernex\"><h3 class='grid-entry-title entry-title '  itemprop=\"headline\" ><a href='https:\/\/harmoniemontreux.ch\/index.php\/portfolio-item\/echarpes-blanches-vernex\/' title='Echarpes Blanches Vernex'>Echarpes Blanches Vernex<\/a><\/h3><\/header><\/div><footer class=\"entry-footer\"><\/footer><\/article><\/div><div data-ajax-id='2624' class=' grid-entry flex_column isotope-item all_sort no_margin post-entry post-entry-2624 grid-entry-overview grid-loop-72 grid-parity-even  soiree-2012_sort  av_one_sixth  default_av_fullwidth '><article class='main_color inner-entry'  itemscope=\"itemscope\" itemtype=\"https:\/\/schema.org\/CreativeWork\" ><a href=\"https:\/\/harmoniemontreux.ch\/index.php\/portfolio-item\/soiree-2012\/\" title='Soir\u00e9e 2012'  data-rel='grid-1' class='grid-image avia-hover-fx'> <img fetchpriority=\"high\" fetchpriority=\"high\" decoding=\"async\" fetchpriority=\"high\" width=\"260\" height=\"185\" src=\"https:\/\/harmoniemontreux.ch\/wp-content\/uploads\/2016\/07\/img_1328558353_266_lg-260x185.jpg\" class=\"wp-image-2724 avia-img-lazy-loading-not-2724 attachment-portfolio_small size-portfolio_small wp-post-image\" alt=\"\" srcset=\"https:\/\/harmoniemontreux.ch\/wp-content\/uploads\/2016\/07\/img_1328558353_266_lg-260x185.jpg 260w, https:\/\/harmoniemontreux.ch\/wp-content\/uploads\/2016\/07\/img_1328558353_266_lg-845x600.jpg 845w\" sizes=\"(max-width: 260px) 100vw, 260px\" \/><\/a><div class='grid-content'><div class='avia-arrow'><\/div><header class=\"entry-content-header\" aria-label=\"Portfolio : Soir\u00e9e 2012\"><h3 class='grid-entry-title entry-title '  itemprop=\"headline\" ><a href='https:\/\/harmoniemontreux.ch\/index.php\/portfolio-item\/soiree-2012\/' title='Soir\u00e9e 2012'>Soir\u00e9e 2012<\/a><\/h3><\/header><\/div><footer class=\"entry-footer\"><\/footer><\/article><\/div><div data-ajax-id='2591' class=' grid-entry flex_column isotope-item all_sort no_margin post-entry post-entry-2591 grid-entry-overview grid-loop-73 grid-parity-odd  foire-des-planches-29-octobre-2011_sort  av_one_sixth first default_av_fullwidth '><article class='main_color inner-entry'  itemscope=\"itemscope\" itemtype=\"https:\/\/schema.org\/CreativeWork\" ><a href=\"https:\/\/harmoniemontreux.ch\/index.php\/portfolio-item\/foire-des-planches-29-octobre-2011\/\" title='Foire des Planches 29 octobre 2011'  data-rel='grid-1' class='grid-image avia-hover-fx'> <img fetchpriority=\"high\" fetchpriority=\"high\" decoding=\"async\" fetchpriority=\"high\" width=\"260\" height=\"185\" src=\"https:\/\/harmoniemontreux.ch\/wp-content\/uploads\/2016\/07\/img_1319962606_777_lg-260x185.jpg\" class=\"wp-image-2623 avia-img-lazy-loading-not-2623 attachment-portfolio_small size-portfolio_small wp-post-image\" alt=\"\" \/><\/a><div class='grid-content'><div class='avia-arrow'><\/div><header class=\"entry-content-header\" aria-label=\"Portfolio : Foire des Planches 29 octobre 2011\"><h3 class='grid-entry-title entry-title '  itemprop=\"headline\" ><a href='https:\/\/harmoniemontreux.ch\/index.php\/portfolio-item\/foire-des-planches-29-octobre-2011\/' title='Foire des Planches 29 octobre 2011'>Foire des Planches 29 octobre 2011<\/a><\/h3><\/header><\/div><footer class=\"entry-footer\"><\/footer><\/article><\/div><div data-ajax-id='2513' class=' grid-entry flex_column isotope-item all_sort no_margin post-entry post-entry-2513 grid-entry-overview grid-loop-74 grid-parity-even  seminaire-2011_sort  av_one_sixth  default_av_fullwidth '><article class='main_color inner-entry'  itemscope=\"itemscope\" itemtype=\"https:\/\/schema.org\/CreativeWork\" ><a href=\"https:\/\/harmoniemontreux.ch\/index.php\/portfolio-item\/seminaire-2011\/\" title='S\u00e9minaire 2011'  data-rel='grid-1' class='grid-image avia-hover-fx'> <img fetchpriority=\"high\" fetchpriority=\"high\" decoding=\"async\" fetchpriority=\"high\" width=\"260\" height=\"185\" src=\"https:\/\/harmoniemontreux.ch\/wp-content\/uploads\/2016\/07\/img_1316965400_992_lg-260x185.jpg\" class=\"wp-image-2589 avia-img-lazy-loading-not-2589 attachment-portfolio_small size-portfolio_small wp-post-image\" alt=\"\" srcset=\"https:\/\/harmoniemontreux.ch\/wp-content\/uploads\/2016\/07\/img_1316965400_992_lg-260x185.jpg 260w, https:\/\/harmoniemontreux.ch\/wp-content\/uploads\/2016\/07\/img_1316965400_992_lg-845x597.jpg 845w\" sizes=\"(max-width: 260px) 100vw, 260px\" \/><\/a><div class='grid-content'><div class='avia-arrow'><\/div><header class=\"entry-content-header\" aria-label=\"Portfolio : S\u00e9minaire 2011\"><h3 class='grid-entry-title entry-title '  itemprop=\"headline\" ><a href='https:\/\/harmoniemontreux.ch\/index.php\/portfolio-item\/seminaire-2011\/' title='S\u00e9minaire 2011'>S\u00e9minaire 2011<\/a><\/h3><\/header><\/div><footer class=\"entry-footer\"><\/footer><\/article><\/div><div data-ajax-id='2449' class=' grid-entry flex_column isotope-item all_sort no_margin post-entry post-entry-2449 grid-entry-overview grid-loop-75 grid-parity-odd  1er-aout-2011_sort  av_one_sixth  default_av_fullwidth '><article class='main_color inner-entry'  itemscope=\"itemscope\" itemtype=\"https:\/\/schema.org\/CreativeWork\" ><a href=\"https:\/\/harmoniemontreux.ch\/index.php\/portfolio-item\/1er-aout-2011\/\" title='1er Ao\u00fbt 2011'  data-rel='grid-1' class='grid-image avia-hover-fx'> <img fetchpriority=\"high\" fetchpriority=\"high\" decoding=\"async\" fetchpriority=\"high\" width=\"260\" height=\"185\" src=\"https:\/\/harmoniemontreux.ch\/wp-content\/uploads\/2016\/07\/img_1313163490_334_lg-260x185.jpg\" class=\"wp-image-2498 avia-img-lazy-loading-not-2498 attachment-portfolio_small size-portfolio_small wp-post-image\" alt=\"\" srcset=\"https:\/\/harmoniemontreux.ch\/wp-content\/uploads\/2016\/07\/img_1313163490_334_lg-260x185.jpg 260w, https:\/\/harmoniemontreux.ch\/wp-content\/uploads\/2016\/07\/img_1313163490_334_lg-845x600.jpg 845w\" sizes=\"(max-width: 260px) 100vw, 260px\" \/><\/a><div class='grid-content'><div class='avia-arrow'><\/div><header class=\"entry-content-header\" aria-label=\"Portfolio : 1er Ao\u00fbt 2011\"><h3 class='grid-entry-title entry-title '  itemprop=\"headline\" ><a href='https:\/\/harmoniemontreux.ch\/index.php\/portfolio-item\/1er-aout-2011\/' title='1er Ao\u00fbt 2011'>1er Ao\u00fbt 2011<\/a><\/h3><\/header><\/div><footer class=\"entry-footer\"><\/footer><\/article><\/div><div data-ajax-id='2430' class=' grid-entry flex_column isotope-item all_sort no_margin post-entry post-entry-2430 grid-entry-overview grid-loop-76 grid-parity-even  diane-1er-aout-2011_sort  av_one_sixth  default_av_fullwidth '><article class='main_color inner-entry'  itemscope=\"itemscope\" itemtype=\"https:\/\/schema.org\/CreativeWork\" ><a href=\"https:\/\/harmoniemontreux.ch\/index.php\/portfolio-item\/diane-1er-aout-2011\/\" title='Diane 1er Ao\u00fbt 2011'  data-rel='grid-1' class='grid-image avia-hover-fx'> <img fetchpriority=\"high\" fetchpriority=\"high\" decoding=\"async\" fetchpriority=\"high\" width=\"260\" height=\"185\" src=\"https:\/\/harmoniemontreux.ch\/wp-content\/uploads\/2016\/07\/img_1312567895_3_lg-260x185.jpg\" class=\"wp-image-2448 avia-img-lazy-loading-not-2448 attachment-portfolio_small size-portfolio_small wp-post-image\" alt=\"\" \/><\/a><div class='grid-content'><div class='avia-arrow'><\/div><header class=\"entry-content-header\" aria-label=\"Portfolio : Diane 1er Ao\u00fbt 2011\"><h3 class='grid-entry-title entry-title '  itemprop=\"headline\" ><a href='https:\/\/harmoniemontreux.ch\/index.php\/portfolio-item\/diane-1er-aout-2011\/' title='Diane 1er Ao\u00fbt 2011'>Diane 1er Ao\u00fbt 2011<\/a><\/h3><\/header><\/div><footer class=\"entry-footer\"><\/footer><\/article><\/div><div data-ajax-id='2381' class=' grid-entry flex_column isotope-item all_sort no_margin post-entry post-entry-2381 grid-entry-overview grid-loop-77 grid-parity-odd  21-mai-2011-mariage-fredo-et-laura_sort  av_one_sixth  default_av_fullwidth '><article class='main_color inner-entry'  itemscope=\"itemscope\" itemtype=\"https:\/\/schema.org\/CreativeWork\" ><a href=\"https:\/\/harmoniemontreux.ch\/index.php\/portfolio-item\/21-mai-2011-mariage-fredo-et-laura\/\" title='21 Mai 2011 Mariage Fredo et Laura'  data-rel='grid-1' class='grid-image avia-hover-fx'> <img fetchpriority=\"high\" fetchpriority=\"high\" decoding=\"async\" fetchpriority=\"high\" width=\"260\" height=\"185\" src=\"https:\/\/harmoniemontreux.ch\/wp-content\/uploads\/2016\/07\/img_1311064939_939_lg-260x185.jpg\" class=\"wp-image-2414 avia-img-lazy-loading-not-2414 attachment-portfolio_small size-portfolio_small wp-post-image\" alt=\"\" \/><\/a><div class='grid-content'><div class='avia-arrow'><\/div><header class=\"entry-content-header\" aria-label=\"Portfolio : 21 Mai 2011 Mariage Fredo et Laura\"><h3 class='grid-entry-title entry-title '  itemprop=\"headline\" ><a href='https:\/\/harmoniemontreux.ch\/index.php\/portfolio-item\/21-mai-2011-mariage-fredo-et-laura\/' title='21 Mai 2011 Mariage Fredo et Laura'>21 Mai 2011 Mariage Fredo et Laura<\/a><\/h3><\/header><\/div><footer class=\"entry-footer\"><\/footer><\/article><\/div><div data-ajax-id='2344' class=' grid-entry flex_column isotope-item all_sort no_margin post-entry post-entry-2344 grid-entry-overview grid-loop-78 grid-parity-even  concert-a-la-tour-de-peilz-juin-2011_sort  av_one_sixth  default_av_fullwidth '><article class='main_color inner-entry'  itemscope=\"itemscope\" itemtype=\"https:\/\/schema.org\/CreativeWork\" ><a href=\"https:\/\/harmoniemontreux.ch\/index.php\/portfolio-item\/concert-a-la-tour-de-peilz-juin-2011\/\" title='Concert \u00e0 la Tour-de-Peilz juin 2011'  data-rel='grid-1' class='grid-image avia-hover-fx'> <img fetchpriority=\"high\" fetchpriority=\"high\" decoding=\"async\" fetchpriority=\"high\" width=\"260\" height=\"185\" src=\"https:\/\/harmoniemontreux.ch\/wp-content\/uploads\/2016\/07\/img_1313605250_569_lg-260x185.jpg\" class=\"wp-image-2380 avia-img-lazy-loading-not-2380 attachment-portfolio_small size-portfolio_small wp-post-image\" alt=\"\" \/><\/a><div class='grid-content'><div class='avia-arrow'><\/div><header class=\"entry-content-header\" aria-label=\"Portfolio : Concert \u00e0 la Tour-de-Peilz juin 2011\"><h3 class='grid-entry-title entry-title '  itemprop=\"headline\" ><a href='https:\/\/harmoniemontreux.ch\/index.php\/portfolio-item\/concert-a-la-tour-de-peilz-juin-2011\/' title='Concert \u00e0 la Tour-de-Peilz juin 2011'>Concert \u00e0 la Tour-de-Peilz juin 2011<\/a><\/h3><\/header><\/div><footer class=\"entry-footer\"><\/footer><\/article><\/div><div data-ajax-id='2255' class=' grid-entry flex_column isotope-item all_sort no_margin post-entry post-entry-2255 grid-entry-overview grid-loop-79 grid-parity-odd  federale-st-gall-2011_sort  av_one_sixth first default_av_fullwidth '><article class='main_color inner-entry'  itemscope=\"itemscope\" itemtype=\"https:\/\/schema.org\/CreativeWork\" ><a href=\"https:\/\/harmoniemontreux.ch\/index.php\/portfolio-item\/federale-st-gall-2011\/\" title='F\u00e9d\u00e9rale St-Gall 2011'  data-rel='grid-1' class='grid-image avia-hover-fx'> <img fetchpriority=\"high\" fetchpriority=\"high\" decoding=\"async\" fetchpriority=\"high\" width=\"260\" height=\"185\" src=\"https:\/\/harmoniemontreux.ch\/wp-content\/uploads\/2016\/07\/img_1309198403_170_lg-260x185.jpg\" class=\"wp-image-2342 avia-img-lazy-loading-not-2342 attachment-portfolio_small size-portfolio_small wp-post-image\" alt=\"\" \/><\/a><div class='grid-content'><div class='avia-arrow'><\/div><header class=\"entry-content-header\" aria-label=\"Portfolio : F\u00e9d\u00e9rale St-Gall 2011\"><h3 class='grid-entry-title entry-title '  itemprop=\"headline\" ><a href='https:\/\/harmoniemontreux.ch\/index.php\/portfolio-item\/federale-st-gall-2011\/' title='F\u00e9d\u00e9rale St-Gall 2011'>F\u00e9d\u00e9rale St-Gall 2011<\/a><\/h3><\/header><\/div><footer class=\"entry-footer\"><\/footer><\/article><\/div><div data-ajax-id='2221' class=' grid-entry flex_column isotope-item all_sort no_margin post-entry post-entry-2221 grid-entry-overview grid-loop-80 grid-parity-even  jubilaires-2011_sort  av_one_sixth  default_av_fullwidth '><article class='main_color inner-entry'  itemscope=\"itemscope\" itemtype=\"https:\/\/schema.org\/CreativeWork\" ><a href=\"https:\/\/harmoniemontreux.ch\/index.php\/portfolio-item\/jubilaires-2011\/\" title='Jubilaires 2011'  data-rel='grid-1' class='grid-image avia-hover-fx'> <img fetchpriority=\"high\" fetchpriority=\"high\" decoding=\"async\" fetchpriority=\"high\" width=\"260\" height=\"185\" src=\"https:\/\/harmoniemontreux.ch\/wp-content\/uploads\/2016\/07\/img_1307990755_737_lg-260x185.jpg\" class=\"wp-image-2250 avia-img-lazy-loading-not-2250 attachment-portfolio_small size-portfolio_small wp-post-image\" alt=\"\" \/><\/a><div class='grid-content'><div class='avia-arrow'><\/div><header class=\"entry-content-header\" aria-label=\"Portfolio : Jubilaires 2011\"><h3 class='grid-entry-title entry-title '  itemprop=\"headline\" ><a href='https:\/\/harmoniemontreux.ch\/index.php\/portfolio-item\/jubilaires-2011\/' title='Jubilaires 2011'>Jubilaires 2011<\/a><\/h3><\/header><\/div><footer class=\"entry-footer\"><\/footer><\/article><\/div><div data-ajax-id='2141' class=' grid-entry flex_column isotope-item all_sort no_margin post-entry post-entry-2141 grid-entry-overview grid-loop-81 grid-parity-odd  soiree-2011-casino-de-montreux_sort  av_one_sixth  default_av_fullwidth '><article class='main_color inner-entry'  itemscope=\"itemscope\" itemtype=\"https:\/\/schema.org\/CreativeWork\" ><a href=\"https:\/\/harmoniemontreux.ch\/index.php\/portfolio-item\/soiree-2011-casino-de-montreux\/\" title='Soir\u00e9e 2011 Casino de Montreux'  data-rel='grid-1' class='grid-image avia-hover-fx'> <img fetchpriority=\"high\" fetchpriority=\"high\" decoding=\"async\" fetchpriority=\"high\" width=\"260\" height=\"185\" src=\"https:\/\/harmoniemontreux.ch\/wp-content\/uploads\/2016\/07\/img_1307962680_881_lg-260x185.jpg\" class=\"wp-image-2219 avia-img-lazy-loading-not-2219 attachment-portfolio_small size-portfolio_small wp-post-image\" alt=\"\" \/><\/a><div class='grid-content'><div class='avia-arrow'><\/div><header class=\"entry-content-header\" aria-label=\"Portfolio : Soir\u00e9e 2011 Casino de Montreux\"><h3 class='grid-entry-title entry-title '  itemprop=\"headline\" ><a href='https:\/\/harmoniemontreux.ch\/index.php\/portfolio-item\/soiree-2011-casino-de-montreux\/' title='Soir\u00e9e 2011 Casino de Montreux'>Soir\u00e9e 2011 Casino de Montreux<\/a><\/h3><\/header><\/div><footer class=\"entry-footer\"><\/footer><\/article><\/div><div data-ajax-id='2035' class=' grid-entry flex_column isotope-item all_sort no_margin post-entry post-entry-2035 grid-entry-overview grid-loop-82 grid-parity-even  giron-glion-12-juin-2011_sort  av_one_sixth  default_av_fullwidth '><article class='main_color inner-entry'  itemscope=\"itemscope\" itemtype=\"https:\/\/schema.org\/CreativeWork\" ><a href=\"https:\/\/harmoniemontreux.ch\/index.php\/portfolio-item\/giron-glion-12-juin-2011\/\" title='Giron Glion 12 juin 2011'  data-rel='grid-1' class='grid-image avia-hover-fx'> <img fetchpriority=\"high\" fetchpriority=\"high\" decoding=\"async\" fetchpriority=\"high\" width=\"260\" height=\"185\" src=\"https:\/\/harmoniemontreux.ch\/wp-content\/uploads\/2016\/07\/img_1307960405_293_lg-260x185.jpg\" class=\"wp-image-2140 avia-img-lazy-loading-not-2140 attachment-portfolio_small size-portfolio_small wp-post-image\" alt=\"\" srcset=\"https:\/\/harmoniemontreux.ch\/wp-content\/uploads\/2016\/07\/img_1307960405_293_lg-260x185.jpg 260w, https:\/\/harmoniemontreux.ch\/wp-content\/uploads\/2016\/07\/img_1307960405_293_lg-845x600.jpg 845w\" sizes=\"(max-width: 260px) 100vw, 260px\" \/><\/a><div class='grid-content'><div class='avia-arrow'><\/div><header class=\"entry-content-header\" aria-label=\"Portfolio : Giron Glion 12 juin 2011\"><h3 class='grid-entry-title entry-title '  itemprop=\"headline\" ><a href='https:\/\/harmoniemontreux.ch\/index.php\/portfolio-item\/giron-glion-12-juin-2011\/' title='Giron Glion 12 juin 2011'>Giron Glion 12 juin 2011<\/a><\/h3><\/header><\/div><footer class=\"entry-footer\"><\/footer><\/article><\/div><div data-ajax-id='1951' class=' grid-entry flex_column isotope-item all_sort no_margin post-entry post-entry-1951 grid-entry-overview grid-loop-83 grid-parity-odd  seminaire-leysin-septembre-2010_sort  av_one_sixth  default_av_fullwidth '><article class='main_color inner-entry'  itemscope=\"itemscope\" itemtype=\"https:\/\/schema.org\/CreativeWork\" ><a href=\"https:\/\/harmoniemontreux.ch\/index.php\/portfolio-item\/seminaire-leysin-septembre-2010\/\" title='S\u00e9minaire Leysin Septembre 2010'  data-rel='grid-1' class='grid-image avia-hover-fx'> <img fetchpriority=\"high\" fetchpriority=\"high\" decoding=\"async\" fetchpriority=\"high\" width=\"260\" height=\"185\" src=\"https:\/\/harmoniemontreux.ch\/wp-content\/uploads\/2016\/07\/img_1285835515_715_lg-260x185.jpg\" class=\"wp-image-2033 avia-img-lazy-loading-not-2033 attachment-portfolio_small size-portfolio_small wp-post-image\" alt=\"\" \/><\/a><div class='grid-content'><div class='avia-arrow'><\/div><header class=\"entry-content-header\" aria-label=\"Portfolio : S\u00e9minaire Leysin Septembre 2010\"><h3 class='grid-entry-title entry-title '  itemprop=\"headline\" ><a href='https:\/\/harmoniemontreux.ch\/index.php\/portfolio-item\/seminaire-leysin-septembre-2010\/' title='S\u00e9minaire Leysin Septembre 2010'>S\u00e9minaire Leysin Septembre 2010<\/a><\/h3><\/header><\/div><footer class=\"entry-footer\"><\/footer><\/article><\/div><div data-ajax-id='1883' class=' grid-entry flex_column isotope-item all_sort no_margin post-entry post-entry-1883 grid-entry-overview grid-loop-84 grid-parity-even  1er-aout-stele-du-soldat_sort  av_one_sixth  default_av_fullwidth '><article class='main_color inner-entry'  itemscope=\"itemscope\" itemtype=\"https:\/\/schema.org\/CreativeWork\" ><a href=\"https:\/\/harmoniemontreux.ch\/index.php\/portfolio-item\/1er-aout-stele-du-soldat\/\" title='1er Ao\u00fbt St\u00e8le du Soldat'  data-rel='grid-1' class='grid-image avia-hover-fx'> <img fetchpriority=\"high\" fetchpriority=\"high\" decoding=\"async\" fetchpriority=\"high\" width=\"260\" height=\"185\" src=\"https:\/\/harmoniemontreux.ch\/wp-content\/uploads\/2016\/07\/img_1280761584_343_lg-260x185.jpg\" class=\"wp-image-1911 avia-img-lazy-loading-not-1911 attachment-portfolio_small size-portfolio_small wp-post-image\" alt=\"\" \/><\/a><div class='grid-content'><div class='avia-arrow'><\/div><header class=\"entry-content-header\" aria-label=\"Portfolio : 1er Ao\u00fbt St\u00e8le du Soldat\"><h3 class='grid-entry-title entry-title '  itemprop=\"headline\" ><a href='https:\/\/harmoniemontreux.ch\/index.php\/portfolio-item\/1er-aout-stele-du-soldat\/' title='1er Ao\u00fbt St\u00e8le du Soldat'>1er Ao\u00fbt St\u00e8le du Soldat<\/a><\/h3><\/header><\/div><footer class=\"entry-footer\"><\/footer><\/article><\/div><div data-ajax-id='1814' class=' grid-entry flex_column isotope-item all_sort no_margin post-entry post-entry-1814 grid-entry-overview grid-loop-85 grid-parity-odd  1er-aout-diane_sort  av_one_sixth first default_av_fullwidth '><article class='main_color inner-entry'  itemscope=\"itemscope\" itemtype=\"https:\/\/schema.org\/CreativeWork\" ><a href=\"https:\/\/harmoniemontreux.ch\/index.php\/portfolio-item\/1er-aout-diane\/\" title='1er Ao\u00c3\u00bbt Diane'  data-rel='grid-1' class='grid-image avia-hover-fx'> <img fetchpriority=\"high\" fetchpriority=\"high\" decoding=\"async\" fetchpriority=\"high\" width=\"260\" height=\"185\" src=\"https:\/\/harmoniemontreux.ch\/wp-content\/uploads\/2016\/07\/img_1280760873_603_lg-260x185.jpg\" class=\"wp-image-1875 avia-img-lazy-loading-not-1875 attachment-portfolio_small size-portfolio_small wp-post-image\" alt=\"\" srcset=\"https:\/\/harmoniemontreux.ch\/wp-content\/uploads\/2016\/07\/img_1280760873_603_lg-260x185.jpg 260w, https:\/\/harmoniemontreux.ch\/wp-content\/uploads\/2016\/07\/img_1280760873_603_lg-845x600.jpg 845w\" sizes=\"(max-width: 260px) 100vw, 260px\" \/><\/a><div class='grid-content'><div class='avia-arrow'><\/div><header class=\"entry-content-header\" aria-label=\"Portfolio : 1er Ao\u00c3\u00bbt Diane\"><h3 class='grid-entry-title entry-title '  itemprop=\"headline\" ><a href='https:\/\/harmoniemontreux.ch\/index.php\/portfolio-item\/1er-aout-diane\/' title='1er Ao\u00c3\u00bbt Diane'>1er Ao\u00c3\u00bbt Diane<\/a><\/h3><\/header><\/div><footer class=\"entry-footer\"><\/footer><\/article><\/div><div data-ajax-id='1768' class=' grid-entry flex_column isotope-item all_sort no_margin post-entry post-entry-1768 grid-entry-overview grid-loop-86 grid-parity-even  31-juillet-clarens-cortege-fete-nationale_sort  av_one_sixth  default_av_fullwidth '><article class='main_color inner-entry'  itemscope=\"itemscope\" itemtype=\"https:\/\/schema.org\/CreativeWork\" ><a href=\"https:\/\/harmoniemontreux.ch\/index.php\/portfolio-item\/31-juillet-clarens-cortege-fete-nationale\/\" title='31 Juillet Clarens Cort\u00e8ge F\u00eate Nationale'  data-rel='grid-1' class='grid-image avia-hover-fx'> <img fetchpriority=\"high\" fetchpriority=\"high\" decoding=\"async\" fetchpriority=\"high\" width=\"260\" height=\"185\" src=\"https:\/\/harmoniemontreux.ch\/wp-content\/uploads\/2016\/07\/img_1280760555_311_lg-260x185.jpg\" class=\"wp-image-1813 avia-img-lazy-loading-not-1813 attachment-portfolio_small size-portfolio_small wp-post-image\" alt=\"\" srcset=\"https:\/\/harmoniemontreux.ch\/wp-content\/uploads\/2016\/07\/img_1280760555_311_lg-260x185.jpg 260w, https:\/\/harmoniemontreux.ch\/wp-content\/uploads\/2016\/07\/img_1280760555_311_lg-845x600.jpg 845w\" sizes=\"(max-width: 260px) 100vw, 260px\" \/><\/a><div class='grid-content'><div class='avia-arrow'><\/div><header class=\"entry-content-header\" aria-label=\"Portfolio : 31 Juillet Clarens Cort\u00e8ge F\u00eate Nationale\"><h3 class='grid-entry-title entry-title '  itemprop=\"headline\" ><a href='https:\/\/harmoniemontreux.ch\/index.php\/portfolio-item\/31-juillet-clarens-cortege-fete-nationale\/' title='31 Juillet Clarens Cort\u00e8ge F\u00eate Nationale'>31 Juillet Clarens Cort\u00e8ge F\u00eate Nationale<\/a><\/h3><\/header><\/div><footer class=\"entry-footer\"><\/footer><\/article><\/div><div data-ajax-id='1728' class=' grid-entry flex_column isotope-item all_sort no_margin post-entry post-entry-1728 grid-entry-overview grid-loop-87 grid-parity-odd  fete-des-ecoles-montreux-28-06_sort  av_one_sixth  default_av_fullwidth '><article class='main_color inner-entry'  itemscope=\"itemscope\" itemtype=\"https:\/\/schema.org\/CreativeWork\" ><a href=\"https:\/\/harmoniemontreux.ch\/index.php\/portfolio-item\/fete-des-ecoles-montreux-28-06\/\" title='F\u00eate des \u00e9coles Montreux 28-06'  data-rel='grid-1' class='grid-image avia-hover-fx'> <img fetchpriority=\"high\" fetchpriority=\"high\" decoding=\"async\" fetchpriority=\"high\" width=\"260\" height=\"185\" src=\"https:\/\/harmoniemontreux.ch\/wp-content\/uploads\/2016\/07\/img_1277916269_99_lg-260x185.jpg\" class=\"wp-image-1767 avia-img-lazy-loading-not-1767 attachment-portfolio_small size-portfolio_small wp-post-image\" alt=\"\" srcset=\"https:\/\/harmoniemontreux.ch\/wp-content\/uploads\/2016\/07\/img_1277916269_99_lg-260x185.jpg 260w, https:\/\/harmoniemontreux.ch\/wp-content\/uploads\/2016\/07\/img_1277916269_99_lg-845x600.jpg 845w\" sizes=\"(max-width: 260px) 100vw, 260px\" \/><\/a><div class='grid-content'><div class='avia-arrow'><\/div><header class=\"entry-content-header\" aria-label=\"Portfolio : F\u00eate des \u00e9coles Montreux 28-06\"><h3 class='grid-entry-title entry-title '  itemprop=\"headline\" ><a href='https:\/\/harmoniemontreux.ch\/index.php\/portfolio-item\/fete-des-ecoles-montreux-28-06\/' title='F\u00eate des \u00e9coles Montreux 28-06'>F\u00eate des \u00e9coles Montreux 28-06<\/a><\/h3><\/header><\/div><footer class=\"entry-footer\"><\/footer><\/article><\/div><div data-ajax-id='1678' class=' grid-entry flex_column isotope-item all_sort no_margin post-entry post-entry-1678 grid-entry-overview grid-loop-88 grid-parity-even  echarpes-blanches-villeneuve-juin-2010_sort  av_one_sixth  default_av_fullwidth '><article class='main_color inner-entry'  itemscope=\"itemscope\" itemtype=\"https:\/\/schema.org\/CreativeWork\" ><a href=\"https:\/\/harmoniemontreux.ch\/index.php\/portfolio-item\/echarpes-blanches-villeneuve-juin-2010\/\" title='Echarpes Blanches Villeneuve juin 2010'  data-rel='grid-1' class='grid-image avia-hover-fx'> <img fetchpriority=\"high\" fetchpriority=\"high\" decoding=\"async\" fetchpriority=\"high\" width=\"260\" height=\"185\" src=\"https:\/\/harmoniemontreux.ch\/wp-content\/uploads\/2016\/07\/img_1277008903_305_lg-260x185.jpg\" class=\"wp-image-1727 avia-img-lazy-loading-not-1727 attachment-portfolio_small size-portfolio_small wp-post-image\" alt=\"\" \/><\/a><div class='grid-content'><div class='avia-arrow'><\/div><header class=\"entry-content-header\" aria-label=\"Portfolio : Echarpes Blanches Villeneuve juin 2010\"><h3 class='grid-entry-title entry-title '  itemprop=\"headline\" ><a href='https:\/\/harmoniemontreux.ch\/index.php\/portfolio-item\/echarpes-blanches-villeneuve-juin-2010\/' title='Echarpes Blanches Villeneuve juin 2010'>Echarpes Blanches Villeneuve juin 2010<\/a><\/h3><\/header><\/div><footer class=\"entry-footer\"><\/footer><\/article><\/div><div data-ajax-id='1648' class=' grid-entry flex_column isotope-item all_sort no_margin post-entry post-entry-1648 grid-entry-overview grid-loop-89 grid-parity-odd  giron-2010-lavey-les-bains13-juin-2010_sort  av_one_sixth  default_av_fullwidth '><article class='main_color inner-entry'  itemscope=\"itemscope\" itemtype=\"https:\/\/schema.org\/CreativeWork\" ><a href=\"https:\/\/harmoniemontreux.ch\/index.php\/portfolio-item\/giron-2010-lavey-les-bains13-juin-2010\/\" title='Giron 2010 Lavey-les-bains 13 juin 2010'  data-rel='grid-1' class='grid-image avia-hover-fx'> <img fetchpriority=\"high\" fetchpriority=\"high\" decoding=\"async\" fetchpriority=\"high\" width=\"260\" height=\"185\" src=\"https:\/\/harmoniemontreux.ch\/wp-content\/uploads\/2016\/07\/img_1276621553_435_lg-260x185.jpg\" class=\"wp-image-1675 avia-img-lazy-loading-not-1675 attachment-portfolio_small size-portfolio_small wp-post-image\" alt=\"\" srcset=\"https:\/\/harmoniemontreux.ch\/wp-content\/uploads\/2016\/07\/img_1276621553_435_lg-260x185.jpg 260w, https:\/\/harmoniemontreux.ch\/wp-content\/uploads\/2016\/07\/img_1276621553_435_lg-845x600.jpg 845w\" sizes=\"(max-width: 260px) 100vw, 260px\" \/><\/a><div class='grid-content'><div class='avia-arrow'><\/div><header class=\"entry-content-header\" aria-label=\"Portfolio : Giron 2010 Lavey-les-bains 13 juin 2010\"><h3 class='grid-entry-title entry-title '  itemprop=\"headline\" ><a href='https:\/\/harmoniemontreux.ch\/index.php\/portfolio-item\/giron-2010-lavey-les-bains13-juin-2010\/' title='Giron 2010 Lavey-les-bains 13 juin 2010'>Giron 2010 Lavey-les-bains 13 juin 2010<\/a><\/h3><\/header><\/div><footer class=\"entry-footer\"><\/footer><\/article><\/div><div data-ajax-id='1550' class=' grid-entry flex_column isotope-item all_sort no_margin post-entry post-entry-1550 grid-entry-overview grid-loop-90 grid-parity-even  soiree-annuelle-2010_sort  av_one_sixth  default_av_fullwidth '><article class='main_color inner-entry'  itemscope=\"itemscope\" itemtype=\"https:\/\/schema.org\/CreativeWork\" ><a href=\"https:\/\/harmoniemontreux.ch\/index.php\/portfolio-item\/soiree-annuelle-2010\/\" title='Soir\u00e9e Annuelle 2010'  data-rel='grid-1' class='grid-image avia-hover-fx'> <img fetchpriority=\"high\" fetchpriority=\"high\" decoding=\"async\" fetchpriority=\"high\" width=\"260\" height=\"185\" src=\"https:\/\/harmoniemontreux.ch\/wp-content\/uploads\/2016\/07\/img_1264333388_517_lg-260x185.jpg\" class=\"wp-image-1647 avia-img-lazy-loading-not-1647 attachment-portfolio_small size-portfolio_small wp-post-image\" alt=\"\" srcset=\"https:\/\/harmoniemontreux.ch\/wp-content\/uploads\/2016\/07\/img_1264333388_517_lg-260x185.jpg 260w, https:\/\/harmoniemontreux.ch\/wp-content\/uploads\/2016\/07\/img_1264333388_517_lg-845x600.jpg 845w\" sizes=\"(max-width: 260px) 100vw, 260px\" \/><\/a><div class='grid-content'><div class='avia-arrow'><\/div><header class=\"entry-content-header\" aria-label=\"Portfolio : Soir\u00e9e Annuelle 2010\"><h3 class='grid-entry-title entry-title '  itemprop=\"headline\" ><a href='https:\/\/harmoniemontreux.ch\/index.php\/portfolio-item\/soiree-annuelle-2010\/' title='Soir\u00e9e Annuelle 2010'>Soir\u00e9e Annuelle 2010<\/a><\/h3><\/header><\/div><footer class=\"entry-footer\"><\/footer><\/article><\/div><div data-ajax-id='1530' class=' grid-entry flex_column isotope-item all_sort no_margin post-entry post-entry-1530 grid-entry-overview grid-loop-91 grid-parity-odd  marche-de-noel-12-12-09_sort  av_one_sixth first default_av_fullwidth '><article class='main_color inner-entry'  itemscope=\"itemscope\" itemtype=\"https:\/\/schema.org\/CreativeWork\" ><a href=\"https:\/\/harmoniemontreux.ch\/index.php\/portfolio-item\/marche-de-noel-12-12-09\/\" title='March\u00e9 de No\u00ebl 12.12.09'  data-rel='grid-1' class='grid-image avia-hover-fx'> <img fetchpriority=\"high\" fetchpriority=\"high\" decoding=\"async\" fetchpriority=\"high\" width=\"260\" height=\"185\" src=\"https:\/\/harmoniemontreux.ch\/wp-content\/uploads\/2016\/07\/img_1260636250_817_lg-260x185.jpg\" class=\"wp-image-1549 avia-img-lazy-loading-not-1549 attachment-portfolio_small size-portfolio_small wp-post-image\" alt=\"\" \/><\/a><div class='grid-content'><div class='avia-arrow'><\/div><header class=\"entry-content-header\" aria-label=\"Portfolio : March\u00e9 de No\u00ebl 12.12.09\"><h3 class='grid-entry-title entry-title '  itemprop=\"headline\" ><a href='https:\/\/harmoniemontreux.ch\/index.php\/portfolio-item\/marche-de-noel-12-12-09\/' title='March\u00e9 de No\u00ebl 12.12.09'>March\u00e9 de No\u00ebl 12.12.09<\/a><\/h3><\/header><\/div><footer class=\"entry-footer\"><\/footer><\/article><\/div><div data-ajax-id='1429' class=' grid-entry flex_column isotope-item all_sort no_margin post-entry post-entry-1429 grid-entry-overview grid-loop-92 grid-parity-even  rallye-octobre-2009-aigle_sort  av_one_sixth  default_av_fullwidth '><article class='main_color inner-entry'  itemscope=\"itemscope\" itemtype=\"https:\/\/schema.org\/CreativeWork\" ><a href=\"https:\/\/harmoniemontreux.ch\/index.php\/portfolio-item\/rallye-octobre-2009-aigle\/\" title='Rallye octobre 2009 &#8211; Aigle'  data-rel='grid-1' class='grid-image avia-hover-fx'> <img fetchpriority=\"high\" fetchpriority=\"high\" decoding=\"async\" fetchpriority=\"high\" width=\"260\" height=\"185\" src=\"https:\/\/harmoniemontreux.ch\/wp-content\/uploads\/2016\/07\/img_1256583905_358_lg-260x185.jpg\" class=\"wp-image-1529 avia-img-lazy-loading-not-1529 attachment-portfolio_small size-portfolio_small wp-post-image\" alt=\"\" \/><\/a><div class='grid-content'><div class='avia-arrow'><\/div><header class=\"entry-content-header\" aria-label=\"Portfolio : Rallye octobre 2009 &#8211; Aigle\"><h3 class='grid-entry-title entry-title '  itemprop=\"headline\" ><a href='https:\/\/harmoniemontreux.ch\/index.php\/portfolio-item\/rallye-octobre-2009-aigle\/' title='Rallye octobre 2009 &#8211; Aigle'>Rallye octobre 2009 &#8211; Aigle<\/a><\/h3><\/header><\/div><footer class=\"entry-footer\"><\/footer><\/article><\/div><div data-ajax-id='1391' class=' grid-entry flex_column isotope-item all_sort no_margin post-entry post-entry-1391 grid-entry-overview grid-loop-93 grid-parity-odd  fetes-de-chernex-septembre-09_sort  av_one_sixth  default_av_fullwidth '><article class='main_color inner-entry'  itemscope=\"itemscope\" itemtype=\"https:\/\/schema.org\/CreativeWork\" ><a href=\"https:\/\/harmoniemontreux.ch\/index.php\/portfolio-item\/fetes-de-chernex-septembre-09\/\" title='F\u00eates de Chernex Septembre 09'  data-rel='grid-1' class='grid-image avia-hover-fx'> <img fetchpriority=\"high\" fetchpriority=\"high\" decoding=\"async\" fetchpriority=\"high\" width=\"260\" height=\"185\" src=\"https:\/\/harmoniemontreux.ch\/wp-content\/uploads\/2016\/07\/img_1253117538_729_lg-260x185.jpg\" class=\"wp-image-1428 avia-img-lazy-loading-not-1428 attachment-portfolio_small size-portfolio_small wp-post-image\" alt=\"\" srcset=\"https:\/\/harmoniemontreux.ch\/wp-content\/uploads\/2016\/07\/img_1253117538_729_lg-260x185.jpg 260w, https:\/\/harmoniemontreux.ch\/wp-content\/uploads\/2016\/07\/img_1253117538_729_lg-845x599.jpg 845w\" sizes=\"(max-width: 260px) 100vw, 260px\" \/><\/a><div class='grid-content'><div class='avia-arrow'><\/div><header class=\"entry-content-header\" aria-label=\"Portfolio : F\u00eates de Chernex Septembre 09\"><h3 class='grid-entry-title entry-title '  itemprop=\"headline\" ><a href='https:\/\/harmoniemontreux.ch\/index.php\/portfolio-item\/fetes-de-chernex-septembre-09\/' title='F\u00eates de Chernex Septembre 09'>F\u00eates de Chernex Septembre 09<\/a><\/h3><\/header><\/div><footer class=\"entry-footer\"><\/footer><\/article><\/div><div data-ajax-id='1320' class=' grid-entry flex_column isotope-item all_sort no_margin post-entry post-entry-1320 grid-entry-overview grid-loop-94 grid-parity-even  1er-aout-2009_sort  av_one_sixth  default_av_fullwidth '><article class='main_color inner-entry'  itemscope=\"itemscope\" itemtype=\"https:\/\/schema.org\/CreativeWork\" ><a href=\"https:\/\/harmoniemontreux.ch\/index.php\/portfolio-item\/1er-aout-2009\/\" title='1er Ao\u00c3\u00bbt 2009'  data-rel='grid-1' class='grid-image avia-hover-fx'> <img fetchpriority=\"high\" fetchpriority=\"high\" decoding=\"async\" fetchpriority=\"high\" width=\"260\" height=\"185\" src=\"https:\/\/harmoniemontreux.ch\/wp-content\/uploads\/2016\/07\/img_1249410949_824_lg-260x185.jpg\" class=\"wp-image-1390 avia-img-lazy-loading-not-1390 attachment-portfolio_small size-portfolio_small wp-post-image\" alt=\"\" srcset=\"https:\/\/harmoniemontreux.ch\/wp-content\/uploads\/2016\/07\/img_1249410949_824_lg-260x185.jpg 260w, https:\/\/harmoniemontreux.ch\/wp-content\/uploads\/2016\/07\/img_1249410949_824_lg-525x375.jpg 525w\" sizes=\"(max-width: 260px) 100vw, 260px\" \/><\/a><div class='grid-content'><div class='avia-arrow'><\/div><header class=\"entry-content-header\" aria-label=\"Portfolio : 1er Ao\u00c3\u00bbt 2009\"><h3 class='grid-entry-title entry-title '  itemprop=\"headline\" ><a href='https:\/\/harmoniemontreux.ch\/index.php\/portfolio-item\/1er-aout-2009\/' title='1er Ao\u00c3\u00bbt 2009'>1er Ao\u00c3\u00bbt 2009<\/a><\/h3><\/header><\/div><footer class=\"entry-footer\"><\/footer><\/article><\/div><div data-ajax-id='1140' class=' grid-entry flex_column isotope-item all_sort no_margin post-entry post-entry-1140 grid-entry-overview grid-loop-95 grid-parity-odd  cantonale-montreux-1-au-4-mai_sort  av_one_sixth  default_av_fullwidth '><article class='main_color inner-entry'  itemscope=\"itemscope\" itemtype=\"https:\/\/schema.org\/CreativeWork\" ><a href=\"https:\/\/harmoniemontreux.ch\/index.php\/portfolio-item\/cantonale-montreux-1-au-4-mai\/\" title='Cantonale Montreux 1 au 4 Mai'  data-rel='grid-1' class='grid-image avia-hover-fx'> <img fetchpriority=\"high\" fetchpriority=\"high\" decoding=\"async\" fetchpriority=\"high\" width=\"260\" height=\"185\" src=\"https:\/\/harmoniemontreux.ch\/wp-content\/uploads\/2016\/07\/img_1248505956_624_lg-260x185.jpg\" class=\"wp-image-1319 avia-img-lazy-loading-not-1319 attachment-portfolio_small size-portfolio_small wp-post-image\" alt=\"\" \/><\/a><div class='grid-content'><div class='avia-arrow'><\/div><header class=\"entry-content-header\" aria-label=\"Portfolio : Cantonale Montreux 1 au 4 Mai\"><h3 class='grid-entry-title entry-title '  itemprop=\"headline\" ><a href='https:\/\/harmoniemontreux.ch\/index.php\/portfolio-item\/cantonale-montreux-1-au-4-mai\/' title='Cantonale Montreux 1 au 4 Mai'>Cantonale Montreux 1 au 4 Mai<\/a><\/h3><\/header><\/div><footer class=\"entry-footer\"><\/footer><\/article><\/div><div data-ajax-id='1127' class=' grid-entry flex_column isotope-item all_sort no_margin post-entry post-entry-1127 grid-entry-overview grid-loop-96 grid-parity-even  kiosque-a-musique-casino-avril_sort  av_one_sixth  default_av_fullwidth '><article class='main_color inner-entry'  itemscope=\"itemscope\" itemtype=\"https:\/\/schema.org\/CreativeWork\" ><a href=\"https:\/\/harmoniemontreux.ch\/index.php\/portfolio-item\/kiosque-a-musique-casino-avril\/\" title='Kiosque \u00c3\u00a0 Musique Casino Avril'  data-rel='grid-1' class='grid-image avia-hover-fx'> <img fetchpriority=\"high\" fetchpriority=\"high\" decoding=\"async\" fetchpriority=\"high\" width=\"260\" height=\"185\" src=\"https:\/\/harmoniemontreux.ch\/wp-content\/uploads\/2016\/07\/img_1248461748_279_lg-260x185.jpg\" class=\"wp-image-1139 avia-img-lazy-loading-not-1139 attachment-portfolio_small size-portfolio_small wp-post-image\" alt=\"\" srcset=\"https:\/\/harmoniemontreux.ch\/wp-content\/uploads\/2016\/07\/img_1248461748_279_lg-260x185.jpg 260w, https:\/\/harmoniemontreux.ch\/wp-content\/uploads\/2016\/07\/img_1248461748_279_lg-845x600.jpg 845w\" sizes=\"(max-width: 260px) 100vw, 260px\" \/><\/a><div class='grid-content'><div class='avia-arrow'><\/div><header class=\"entry-content-header\" aria-label=\"Portfolio : Kiosque \u00c3\u00a0 Musique Casino Avril\"><h3 class='grid-entry-title entry-title '  itemprop=\"headline\" ><a href='https:\/\/harmoniemontreux.ch\/index.php\/portfolio-item\/kiosque-a-musique-casino-avril\/' title='Kiosque \u00c3\u00a0 Musique Casino Avril'>Kiosque \u00c3\u00a0 Musique Casino Avril<\/a><\/h3><\/header><\/div><footer class=\"entry-footer\"><\/footer><\/article><\/div><div data-ajax-id='1060' class=' grid-entry flex_column isotope-item all_sort no_margin post-entry post-entry-1060 grid-entry-overview grid-loop-97 grid-parity-odd  souper-des-benevoles-fete-cantonale-roche-novembre_sort  av_one_sixth first default_av_fullwidth '><article class='main_color inner-entry'  itemscope=\"itemscope\" itemtype=\"https:\/\/schema.org\/CreativeWork\" ><a href=\"https:\/\/harmoniemontreux.ch\/index.php\/portfolio-item\/souper-des-benevoles-fete-cantonale-roche-novembre\/\" title='Souper des b\u00e9n\u00e9voles f\u00eate cantonale Roche novembre'  data-rel='grid-1' class='grid-image avia-hover-fx'> <img fetchpriority=\"high\" fetchpriority=\"high\" decoding=\"async\" fetchpriority=\"high\" width=\"260\" height=\"185\" src=\"https:\/\/harmoniemontreux.ch\/wp-content\/uploads\/2016\/07\/img_1248460000_857_lg-260x185.jpg\" class=\"wp-image-1126 avia-img-lazy-loading-not-1126 attachment-portfolio_small size-portfolio_small wp-post-image\" alt=\"\" \/><\/a><div class='grid-content'><div class='avia-arrow'><\/div><header class=\"entry-content-header\" aria-label=\"Portfolio : Souper des b\u00e9n\u00e9voles f\u00eate cantonale Roche novembre\"><h3 class='grid-entry-title entry-title '  itemprop=\"headline\" ><a href='https:\/\/harmoniemontreux.ch\/index.php\/portfolio-item\/souper-des-benevoles-fete-cantonale-roche-novembre\/' title='Souper des b\u00e9n\u00e9voles f\u00eate cantonale Roche novembre'>Souper des b\u00e9n\u00e9voles f\u00eate cantonale Roche novembre<\/a><\/h3><\/header><\/div><footer class=\"entry-footer\"><\/footer><\/article><\/div><div data-ajax-id='1047' class=' grid-entry flex_column isotope-item all_sort no_margin post-entry post-entry-1047 grid-entry-overview grid-loop-98 grid-parity-even  marche-de-noel_sort  av_one_sixth  default_av_fullwidth '><article class='main_color inner-entry'  itemscope=\"itemscope\" itemtype=\"https:\/\/schema.org\/CreativeWork\" ><a href=\"https:\/\/harmoniemontreux.ch\/index.php\/portfolio-item\/marche-de-noel\/\" title='March\u00e9 de No\u00ebl'  data-rel='grid-1' class='grid-image avia-hover-fx'> <img fetchpriority=\"high\" fetchpriority=\"high\" decoding=\"async\" fetchpriority=\"high\" width=\"260\" height=\"185\" src=\"https:\/\/harmoniemontreux.ch\/wp-content\/uploads\/2016\/07\/img_1248206899_33_lg-260x185.jpg\" class=\"wp-image-1057 avia-img-lazy-loading-not-1057 attachment-portfolio_small size-portfolio_small wp-post-image\" alt=\"\" \/><\/a><div class='grid-content'><div class='avia-arrow'><\/div><header class=\"entry-content-header\" aria-label=\"Portfolio : March\u00e9 de No\u00ebl\"><h3 class='grid-entry-title entry-title '  itemprop=\"headline\" ><a href='https:\/\/harmoniemontreux.ch\/index.php\/portfolio-item\/marche-de-noel\/' title='March\u00e9 de No\u00ebl'>March\u00e9 de No\u00ebl<\/a><\/h3><\/header><\/div><footer class=\"entry-footer\"><\/footer><\/article><\/div><div data-ajax-id='1010' class=' grid-entry flex_column isotope-item all_sort no_margin post-entry post-entry-1010 grid-entry-overview grid-loop-99 grid-parity-odd  rimini_sort  av_one_sixth  default_av_fullwidth '><article class='main_color inner-entry'  itemscope=\"itemscope\" itemtype=\"https:\/\/schema.org\/CreativeWork\" ><a href=\"https:\/\/harmoniemontreux.ch\/index.php\/portfolio-item\/rimini\/\" title='Rimini'  data-rel='grid-1' class='grid-image avia-hover-fx'> <img fetchpriority=\"high\" fetchpriority=\"high\" decoding=\"async\" fetchpriority=\"high\" width=\"260\" height=\"185\" src=\"https:\/\/harmoniemontreux.ch\/wp-content\/uploads\/2016\/07\/img_1260352555_408_lg-260x185.jpg\" class=\"wp-image-1046 avia-img-lazy-loading-not-1046 attachment-portfolio_small size-portfolio_small wp-post-image\" alt=\"\" \/><\/a><div class='grid-content'><div class='avia-arrow'><\/div><header class=\"entry-content-header\" aria-label=\"Portfolio : Rimini\"><h3 class='grid-entry-title entry-title '  itemprop=\"headline\" ><a href='https:\/\/harmoniemontreux.ch\/index.php\/portfolio-item\/rimini\/' title='Rimini'>Rimini<\/a><\/h3><\/header><\/div><footer class=\"entry-footer\"><\/footer><\/article><\/div><div data-ajax-id='995' class=' grid-entry flex_column isotope-item all_sort no_margin post-entry post-entry-995 grid-entry-overview grid-loop-100 grid-parity-even  fete-des-jubilaires-bussigny-22-mars_sort  av_one_sixth  default_av_fullwidth '><article class='main_color inner-entry'  itemscope=\"itemscope\" itemtype=\"https:\/\/schema.org\/CreativeWork\" ><a href=\"https:\/\/harmoniemontreux.ch\/index.php\/portfolio-item\/fete-des-jubilaires-bussigny-22-mars\/\" title='F\u00eate des Jubilaires Bussigny 22 Mars'  data-rel='grid-1' class='grid-image avia-hover-fx'> <img fetchpriority=\"high\" fetchpriority=\"high\" decoding=\"async\" fetchpriority=\"high\" width=\"260\" height=\"185\" src=\"https:\/\/harmoniemontreux.ch\/wp-content\/uploads\/2016\/07\/img_1248121146_439_lg-260x185.jpg\" class=\"wp-image-1009 avia-img-lazy-loading-not-1009 attachment-portfolio_small size-portfolio_small wp-post-image\" alt=\"\" srcset=\"https:\/\/harmoniemontreux.ch\/wp-content\/uploads\/2016\/07\/img_1248121146_439_lg-260x185.jpg 260w, https:\/\/harmoniemontreux.ch\/wp-content\/uploads\/2016\/07\/img_1248121146_439_lg-525x375.jpg 525w\" sizes=\"(max-width: 260px) 100vw, 260px\" \/><\/a><div class='grid-content'><div class='avia-arrow'><\/div><header class=\"entry-content-header\" aria-label=\"Portfolio : F\u00eate des Jubilaires Bussigny 22 Mars\"><h3 class='grid-entry-title entry-title '  itemprop=\"headline\" ><a href='https:\/\/harmoniemontreux.ch\/index.php\/portfolio-item\/fete-des-jubilaires-bussigny-22-mars\/' title='F\u00eate des Jubilaires Bussigny 22 Mars'>F\u00eate des Jubilaires Bussigny 22 Mars<\/a><\/h3><\/header><\/div><footer class=\"entry-footer\"><\/footer><\/article><\/div><div data-ajax-id='959' class=' grid-entry flex_column isotope-item all_sort no_margin post-entry post-entry-959 grid-entry-overview grid-loop-101 grid-parity-odd  souper-du-comite-au-bouveret-6-juin-2009_sort  av_one_sixth  default_av_fullwidth '><article class='main_color inner-entry'  itemscope=\"itemscope\" itemtype=\"https:\/\/schema.org\/CreativeWork\" ><a href=\"https:\/\/harmoniemontreux.ch\/index.php\/portfolio-item\/souper-du-comite-au-bouveret-6-juin-2009\/\" title='Souper du Comit\u00e9 au bouveret 6 juin 2009'  data-rel='grid-1' class='grid-image avia-hover-fx'> <img fetchpriority=\"high\" fetchpriority=\"high\" decoding=\"async\" fetchpriority=\"high\" width=\"260\" height=\"185\" src=\"https:\/\/harmoniemontreux.ch\/wp-content\/uploads\/2016\/07\/img_1248102514_807_lg-260x185.jpg\" class=\"wp-image-960 avia-img-lazy-loading-not-960 attachment-portfolio_small size-portfolio_small wp-post-image\" alt=\"\" \/><\/a><div class='grid-content'><div class='avia-arrow'><\/div><header class=\"entry-content-header\" aria-label=\"Portfolio : Souper du Comit\u00e9 au bouveret 6 juin 2009\"><h3 class='grid-entry-title entry-title '  itemprop=\"headline\" ><a href='https:\/\/harmoniemontreux.ch\/index.php\/portfolio-item\/souper-du-comite-au-bouveret-6-juin-2009\/' title='Souper du Comit\u00e9 au bouveret 6 juin 2009'>Souper du Comit\u00e9 au bouveret 6 juin 2009<\/a><\/h3><\/header><\/div><footer class=\"entry-footer\"><\/footer><\/article><\/div><div data-ajax-id='935' class=' grid-entry flex_column isotope-item all_sort no_margin post-entry post-entry-935 grid-entry-overview grid-loop-102 grid-parity-even  foire-de-brent_sort  av_one_sixth  default_av_fullwidth '><article class='main_color inner-entry'  itemscope=\"itemscope\" itemtype=\"https:\/\/schema.org\/CreativeWork\" ><a href=\"https:\/\/harmoniemontreux.ch\/index.php\/portfolio-item\/foire-de-brent\/\" title='Foire de Brent'  data-rel='grid-1' class='grid-image avia-hover-fx'> <img fetchpriority=\"high\" fetchpriority=\"high\" decoding=\"async\" fetchpriority=\"high\" width=\"260\" height=\"185\" src=\"https:\/\/harmoniemontreux.ch\/wp-content\/uploads\/2016\/07\/img_1248083850_59_lg-260x185.jpg\" class=\"wp-image-936 avia-img-lazy-loading-not-936 attachment-portfolio_small size-portfolio_small wp-post-image\" alt=\"\" \/><\/a><div class='grid-content'><div class='avia-arrow'><\/div><header class=\"entry-content-header\" aria-label=\"Portfolio : Foire de Brent\"><h3 class='grid-entry-title entry-title '  itemprop=\"headline\" ><a href='https:\/\/harmoniemontreux.ch\/index.php\/portfolio-item\/foire-de-brent\/' title='Foire de Brent'>Foire de Brent<\/a><\/h3><\/header><\/div><footer class=\"entry-footer\"><\/footer><\/article><\/div><div data-ajax-id='897' class=' grid-entry flex_column isotope-item all_sort no_margin post-entry post-entry-897 grid-entry-overview grid-loop-103 grid-parity-odd  concert-otm-25-juin_sort  av_one_sixth first default_av_fullwidth '><article class='main_color inner-entry'  itemscope=\"itemscope\" itemtype=\"https:\/\/schema.org\/CreativeWork\" ><a href=\"https:\/\/harmoniemontreux.ch\/index.php\/portfolio-item\/concert-otm-25-juin\/\" title='Concert OTM 25 juin'  data-rel='grid-1' class='grid-image avia-hover-fx'> <img fetchpriority=\"high\" fetchpriority=\"high\" decoding=\"async\" fetchpriority=\"high\" width=\"260\" height=\"185\" src=\"https:\/\/harmoniemontreux.ch\/wp-content\/uploads\/2016\/07\/img_1248118431_482_lg-260x185.jpg\" class=\"wp-image-898 avia-img-lazy-loading-not-898 attachment-portfolio_small size-portfolio_small wp-post-image\" alt=\"\" srcset=\"https:\/\/harmoniemontreux.ch\/wp-content\/uploads\/2016\/07\/img_1248118431_482_lg-260x185.jpg 260w, https:\/\/harmoniemontreux.ch\/wp-content\/uploads\/2016\/07\/img_1248118431_482_lg-845x602.jpg 845w\" sizes=\"(max-width: 260px) 100vw, 260px\" \/><\/a><div class='grid-content'><div class='avia-arrow'><\/div><header class=\"entry-content-header\" aria-label=\"Portfolio : Concert OTM 25 juin\"><h3 class='grid-entry-title entry-title '  itemprop=\"headline\" ><a href='https:\/\/harmoniemontreux.ch\/index.php\/portfolio-item\/concert-otm-25-juin\/' title='Concert OTM 25 juin'>Concert OTM 25 juin<\/a><\/h3><\/header><\/div><footer class=\"entry-footer\"><\/footer><\/article><\/div><div data-ajax-id='782' class=' grid-entry flex_column isotope-item all_sort no_margin post-entry post-entry-782 grid-entry-overview grid-loop-104 grid-parity-even  post-entry-last  giron-noville_sort  av_one_sixth  default_av_fullwidth '><article class='main_color inner-entry'  itemscope=\"itemscope\" itemtype=\"https:\/\/schema.org\/CreativeWork\" ><a href=\"https:\/\/harmoniemontreux.ch\/index.php\/portfolio-item\/giron-noville\/\" title='Giron Noville'  data-rel='grid-1' class='grid-image avia-hover-fx'> <img fetchpriority=\"high\" fetchpriority=\"high\" decoding=\"async\" fetchpriority=\"high\" width=\"260\" height=\"185\" src=\"https:\/\/harmoniemontreux.ch\/wp-content\/uploads\/2016\/07\/img_1248118429_679_lg-260x185.jpg\" class=\"wp-image-883 avia-img-lazy-loading-not-883 attachment-portfolio_small size-portfolio_small wp-post-image\" alt=\"\" srcset=\"https:\/\/harmoniemontreux.ch\/wp-content\/uploads\/2016\/07\/img_1248118429_679_lg-260x185.jpg 260w, https:\/\/harmoniemontreux.ch\/wp-content\/uploads\/2016\/07\/img_1248118429_679_lg-845x602.jpg 845w\" sizes=\"(max-width: 260px) 100vw, 260px\" \/><\/a><div class='grid-content'><div class='avia-arrow'><\/div><header class=\"entry-content-header\" aria-label=\"Portfolio : Giron Noville\"><h3 class='grid-entry-title entry-title '  itemprop=\"headline\" ><a href='https:\/\/harmoniemontreux.ch\/index.php\/portfolio-item\/giron-noville\/' title='Giron Noville'>Giron Noville<\/a><\/h3><\/header><\/div><footer class=\"entry-footer\"><\/footer><\/article><\/div><\/div>\n","protected":false},"excerpt":{"rendered":"","protected":false},"author":1,"featured_media":0,"parent":0,"menu_order":0,"comment_status":"closed","ping_status":"closed","template":"","meta":{"footnotes":""},"class_list":["post-15","page","type-page","status-publish","hentry"],"yoast_head":"<!-- This site is optimized with the Yoast SEO plugin v28.4 - https:\/\/yoast.com\/product\/yoast-seo-wordpress\/ -->\n<title>GALERIE - CMMC Harmonie Montreux<\/title>\n<meta name=\"robots\" content=\"index, follow, max-snippet:-1, max-image-preview:large, max-video-preview:-1\" \/>\n<link rel=\"canonical\" href=\"https:\/\/harmoniemontreux.ch\/index.php\/galerie\/\" \/>\n<meta property=\"og:locale\" content=\"fr_FR\" \/>\n<meta property=\"og:type\" content=\"article\" \/>\n<meta property=\"og:title\" content=\"GALERIE - CMMC Harmonie Montreux\" \/>\n<meta property=\"og:url\" content=\"https:\/\/harmoniemontreux.ch\/index.php\/galerie\/\" \/>\n<meta property=\"og:site_name\" content=\"CMMC Harmonie Montreux\" \/>\n<meta property=\"article:publisher\" content=\"https:\/\/www.facebook.com\/groups\/1606446626347473\" \/>\n<meta property=\"article:modified_time\" content=\"2020-02-02T17:03:13+00:00\" \/>\n<meta name=\"twitter:card\" content=\"summary_large_image\" \/>\n<script type=\"application\/ld+json\" class=\"yoast-schema-graph\">{\"@context\":\"https:\\\/\\\/schema.org\",\"@graph\":[{\"@type\":\"WebPage\",\"@id\":\"https:\\\/\\\/harmoniemontreux.ch\\\/index.php\\\/galerie\\\/\",\"url\":\"https:\\\/\\\/harmoniemontreux.ch\\\/index.php\\\/galerie\\\/\",\"name\":\"GALERIE - CMMC Harmonie Montreux\",\"isPartOf\":{\"@id\":\"https:\\\/\\\/harmoniemontreux.ch\\\/#website\"},\"datePublished\":\"2016-04-25T16:06:56+00:00\",\"dateModified\":\"2020-02-02T17:03:13+00:00\",\"breadcrumb\":{\"@id\":\"https:\\\/\\\/harmoniemontreux.ch\\\/index.php\\\/galerie\\\/#breadcrumb\"},\"inLanguage\":\"fr-FR\",\"potentialAction\":[{\"@type\":\"ReadAction\",\"target\":[\"https:\\\/\\\/harmoniemontreux.ch\\\/index.php\\\/galerie\\\/\"]}]},{\"@type\":\"BreadcrumbList\",\"@id\":\"https:\\\/\\\/harmoniemontreux.ch\\\/index.php\\\/galerie\\\/#breadcrumb\",\"itemListElement\":[{\"@type\":\"ListItem\",\"position\":1,\"name\":\"Accueil\",\"item\":\"https:\\\/\\\/harmoniemontreux.ch\\\/\"},{\"@type\":\"ListItem\",\"position\":2,\"name\":\"GALERIE\"}]},{\"@type\":\"WebSite\",\"@id\":\"https:\\\/\\\/harmoniemontreux.ch\\\/#website\",\"url\":\"https:\\\/\\\/harmoniemontreux.ch\\\/\",\"name\":\"CMMC Harmonie Montreux\",\"description\":\"Corps de Musique de Montreux-Clarens\",\"publisher\":{\"@id\":\"https:\\\/\\\/harmoniemontreux.ch\\\/#organization\"},\"potentialAction\":[{\"@type\":\"SearchAction\",\"target\":{\"@type\":\"EntryPoint\",\"urlTemplate\":\"https:\\\/\\\/harmoniemontreux.ch\\\/?s={search_term_string}\"},\"query-input\":{\"@type\":\"PropertyValueSpecification\",\"valueRequired\":true,\"valueName\":\"search_term_string\"}}],\"inLanguage\":\"fr-FR\"},{\"@type\":\"Organization\",\"@id\":\"https:\\\/\\\/harmoniemontreux.ch\\\/#organization\",\"name\":\"CMMC Harmonie Montreux\",\"url\":\"https:\\\/\\\/harmoniemontreux.ch\\\/\",\"logo\":{\"@type\":\"ImageObject\",\"inLanguage\":\"fr-FR\",\"@id\":\"https:\\\/\\\/harmoniemontreux.ch\\\/#\\\/schema\\\/logo\\\/image\\\/\",\"url\":\"https:\\\/\\\/harmoniemontreux.ch\\\/wp-content\\\/uploads\\\/2025\\\/08\\\/logo_harmonie_montreux_cmmc_web-mini.png\",\"contentUrl\":\"https:\\\/\\\/harmoniemontreux.ch\\\/wp-content\\\/uploads\\\/2025\\\/08\\\/logo_harmonie_montreux_cmmc_web-mini.png\",\"width\":167,\"height\":167,\"caption\":\"CMMC Harmonie Montreux\"},\"image\":{\"@id\":\"https:\\\/\\\/harmoniemontreux.ch\\\/#\\\/schema\\\/logo\\\/image\\\/\"},\"sameAs\":[\"https:\\\/\\\/www.facebook.com\\\/groups\\\/1606446626347473\",\"https:\\\/\\\/www.instagram.com\\\/cmmc_harmoniemontreux\\\/\"]}]}<\/script>\n<!-- \/ Yoast SEO plugin. -->","yoast_head_json":{"title":"GALERIE - CMMC Harmonie Montreux","robots":{"index":"index","follow":"follow","max-snippet":"max-snippet:-1","max-image-preview":"max-image-preview:large","max-video-preview":"max-video-preview:-1"},"canonical":"https:\/\/harmoniemontreux.ch\/index.php\/galerie\/","og_locale":"fr_FR","og_type":"article","og_title":"GALERIE - CMMC Harmonie Montreux","og_url":"https:\/\/harmoniemontreux.ch\/index.php\/galerie\/","og_site_name":"CMMC Harmonie Montreux","article_publisher":"https:\/\/www.facebook.com\/groups\/1606446626347473","article_modified_time":"2020-02-02T17:03:13+00:00","twitter_card":"summary_large_image","schema":{"@context":"https:\/\/schema.org","@graph":[{"@type":"WebPage","@id":"https:\/\/harmoniemontreux.ch\/index.php\/galerie\/","url":"https:\/\/harmoniemontreux.ch\/index.php\/galerie\/","name":"GALERIE - CMMC Harmonie Montreux","isPartOf":{"@id":"https:\/\/harmoniemontreux.ch\/#website"},"datePublished":"2016-04-25T16:06:56+00:00","dateModified":"2020-02-02T17:03:13+00:00","breadcrumb":{"@id":"https:\/\/harmoniemontreux.ch\/index.php\/galerie\/#breadcrumb"},"inLanguage":"fr-FR","potentialAction":[{"@type":"ReadAction","target":["https:\/\/harmoniemontreux.ch\/index.php\/galerie\/"]}]},{"@type":"BreadcrumbList","@id":"https:\/\/harmoniemontreux.ch\/index.php\/galerie\/#breadcrumb","itemListElement":[{"@type":"ListItem","position":1,"name":"Accueil","item":"https:\/\/harmoniemontreux.ch\/"},{"@type":"ListItem","position":2,"name":"GALERIE"}]},{"@type":"WebSite","@id":"https:\/\/harmoniemontreux.ch\/#website","url":"https:\/\/harmoniemontreux.ch\/","name":"CMMC Harmonie Montreux","description":"Corps de Musique de Montreux-Clarens","publisher":{"@id":"https:\/\/harmoniemontreux.ch\/#organization"},"potentialAction":[{"@type":"SearchAction","target":{"@type":"EntryPoint","urlTemplate":"https:\/\/harmoniemontreux.ch\/?s={search_term_string}"},"query-input":{"@type":"PropertyValueSpecification","valueRequired":true,"valueName":"search_term_string"}}],"inLanguage":"fr-FR"},{"@type":"Organization","@id":"https:\/\/harmoniemontreux.ch\/#organization","name":"CMMC Harmonie Montreux","url":"https:\/\/harmoniemontreux.ch\/","logo":{"@type":"ImageObject","inLanguage":"fr-FR","@id":"https:\/\/harmoniemontreux.ch\/#\/schema\/logo\/image\/","url":"https:\/\/harmoniemontreux.ch\/wp-content\/uploads\/2025\/08\/logo_harmonie_montreux_cmmc_web-mini.png","contentUrl":"https:\/\/harmoniemontreux.ch\/wp-content\/uploads\/2025\/08\/logo_harmonie_montreux_cmmc_web-mini.png","width":167,"height":167,"caption":"CMMC Harmonie Montreux"},"image":{"@id":"https:\/\/harmoniemontreux.ch\/#\/schema\/logo\/image\/"},"sameAs":["https:\/\/www.facebook.com\/groups\/1606446626347473","https:\/\/www.instagram.com\/cmmc_harmoniemontreux\/"]}]}},"_links":{"self":[{"href":"https:\/\/harmoniemontreux.ch\/index.php\/wp-json\/wp\/v2\/pages\/15","targetHints":{"allow":["GET"]}}],"collection":[{"href":"https:\/\/harmoniemontreux.ch\/index.php\/wp-json\/wp\/v2\/pages"}],"about":[{"href":"https:\/\/harmoniemontreux.ch\/index.php\/wp-json\/wp\/v2\/types\/page"}],"author":[{"embeddable":true,"href":"https:\/\/harmoniemontreux.ch\/index.php\/wp-json\/wp\/v2\/users\/1"}],"replies":[{"embeddable":true,"href":"https:\/\/harmoniemontreux.ch\/index.php\/wp-json\/wp\/v2\/comments?post=15"}],"version-history":[{"count":64,"href":"https:\/\/harmoniemontreux.ch\/index.php\/wp-json\/wp\/v2\/pages\/15\/revisions"}],"predecessor-version":[{"id":8327,"href":"https:\/\/harmoniemontreux.ch\/index.php\/wp-json\/wp\/v2\/pages\/15\/revisions\/8327"}],"wp:attachment":[{"href":"https:\/\/harmoniemontreux.ch\/index.php\/wp-json\/wp\/v2\/media?parent=15"}],"curies":[{"name":"wp","href":"https:\/\/api.w.org\/{rel}","templated":true}]}}